{"id":36,"date":"2021-08-11T10:50:46","date_gmt":"2021-08-11T08:50:46","guid":{"rendered":"https:\/\/www.wobcom.de\/geschaeftskunden\/?page_id=36"},"modified":"2025-03-14T15:02:22","modified_gmt":"2025-03-14T14:02:22","slug":"service-news","status":"publish","type":"page","link":"https:\/\/www.wobcom.de\/geschaeftskunden\/service-news\/","title":{"rendered":"Service &amp; News"},"content":{"rendered":"\t\t<div data-elementor-type=\"wp-page\" data-elementor-id=\"36\" class=\"elementor elementor-36\" data-elementor-post-type=\"page\">\n\t\t\t\t\t\t<section class=\"elementor-section elementor-top-section elementor-element elementor-element-a8a3ce7 elementor-section-boxed elementor-section-height-default elementor-section-height-default\" data-id=\"a8a3ce7\" data-element_type=\"section\" data-e-type=\"section\">\n\t\t\t\t\t\t<div class=\"elementor-container elementor-column-gap-default\">\n\t\t\t\t\t<div class=\"elementor-column elementor-col-100 elementor-top-column elementor-element elementor-element-40ec481\" data-id=\"40ec481\" data-element_type=\"column\" data-e-type=\"column\">\n\t\t\t<div class=\"elementor-widget-wrap elementor-element-populated\">\n\t\t\t\t\t\t<div class=\"elementor-element elementor-element-07c95fd elementor-widget elementor-widget-template\" data-id=\"07c95fd\" data-element_type=\"widget\" data-e-type=\"widget\" data-widget_type=\"template.default\">\n\t\t\t\t<div class=\"elementor-widget-container\">\n\t\t\t\t\t\t\t<div class=\"elementor-template\">\n\t\t\t\t\t<div data-elementor-type=\"section\" data-elementor-id=\"175\" class=\"elementor elementor-175\" data-elementor-post-type=\"elementor_library\">\n\t\t\t\t\t<section class=\"elementor-section elementor-top-section elementor-element elementor-element-f2fb4f8 elementor-section-boxed elementor-section-height-default elementor-section-height-default\" data-id=\"f2fb4f8\" data-element_type=\"section\" data-e-type=\"section\" id=\"contact-help\">\n\t\t\t\t\t\t<div class=\"elementor-container elementor-column-gap-custom\">\n\t\t\t\t\t<div class=\"elementor-column elementor-col-25 elementor-top-column elementor-element elementor-element-2779c81f\" data-id=\"2779c81f\" data-element_type=\"column\" data-e-type=\"column\">\n\t\t\t<div class=\"elementor-widget-wrap elementor-element-populated\">\n\t\t\t\t\t\t<div class=\"elementor-element elementor-element-e6142c3 elementor-widget elementor-widget-heading\" data-id=\"e6142c3\" data-element_type=\"widget\" data-e-type=\"widget\" data-widget_type=\"heading.default\">\n\t\t\t\t<div class=\"elementor-widget-container\">\n\t\t\t\t\t<h2 class=\"elementor-heading-title elementor-size-default\">Schneller Kontakt f\u00fcr schnelle Antworten<\/h2>\t\t\t\t<\/div>\n\t\t\t\t<\/div>\n\t\t\t\t<section class=\"elementor-section elementor-inner-section elementor-element elementor-element-acacb96 elementor-section-boxed elementor-section-height-default elementor-section-height-default\" data-id=\"acacb96\" data-element_type=\"section\" data-e-type=\"section\">\n\t\t\t\t\t\t<div class=\"elementor-container elementor-column-gap-default\">\n\t\t\t\t\t<div class=\"elementor-column elementor-col-100 elementor-inner-column elementor-element elementor-element-ce36162\" data-id=\"ce36162\" data-element_type=\"column\" data-e-type=\"column\">\n\t\t\t<div class=\"elementor-widget-wrap elementor-element-populated\">\n\t\t\t\t\t\t<div class=\"elementor-element elementor-element-30c4ab6a elementor-widget elementor-widget-arrow-link-animation\" data-id=\"30c4ab6a\" data-element_type=\"widget\" data-e-type=\"widget\" data-widget_type=\"arrow-link-animation.default\">\n\t\t\t\t<div class=\"elementor-widget-container\">\n\t\t\t\t\t        <a class=\"hover-arrow fw-500 font-family-medium\" role=\"button\"\n           href=\"https:\/\/www.wobcom.de\/geschaeftskunden\/service-news\/kontakt\/\"\n                                   title=\"Kontaktformular\" aria-label=\"Kontaktformular\">\n            Kontaktformular        <\/a>\n        \t\t\t\t<\/div>\n\t\t\t\t<\/div>\n\t\t\t\t<div class=\"elementor-element elementor-element-7853237f elementor-list-item-link-inline elementor-icon-list--layout-traditional elementor-widget elementor-widget-icon-list\" data-id=\"7853237f\" data-element_type=\"widget\" data-e-type=\"widget\" data-widget_type=\"icon-list.default\">\n\t\t\t\t<div class=\"elementor-widget-container\">\n\t\t\t\t\t\t\t<ul class=\"elementor-icon-list-items\">\n\t\t\t\t\t\t\t<li class=\"elementor-icon-list-item\">\n\t\t\t\t\t\t\t\t\t\t\t<a href=\"mailto:geschaeftskunden@wobcom.de\">\n\n\t\t\t\t\t\t\t\t\t\t\t\t<span class=\"elementor-icon-list-icon\">\n\t\t\t\t\t\t\t<i aria-hidden=\"true\" class=\"fal fa-envelope\"><\/i>\t\t\t\t\t\t<\/span>\n\t\t\t\t\t\t\t\t\t\t<span class=\"elementor-icon-list-text\">geschaeftskunden@wobcom.de<\/span>\n\t\t\t\t\t\t\t\t\t\t\t<\/a>\n\t\t\t\t\t\t\t\t\t<\/li>\n\t\t\t\t\t\t<\/ul>\n\t\t\t\t\t\t<\/div>\n\t\t\t\t<\/div>\n\t\t\t\t<div class=\"elementor-element elementor-element-33280c7 elementor-list-item-link-inline elementor-icon-list--layout-traditional elementor-widget elementor-widget-icon-list\" data-id=\"33280c7\" data-element_type=\"widget\" data-e-type=\"widget\" data-widget_type=\"icon-list.default\">\n\t\t\t\t<div class=\"elementor-widget-container\">\n\t\t\t\t\t\t\t<ul class=\"elementor-icon-list-items\">\n\t\t\t\t\t\t\t<li class=\"elementor-icon-list-item\">\n\t\t\t\t\t\t\t\t\t\t\t<a href=\"\/geschaeftskunden\/service-news\/call-back-service\/\">\n\n\t\t\t\t\t\t\t\t\t\t\t\t<span class=\"elementor-icon-list-icon\">\n\t\t\t\t\t\t\t<svg xmlns=\"http:\/\/www.w3.org\/2000\/svg\" width=\"27.569\" height=\"28.284\" viewBox=\"0 0 27.569 28.284\"><path id=\"Icon_Telefon_Outline\" data-name=\"Icon Telefon Outline\" d=\"M18.269,40.531a1.529,1.529,0,0,1,1.038-2.09,19.695,19.695,0,0,1,9.062,0,1.529,1.529,0,0,1,1.038,2.09l-.76,1.783a1.528,1.528,0,0,0-.122.6h0a1.526,1.526,0,0,0,1.226,1.5l4.267.853a1.939,1.939,0,0,0,2.319-1.9v-.034A7.722,7.722,0,0,0,31.164,36a22.627,22.627,0,0,0-7.325-1.21,21.842,21.842,0,0,0-7.41,1.274,7.737,7.737,0,0,0-5.09,7.3h0a1.939,1.939,0,0,0,2.319,1.9l4.266-.853a1.526,1.526,0,0,0,1.226-1.5h0a1.528,1.528,0,0,0-.122-.6Z\" transform=\"translate(0.754 58.889) rotate(-133)\" fill=\"none\" stroke=\"#3c4650\" stroke-linecap=\"round\" stroke-linejoin=\"round\" stroke-width=\"2\"><\/path><\/svg>\t\t\t\t\t\t<\/span>\n\t\t\t\t\t\t\t\t\t\t<span class=\"elementor-icon-list-text\">Call-Back-Service<\/span>\n\t\t\t\t\t\t\t\t\t\t\t<\/a>\n\t\t\t\t\t\t\t\t\t<\/li>\n\t\t\t\t\t\t<\/ul>\n\t\t\t\t\t\t<\/div>\n\t\t\t\t<\/div>\n\t\t\t\t\t<\/div>\n\t\t<\/div>\n\t\t\t\t\t<\/div>\n\t\t<\/section>\n\t\t\t\t\t<\/div>\n\t\t<\/div>\n\t\t\t\t<div class=\"elementor-column elementor-col-25 elementor-top-column elementor-element elementor-element-856e7ac\" data-id=\"856e7ac\" data-element_type=\"column\" data-e-type=\"column\">\n\t\t\t<div class=\"elementor-widget-wrap elementor-element-populated\">\n\t\t\t\t\t\t<div class=\"elementor-element elementor-element-176a08f7 elementor-widget elementor-widget-heading\" data-id=\"176a08f7\" data-element_type=\"widget\" data-e-type=\"widget\" data-widget_type=\"heading.default\">\n\t\t\t\t<div class=\"elementor-widget-container\">\n\t\t\t\t\t<h3 class=\"elementor-heading-title elementor-size-default\">Technische Servicenummer<\/h3>\t\t\t\t<\/div>\n\t\t\t\t<\/div>\n\t\t\t\t<div class=\"elementor-element elementor-element-23098e58 elementor-widget elementor-widget-text-editor\" data-id=\"23098e58\" data-element_type=\"widget\" data-e-type=\"widget\" data-widget_type=\"text-editor.default\">\n\t\t\t\t<div class=\"elementor-widget-container\">\n\t\t\t\t\t\t\t\t\t<p style=\"font-size: 20px;font-family: ConduitITCProRegular, 'Source Sans Pro', sans-serif\">Bei technischen Fragen helfen wir Ihnen gerne weiter:<\/p><p style=\"font-size: 20px;font-family: ConduitITCProRegular, 'Source Sans Pro', sans-serif\">Montag-Freitag: 07-21:00 Uhr<br style=\"font-family: var(--e-global-typography-3953edc-font-family), 'Source Sans Pro', sans-serif\" \/>Samstag: 08-16:30 Uhr<\/p><p style=\"font-size: 20px;font-family: ConduitITCProRegular, 'Source Sans Pro', sans-serif\">Bei technischen St\u00f6rungen sind wir 24\/7 erreichbar.<\/p>\t\t\t\t\t\t\t\t<\/div>\n\t\t\t\t<\/div>\n\t\t\t\t<div class=\"elementor-element elementor-element-9d1deb2 remove-margin elementor-widget elementor-widget-text-editor\" data-id=\"9d1deb2\" data-element_type=\"widget\" data-e-type=\"widget\" data-widget_type=\"text-editor.default\">\n\t\t\t\t<div class=\"elementor-widget-container\">\n\t\t\t\t\t\t\t\t\t<p><a href=\"tel:+4980096274663\">0800 96 27 46 63<\/a><\/p>\t\t\t\t\t\t\t\t<\/div>\n\t\t\t\t<\/div>\n\t\t\t\t\t<\/div>\n\t\t<\/div>\n\t\t\t\t<div class=\"elementor-column elementor-col-25 elementor-top-column elementor-element elementor-element-3eea1140\" data-id=\"3eea1140\" data-element_type=\"column\" data-e-type=\"column\">\n\t\t\t<div class=\"elementor-widget-wrap elementor-element-populated\">\n\t\t\t\t\t\t<div class=\"elementor-element elementor-element-29f308db elementor-widget elementor-widget-heading\" data-id=\"29f308db\" data-element_type=\"widget\" data-e-type=\"widget\" data-widget_type=\"heading.default\">\n\t\t\t\t<div class=\"elementor-widget-container\">\n\t\t\t\t\t<h3 class=\"elementor-heading-title elementor-size-default\">Beratung Gesch\u00e4ftskunden<\/h3>\t\t\t\t<\/div>\n\t\t\t\t<\/div>\n\t\t\t\t<div class=\"elementor-element elementor-element-626b7b85 elementor-widget elementor-widget-text-editor\" data-id=\"626b7b85\" data-element_type=\"widget\" data-e-type=\"widget\" data-widget_type=\"text-editor.default\">\n\t\t\t\t<div class=\"elementor-widget-container\">\n\t\t\t\t\t\t\t\t\t<p><span style=\"font-family: ConduitITCProRegular, 'Source Sans Pro', sans-serif\">F\u00fcr individuelle Beratung und f\u00fcr technische Unterst\u00fctzung erreichen Sie uns gerne unter den Telefonnummern<\/span><\/p>\t\t\t\t\t\t\t\t<\/div>\n\t\t\t\t<\/div>\n\t\t\t\t<div class=\"elementor-element elementor-element-c0ce738 remove-margin elementor-widget elementor-widget-text-editor\" data-id=\"c0ce738\" data-element_type=\"widget\" data-e-type=\"widget\" data-widget_type=\"text-editor.default\">\n\t\t\t\t<div class=\"elementor-widget-container\">\n\t\t\t\t\t\t\t\t\t<p><a href=\"tel:+4953618911150\">05361 89 11 150<\/a>\u00a0(Beratung)<\/p><p><a href=\"tel:+4953618911333\">05361 89 11 333<\/a> (techn. Service)<\/p>\t\t\t\t\t\t\t\t<\/div>\n\t\t\t\t<\/div>\n\t\t\t\t\t<\/div>\n\t\t<\/div>\n\t\t\t\t<div class=\"elementor-column elementor-col-25 elementor-top-column elementor-element elementor-element-6634da46\" data-id=\"6634da46\" data-element_type=\"column\" data-e-type=\"column\">\n\t\t\t<div class=\"elementor-widget-wrap elementor-element-populated\">\n\t\t\t\t\t\t<div class=\"elementor-element elementor-element-3bade9bb elementor-widget elementor-widget-heading\" data-id=\"3bade9bb\" data-element_type=\"widget\" data-e-type=\"widget\" data-widget_type=\"heading.default\">\n\t\t\t\t<div class=\"elementor-widget-container\">\n\t\t\t\t\t<h3 class=\"elementor-heading-title elementor-size-default\">Beratung Privatkunden<\/h3>\t\t\t\t<\/div>\n\t\t\t\t<\/div>\n\t\t\t\t<div class=\"elementor-element elementor-element-7f9c297e elementor-widget elementor-widget-text-editor\" data-id=\"7f9c297e\" data-element_type=\"widget\" data-e-type=\"widget\" data-widget_type=\"text-editor.default\">\n\t\t\t\t<div class=\"elementor-widget-container\">\n\t\t\t\t\t\t\t\t\t<p><span style=\"font-family: ConduitITCProRegular, 'Source Sans Pro', sans-serif\">Bei Fragen zu unseren Tarifen oder Produkten stehen wir Ihnen gerne unter folgender Rufnummer zur Verf\u00fcgung<\/span><\/p>\t\t\t\t\t\t\t\t<\/div>\n\t\t\t\t<\/div>\n\t\t\t\t<div class=\"elementor-element elementor-element-1a7480b remove-margin elementor-widget elementor-widget-text-editor\" data-id=\"1a7480b\" data-element_type=\"widget\" data-e-type=\"widget\" data-widget_type=\"text-editor.default\">\n\t\t\t\t<div class=\"elementor-widget-container\">\n\t\t\t\t\t\t\t\t\t<p><a href=\"tel:+4953618911555\">05361 89 11 555<\/a><\/p>\t\t\t\t\t\t\t\t<\/div>\n\t\t\t\t<\/div>\n\t\t\t\t\t<\/div>\n\t\t<\/div>\n\t\t\t\t\t<\/div>\n\t\t<\/section>\n\t\t\t\t<\/div>\n\t\t\t\t<\/div>\n\t\t\t\t\t\t<\/div>\n\t\t\t\t<\/div>\n\t\t\t\t\t<\/div>\n\t\t<\/div>\n\t\t\t\t\t<\/div>\n\t\t<\/section>\n\t\t\t\t<section class=\"elementor-section elementor-top-section elementor-element elementor-element-fceb0f1 elementor-section-stretched elementor-section-boxed elementor-section-height-default elementor-section-height-default\" data-id=\"fceb0f1\" data-element_type=\"section\" data-e-type=\"section\" data-settings=\"{&quot;stretch_section&quot;:&quot;section-stretched&quot;,&quot;background_background&quot;:&quot;classic&quot;}\">\n\t\t\t\t\t\t<div class=\"elementor-container elementor-column-gap-default\">\n\t\t\t\t\t<div class=\"elementor-column elementor-col-100 elementor-top-column elementor-element elementor-element-fd96fd3\" data-id=\"fd96fd3\" data-element_type=\"column\" data-e-type=\"column\">\n\t\t\t<div class=\"elementor-widget-wrap elementor-element-populated\">\n\t\t\t\t\t\t<div class=\"elementor-element elementor-element-6ecdfa9 elementor-widget elementor-widget-cpt-slider\" data-id=\"6ecdfa9\" data-element_type=\"widget\" data-e-type=\"widget\" data-settings=\"{&quot;cpt_slider_slides_per_view&quot;:&quot;4&quot;,&quot;cpt_slider_effect&quot;:&quot;slide&quot;,&quot;cpt_slider_speed&quot;:500,&quot;cpt_slider_autoplay&quot;:&quot;yes&quot;,&quot;cpt_slider_loop&quot;:&quot;yes&quot;}\" data-widget_type=\"cpt-slider.default\">\n\t\t\t\t<div class=\"elementor-widget-container\">\n\t\t\t\t\t\n    <div class=\"wobcom-slider text-center position-relative button-color-white\">\n        <h2 class=\"text-white text-center mb-15\">Aktuelles<\/h2>\n\n            <div class=\"slick-carousel\" data-slick=\"{&quot;infinite&quot;: true, &quot;speed&quot;: 500, &quot;slidesToShow&quot;: 4, &quot;slidesToScroll&quot;: 1, &quot;autoplay&quot;: true, &quot;autoplaySpeed&quot;: 5000, &quot;arrows&quot;: true, &quot;dots&quot;: false}\">\n\n        \n        \n                        <div class=\"card cpt-card d-flex flex-column flex-wrap\">\n                                                        <div class=\"cpt-card-image bg-image-no-repeat bg-image-cover\"\n                         style=\"background-image: url('https:\/\/www.wobcom.de\/geschaeftskunden\/wp-content\/uploads\/Beitrag-News-Vetriebsteam-April-2026.png');\"><\/div>\n                \n                <div class=\"d-flex flex-wrap flex-fill align-items-between\">\n                                        <div class=\"text-start font-family-bold fw-bold w-100\"\n                         property=\"headline\">WOBCOM-Beratungsteams im Stadtgebiet unterwegs<\/div>\n\n                    \n                    <div class=\"d-flex justify-content-between align-self-end align-items-center w-100\">\n                                                <time class=\"text-text-color font-family-light fw-light\"\n                              datetime=\"2026-04-13T08:03:36+02:00\"\n                              content=\"2026-04-13T08:03:36+02:00\"\n                              property=\"datePublished\">13. April 2026<\/time>\n                                                <a href=\"https:\/\/www.wobcom.de\/wobcom-beratungsteams-im-stadtgebiet-unterwegs\/\" class=\"cpt-slider-link fw-500 font-family-medium\"\n                           aria-label=\"Mehr lesen\">Mehr lesen<\/a>\n                    <\/div>\n                <\/div>\n            <\/div>\n            \n            \n            \n    \n        \n                        <div class=\"card cpt-card d-flex flex-column flex-wrap\">\n                                                        <div class=\"cpt-card-image bg-image-no-repeat bg-image-cover\"\n                         style=\"background-image: url('https:\/\/www.wobcom.de\/geschaeftskunden\/wp-content\/uploads\/Rechnung_2.0_Muster_Newsbeitrag-1.png');\"><\/div>\n                \n                <div class=\"d-flex flex-wrap flex-fill align-items-between\">\n                                        <div class=\"text-start font-family-bold fw-bold w-100\"\n                         property=\"headline\">Mehr Klarheit auf einen Blick: Unser neues Rechnungslayout<\/div>\n\n                    \n                    <div class=\"d-flex justify-content-between align-self-end align-items-center w-100\">\n                                                <time class=\"text-text-color font-family-light fw-light\"\n                              datetime=\"2026-04-09T11:03:22+02:00\"\n                              content=\"2026-04-09T11:03:22+02:00\"\n                              property=\"datePublished\">9. April 2026<\/time>\n                                                <a href=\"https:\/\/www.wobcom.de\/mehr-klarheit-auf-einen-blick-unser-neues-rechnungslayout\/\" class=\"cpt-slider-link fw-500 font-family-medium\"\n                           aria-label=\"Mehr lesen\">Mehr lesen<\/a>\n                    <\/div>\n                <\/div>\n            <\/div>\n            \n            \n            \n    \n        \n                        <div class=\"card cpt-card d-flex flex-column flex-wrap\">\n                                                        <div class=\"cpt-card-image bg-image-no-repeat bg-image-cover\"\n                         style=\"background-image: url('https:\/\/www.wobcom.de\/geschaeftskunden\/wp-content\/uploads\/Newsbeitragsbild_30-Jahre_Angebot.png');\"><\/div>\n                \n                <div class=\"d-flex flex-wrap flex-fill align-items-between\">\n                                        <div class=\"text-start font-family-bold fw-bold w-100\"\n                         property=\"headline\">Lass uns feiern: 30 Jahre WOBCOM<\/div>\n\n                    \n                    <div class=\"d-flex justify-content-between align-self-end align-items-center w-100\">\n                                                <time class=\"text-text-color font-family-light fw-light\"\n                              datetime=\"2026-04-02T08:50:59+02:00\"\n                              content=\"2026-04-02T08:50:59+02:00\"\n                              property=\"datePublished\">2. April 2026<\/time>\n                                                <a href=\"https:\/\/www.wobcom.de\/lass-uns-feiern-30-jahre-wobcom\/\" class=\"cpt-slider-link fw-500 font-family-medium\"\n                           aria-label=\"Mehr lesen\">Mehr lesen<\/a>\n                    <\/div>\n                <\/div>\n            <\/div>\n            \n            \n            \n    \n        \n                        <div class=\"card cpt-card d-flex flex-column flex-wrap\">\n                                                        <div class=\"cpt-card-image bg-image-no-repeat bg-image-cover\"\n                         style=\"background-image: url('https:\/\/www.wobcom.de\/geschaeftskunden\/wp-content\/uploads\/thieme-wobcom-DSC_2908-scaled.jpg');\"><\/div>\n                \n                <div class=\"d-flex flex-wrap flex-fill align-items-between\">\n                                        <div class=\"text-start font-family-bold fw-bold w-100\"\n                         property=\"headline\">Thieme, WOBCOM und entricon Partner der B\u00fcrgerstiftung Wolfsburg<\/div>\n\n                    \n                    <div class=\"d-flex justify-content-between align-self-end align-items-center w-100\">\n                                                <time class=\"text-text-color font-family-light fw-light\"\n                              datetime=\"2026-03-24T08:11:32+01:00\"\n                              content=\"2026-03-24T08:11:32+01:00\"\n                              property=\"datePublished\">24. M\u00e4rz 2026<\/time>\n                                                <a href=\"https:\/\/www.wobcom.de\/thieme-wobcom-entricon-partner-der-buergerstiftung-wolfsburg\/\" class=\"cpt-slider-link fw-500 font-family-medium\"\n                           aria-label=\"Mehr lesen\">Mehr lesen<\/a>\n                    <\/div>\n                <\/div>\n            <\/div>\n            \n            \n            \n    \n        \n                        <div class=\"card cpt-card d-flex flex-column flex-wrap\">\n                                                        <div class=\"cpt-card-image bg-image-no-repeat bg-image-cover\"\n                         style=\"background-image: url('https:\/\/www.wobcom.de\/geschaeftskunden\/wp-content\/uploads\/NEULAND-PM-Maerz.png');\"><\/div>\n                \n                <div class=\"d-flex flex-wrap flex-fill align-items-between\">\n                                        <div class=\"text-start font-family-bold fw-bold w-100\"\n                         property=\"headline\">Gemeinsam Richtung digitale Zukunft<\/div>\n\n                    \n                    <div class=\"d-flex justify-content-between align-self-end align-items-center w-100\">\n                                                <time class=\"text-text-color font-family-light fw-light\"\n                              datetime=\"2026-03-05T13:12:28+01:00\"\n                              content=\"2026-03-05T13:12:28+01:00\"\n                              property=\"datePublished\">5. M\u00e4rz 2026<\/time>\n                                                <a href=\"https:\/\/www.wobcom.de\/gemeinsam-richtung-digitale-zukunft\/\" class=\"cpt-slider-link fw-500 font-family-medium\"\n                           aria-label=\"Mehr lesen\">Mehr lesen<\/a>\n                    <\/div>\n                <\/div>\n            <\/div>\n            \n            \n            \n    \n        \n                        <div class=\"card cpt-card d-flex flex-column flex-wrap\">\n                                                        <div class=\"cpt-card-image bg-image-no-repeat bg-image-cover\"\n                         style=\"background-image: url('https:\/\/www.wobcom.de\/geschaeftskunden\/wp-content\/uploads\/AfterWork_Bmoovd_PM-Grafik.png');\"><\/div>\n                \n                <div class=\"d-flex flex-wrap flex-fill align-items-between\">\n                                        <div class=\"text-start font-family-bold fw-bold w-100\"\n                         property=\"headline\">After Work zum Bergfest<\/div>\n\n                    \n                    <div class=\"d-flex justify-content-between align-self-end align-items-center w-100\">\n                                                <time class=\"text-text-color font-family-light fw-light\"\n                              datetime=\"2026-02-17T13:58:39+01:00\"\n                              content=\"2026-02-17T13:58:39+01:00\"\n                              property=\"datePublished\">17. Februar 2026<\/time>\n                                                <a href=\"https:\/\/www.wobcom.de\/after-work-zum-bergfest\/\" class=\"cpt-slider-link fw-500 font-family-medium\"\n                           aria-label=\"Mehr lesen\">Mehr lesen<\/a>\n                    <\/div>\n                <\/div>\n            <\/div>\n            \n            \n            \n    \n        \n                        <div class=\"card cpt-card d-flex flex-column flex-wrap\">\n                                                        <div class=\"cpt-card-image bg-image-no-repeat bg-image-cover\"\n                         style=\"background-image: url('https:\/\/www.wobcom.de\/geschaeftskunden\/wp-content\/uploads\/Safer-Internet-Tag-Recap-2026.png');\"><\/div>\n                \n                <div class=\"d-flex flex-wrap flex-fill align-items-between\">\n                                        <div class=\"text-start font-family-bold fw-bold w-100\"\n                         property=\"headline\">Das war der Safer Internet Day 2025<\/div>\n\n                    \n                    <div class=\"d-flex justify-content-between align-self-end align-items-center w-100\">\n                                                <time class=\"text-text-color font-family-light fw-light\"\n                              datetime=\"2026-02-12T13:32:42+01:00\"\n                              content=\"2026-02-12T13:32:42+01:00\"\n                              property=\"datePublished\">12. Februar 2026<\/time>\n                                                <a href=\"https:\/\/www.wobcom.de\/safer-internet-tag-am-10-februar-bei-der-wobcom-2\/\" class=\"cpt-slider-link fw-500 font-family-medium\"\n                           aria-label=\"Mehr lesen\">Mehr lesen<\/a>\n                    <\/div>\n                <\/div>\n            <\/div>\n            \n            \n            \n    \n        \n                        <div class=\"card cpt-card d-flex flex-column flex-wrap\">\n                                                        <div class=\"cpt-card-image bg-image-no-repeat bg-image-cover\"\n                         style=\"background-image: url('https:\/\/www.wobcom.de\/geschaeftskunden\/wp-content\/uploads\/Safer-Internet-Day-1.png');\"><\/div>\n                \n                <div class=\"d-flex flex-wrap flex-fill align-items-between\">\n                                        <div class=\"text-start font-family-bold fw-bold w-100\"\n                         property=\"headline\">Safer Internet Tag am 10. Februar bei der WOBCOM<\/div>\n\n                    \n                    <div class=\"d-flex justify-content-between align-self-end align-items-center w-100\">\n                                                <time class=\"text-text-color font-family-light fw-light\"\n                              datetime=\"2026-01-26T13:50:10+01:00\"\n                              content=\"2026-01-26T13:50:10+01:00\"\n                              property=\"datePublished\">26. Januar 2026<\/time>\n                                                <a href=\"https:\/\/www.wobcom.de\/safer-internet-tag-am-10-februar-bei-der-wobcom\/\" class=\"cpt-slider-link fw-500 font-family-medium\"\n                           aria-label=\"Mehr lesen\">Mehr lesen<\/a>\n                    <\/div>\n                <\/div>\n            <\/div>\n            \n            \n            \n    \n        \n                        <div class=\"card cpt-card d-flex flex-column flex-wrap\">\n                                                        <div class=\"cpt-card-image bg-image-no-repeat bg-image-cover\"\n                         style=\"background-image: url('https:\/\/www.wobcom.de\/geschaeftskunden\/wp-content\/uploads\/DSCF6547-scaled.jpg');\"><\/div>\n                \n                <div class=\"d-flex flex-wrap flex-fill align-items-between\">\n                                        <div class=\"text-start font-family-bold fw-bold w-100\"\n                         property=\"headline\">WOBCOM und Planetarium Wolfsburg feiern die Neuer\u00f6ffnung des Weltraumlabors<\/div>\n\n                    \n                    <div class=\"d-flex justify-content-between align-self-end align-items-center w-100\">\n                                                <time class=\"text-text-color font-family-light fw-light\"\n                              datetime=\"2025-12-18T14:39:52+01:00\"\n                              content=\"2025-12-18T14:39:52+01:00\"\n                              property=\"datePublished\">18. Dezember 2025<\/time>\n                                                <a href=\"https:\/\/www.wobcom.de\/wobcom-und-planetarium-wolfsburg-feiern-die-neueroeffnung-des-weltraumlabors\/\" class=\"cpt-slider-link fw-500 font-family-medium\"\n                           aria-label=\"Mehr lesen\">Mehr lesen<\/a>\n                    <\/div>\n                <\/div>\n            <\/div>\n            \n            \n            \n    \n        \n                        <div class=\"card cpt-card d-flex flex-column flex-wrap\">\n                                                        <div class=\"cpt-card-image bg-image-no-repeat bg-image-cover\"\n                         style=\"background-image: url('https:\/\/www.wobcom.de\/geschaeftskunden\/wp-content\/uploads\/20251215_WOBCOM_Spende_Autismusverein-scaled.jpg');\"><\/div>\n                \n                <div class=\"d-flex flex-wrap flex-fill align-items-between\">\n                                        <div class=\"text-start font-family-bold fw-bold w-100\"\n                         property=\"headline\">WOBCOM spendet 1.000 Euro f\u00fcr Autismus Therapie in Wolfsburg<\/div>\n\n                    \n                    <div class=\"d-flex justify-content-between align-self-end align-items-center w-100\">\n                                                <time class=\"text-text-color font-family-light fw-light\"\n                              datetime=\"2025-12-17T08:11:10+01:00\"\n                              content=\"2025-12-17T08:11:10+01:00\"\n                              property=\"datePublished\">17. Dezember 2025<\/time>\n                                                <a href=\"https:\/\/www.wobcom.de\/weihnachtsspende-2025\/\" class=\"cpt-slider-link fw-500 font-family-medium\"\n                           aria-label=\"Mehr lesen\">Mehr lesen<\/a>\n                    <\/div>\n                <\/div>\n            <\/div>\n            \n            \n            \n    \n        \n                        <div class=\"card cpt-card d-flex flex-column flex-wrap\">\n                                                        <div class=\"cpt-card-image bg-image-no-repeat bg-image-cover\"\n                         style=\"background-image: url('https:\/\/www.wobcom.de\/geschaeftskunden\/wp-content\/uploads\/Newsbeitrag_Black_Week_Motiv_2025_2.png');\"><\/div>\n                \n                <div class=\"d-flex flex-wrap flex-fill align-items-between\">\n                                        <div class=\"text-start font-family-bold fw-bold w-100\"\n                         property=\"headline\">BlackWeek 2025<\/div>\n\n                    \n                    <div class=\"d-flex justify-content-between align-self-end align-items-center w-100\">\n                                                <time class=\"text-text-color font-family-light fw-light\"\n                              datetime=\"2025-11-24T06:00:30+01:00\"\n                              content=\"2025-11-24T06:00:30+01:00\"\n                              property=\"datePublished\">24. November 2025<\/time>\n                                                <a href=\"https:\/\/www.wobcom.de\/blackweek-2025\/\" class=\"cpt-slider-link fw-500 font-family-medium\"\n                           aria-label=\"Mehr lesen\">Mehr lesen<\/a>\n                    <\/div>\n                <\/div>\n            <\/div>\n            \n            \n            \n    \n        \n                        <div class=\"card cpt-card d-flex flex-column flex-wrap\">\n                                                        <div class=\"cpt-card-image bg-image-no-repeat bg-image-cover\"\n                         style=\"background-image: url('https:\/\/www.wobcom.de\/geschaeftskunden\/wp-content\/uploads\/Foto_VfL_Verlaengerung_November2025.png');\"><\/div>\n                \n                <div class=\"d-flex flex-wrap flex-fill align-items-between\">\n                                        <div class=\"text-start font-family-bold fw-bold w-100\"\n                         property=\"headline\">Stadtwerke Wolfsburg, WOBCOM und VfL seit Jahren Seite an Seite<\/div>\n\n                    \n                    <div class=\"d-flex justify-content-between align-self-end align-items-center w-100\">\n                                                <time class=\"text-text-color font-family-light fw-light\"\n                              datetime=\"2025-11-05T10:12:26+01:00\"\n                              content=\"2025-11-05T10:12:26+01:00\"\n                              property=\"datePublished\">5. November 2025<\/time>\n                                                <a href=\"https:\/\/www.wobcom.de\/stadtwerke-wolfsburg-wobcom-und-vfl-seit-jahren-seite-an-seite\/\" class=\"cpt-slider-link fw-500 font-family-medium\"\n                           aria-label=\"Mehr lesen\">Mehr lesen<\/a>\n                    <\/div>\n                <\/div>\n            <\/div>\n            \n            \n            \n    \n        \n                        <div class=\"card cpt-card d-flex flex-column flex-wrap\">\n                                                        <div class=\"cpt-card-image bg-image-no-repeat bg-image-cover\"\n                         style=\"background-image: url('https:\/\/www.wobcom.de\/geschaeftskunden\/wp-content\/uploads\/Barcelona_SCEWC.png');\"><\/div>\n                \n                <div class=\"d-flex flex-wrap flex-fill align-items-between\">\n                                        <div class=\"text-start font-family-bold fw-bold w-100\"\n                         property=\"headline\">Land Niedersachsen und Metropolregion auf dem Smart City Expo World Congress...<\/div>\n\n                    \n                    <div class=\"d-flex justify-content-between align-self-end align-items-center w-100\">\n                                                <time class=\"text-text-color font-family-light fw-light\"\n                              datetime=\"2025-11-03T07:00:01+01:00\"\n                              content=\"2025-11-03T07:00:01+01:00\"\n                              property=\"datePublished\">3. November 2025<\/time>\n                                                <a href=\"https:\/\/www.wobcom.de\/smart-city-expo-world-kongress-2025\/\" class=\"cpt-slider-link fw-500 font-family-medium\"\n                           aria-label=\"Mehr lesen\">Mehr lesen<\/a>\n                    <\/div>\n                <\/div>\n            <\/div>\n            \n            \n            \n    \n        \n                        <div class=\"card cpt-card d-flex flex-column flex-wrap\">\n                                                        <div class=\"cpt-card-image bg-image-no-repeat bg-image-cover\"\n                         style=\"background-image: url('https:\/\/www.wobcom.de\/geschaeftskunden\/wp-content\/uploads\/20250929_Eroeffnung-Rechenzentrum-6.-Etage_1-scaled.jpg');\"><\/div>\n                \n                <div class=\"d-flex flex-wrap flex-fill align-items-between\">\n                                        <div class=\"text-start font-family-bold fw-bold w-100\"\n                         property=\"headline\">WOBCOM er\u00f6ffnet neue Etage des Rechenzentrums im Wolfsburger Nordkopf Tower<\/div>\n\n                    \n                    <div class=\"d-flex justify-content-between align-self-end align-items-center w-100\">\n                                                <time class=\"text-text-color font-family-light fw-light\"\n                              datetime=\"2025-10-06T07:56:34+02:00\"\n                              content=\"2025-10-06T07:56:34+02:00\"\n                              property=\"datePublished\">6. Oktober 2025<\/time>\n                                                <a href=\"https:\/\/www.wobcom.de\/wobcom-eroeffnet-neue-etage-des-rechenzentrums-im-wolfsburger-nordkopf-tower\/\" class=\"cpt-slider-link fw-500 font-family-medium\"\n                           aria-label=\"Mehr lesen\">Mehr lesen<\/a>\n                    <\/div>\n                <\/div>\n            <\/div>\n            \n            \n            \n    \n        \n                        <div class=\"card cpt-card d-flex flex-column flex-wrap\">\n                                                        <div class=\"cpt-card-image bg-image-no-repeat bg-image-cover\"\n                         style=\"background-image: url('https:\/\/www.wobcom.de\/geschaeftskunden\/wp-content\/uploads\/20250917_083139516_iOS-scaled.jpg');\"><\/div>\n                \n                <div class=\"d-flex flex-wrap flex-fill align-items-between\">\n                                        <div class=\"text-start font-family-bold fw-bold w-100\"\n                         property=\"headline\">Stadtwerke Wolfsburg und WOBCOM veranstalten Malwettbewerb<\/div>\n\n                    \n                    <div class=\"d-flex justify-content-between align-self-end align-items-center w-100\">\n                                                <time class=\"text-text-color font-family-light fw-light\"\n                              datetime=\"2025-09-18T14:36:39+02:00\"\n                              content=\"2025-09-18T14:36:39+02:00\"\n                              property=\"datePublished\">18. September 2025<\/time>\n                                                <a href=\"https:\/\/www.wobcom.de\/stadtwerke-wolfsburg-und-wobcom-veranstalten-malwettbewerb\/\" class=\"cpt-slider-link fw-500 font-family-medium\"\n                           aria-label=\"Mehr lesen\">Mehr lesen<\/a>\n                    <\/div>\n                <\/div>\n            <\/div>\n            \n            \n            \n    \n        \n                        <div class=\"card cpt-card d-flex flex-column flex-wrap\">\n                                                        <div class=\"cpt-card-image bg-image-no-repeat bg-image-cover\"\n                         style=\"background-image: url('https:\/\/www.wobcom.de\/geschaeftskunden\/wp-content\/uploads\/GrizzlyWolfsburg_WLAN_EisArena-scaled.jpg');\"><\/div>\n                \n                <div class=\"d-flex flex-wrap flex-fill align-items-between\">\n                                        <div class=\"text-start font-family-bold fw-bold w-100\"\n                         property=\"headline\">Overtime f\u00fcr die Partnerschaft von Grizzlys und WOBCOM<\/div>\n\n                    \n                    <div class=\"d-flex justify-content-between align-self-end align-items-center w-100\">\n                                                <time class=\"text-text-color font-family-light fw-light\"\n                              datetime=\"2025-09-17T15:38:23+02:00\"\n                              content=\"2025-09-17T15:38:23+02:00\"\n                              property=\"datePublished\">17. September 2025<\/time>\n                                                <a href=\"https:\/\/www.wobcom.de\/wobcom-stellt-freies-wlan-in-der-eis-arena-fuer-weitere-drei-jahre-zur-verfuegung\/\" class=\"cpt-slider-link fw-500 font-family-medium\"\n                           aria-label=\"Mehr lesen\">Mehr lesen<\/a>\n                    <\/div>\n                <\/div>\n            <\/div>\n            \n            \n            \n    \n        \n                        <div class=\"card cpt-card d-flex flex-column flex-wrap\">\n                                                        <div class=\"cpt-card-image bg-image-no-repeat bg-image-cover\"\n                         style=\"background-image: url('https:\/\/www.wobcom.de\/geschaeftskunden\/wp-content\/uploads\/20250902_Familiensiegel_Stadtwerke_WOBCOM-scaled.jpg');\"><\/div>\n                \n                <div class=\"d-flex flex-wrap flex-fill align-items-between\">\n                                        <div class=\"text-start font-family-bold fw-bold w-100\"\n                         property=\"headline\">Die Gemeinschaftsinitiative Familiensiegel zeichnet Wolfsburger Betriebe f\u00fcr...<\/div>\n\n                    \n                    <div class=\"d-flex justify-content-between align-self-end align-items-center w-100\">\n                                                <time class=\"text-text-color font-family-light fw-light\"\n                              datetime=\"2025-09-02T10:35:34+02:00\"\n                              content=\"2025-09-02T10:35:34+02:00\"\n                              property=\"datePublished\">2. September 2025<\/time>\n                                                <a href=\"https:\/\/www.wobcom.de\/die-gemeinschaftsinitiative-familiensiegel-zeichnet-wolfsburger-betriebe-fuer-familienfreundlichkeit-aus\/\" class=\"cpt-slider-link fw-500 font-family-medium\"\n                           aria-label=\"Mehr lesen\">Mehr lesen<\/a>\n                    <\/div>\n                <\/div>\n            <\/div>\n            \n            \n            \n    \n        \n                        <div class=\"card cpt-card d-flex flex-column flex-wrap\">\n                                                        <div class=\"cpt-card-image bg-image-no-repeat bg-image-cover\"\n                         style=\"background-image: url('https:\/\/www.wobcom.de\/geschaeftskunden\/wp-content\/uploads\/Website_Einlaufkind-1-1.png');\"><\/div>\n                \n                <div class=\"d-flex flex-wrap flex-fill align-items-between\">\n                                        <div class=\"text-start font-family-bold fw-bold w-100\"\n                         property=\"headline\">WOBCOM und VfL Wolfsburg verlosen 22 Pl\u00e4tze f\u00fcr Einlaufkinder<\/div>\n\n                    \n                    <div class=\"d-flex justify-content-between align-self-end align-items-center w-100\">\n                                                <time class=\"text-text-color font-family-light fw-light\"\n                              datetime=\"2025-08-26T13:23:31+02:00\"\n                              content=\"2025-08-26T13:23:31+02:00\"\n                              property=\"datePublished\">26. August 2025<\/time>\n                                                <a href=\"https:\/\/www.wobcom.de\/hand-in-hand-ins-aok-stadion\/\" class=\"cpt-slider-link fw-500 font-family-medium\"\n                           aria-label=\"Mehr lesen\">Mehr lesen<\/a>\n                    <\/div>\n                <\/div>\n            <\/div>\n            \n            \n            \n    \n        \n                        <div class=\"card cpt-card d-flex flex-column flex-wrap\">\n                                                        <div class=\"cpt-card-image bg-image-no-repeat bg-image-cover\"\n                         style=\"background-image: url('https:\/\/www.wobcom.de\/geschaeftskunden\/wp-content\/uploads\/Bluehwiese-PM-28.07.2025.png');\"><\/div>\n                \n                <div class=\"d-flex flex-wrap flex-fill align-items-between\">\n                                        <div class=\"text-start font-family-bold fw-bold w-100\"\n                         property=\"headline\">WOBCOM und B\u00fcrgerstiftung zeigen gemeinschaftliches Engagement<\/div>\n\n                    \n                    <div class=\"d-flex justify-content-between align-self-end align-items-center w-100\">\n                                                <time class=\"text-text-color font-family-light fw-light\"\n                              datetime=\"2025-07-28T09:00:15+02:00\"\n                              content=\"2025-07-28T09:00:15+02:00\"\n                              property=\"datePublished\">28. Juli 2025<\/time>\n                                                <a href=\"https:\/\/www.wobcom.de\/wobcom-und-buergerstiftung-zeigen-gemeinschaftliches-engagement\/\" class=\"cpt-slider-link fw-500 font-family-medium\"\n                           aria-label=\"Mehr lesen\">Mehr lesen<\/a>\n                    <\/div>\n                <\/div>\n            <\/div>\n            \n            \n            \n    \n        \n                        <div class=\"card cpt-card d-flex flex-column flex-wrap\">\n                                                        <div class=\"cpt-card-image bg-image-no-repeat bg-image-cover\"\n                         style=\"background-image: url('https:\/\/www.wobcom.de\/geschaeftskunden\/wp-content\/uploads\/DSL-Aus_Statement.png');\"><\/div>\n                \n                <div class=\"d-flex flex-wrap flex-fill align-items-between\">\n                                        <div class=\"text-start font-family-bold fw-bold w-100\"\n                         property=\"headline\">DSL-Aus bis 2030<\/div>\n\n                    \n                    <div class=\"d-flex justify-content-between align-self-end align-items-center w-100\">\n                                                <time class=\"text-text-color font-family-light fw-light\"\n                              datetime=\"2025-07-17T07:57:39+02:00\"\n                              content=\"2025-07-17T07:57:39+02:00\"\n                              property=\"datePublished\">17. Juli 2025<\/time>\n                                                <a href=\"https:\/\/www.wobcom.de\/dsl-aus-bis-2030\/\" class=\"cpt-slider-link fw-500 font-family-medium\"\n                           aria-label=\"Mehr lesen\">Mehr lesen<\/a>\n                    <\/div>\n                <\/div>\n            <\/div>\n            \n            \n            \n    \n        \n                        <div class=\"card cpt-card d-flex flex-column flex-wrap\">\n                                                        <div class=\"cpt-card-image bg-image-no-repeat bg-image-cover\"\n                         style=\"background-image: url('https:\/\/www.wobcom.de\/geschaeftskunden\/wp-content\/uploads\/Neuland-PM_Foto_News-1.png');\"><\/div>\n                \n                <div class=\"d-flex flex-wrap flex-fill align-items-between\">\n                                        <div class=\"text-start font-family-bold fw-bold w-100\"\n                         property=\"headline\">NEULAND startet Glasfaserausbau in allen Wohnungen<\/div>\n\n                    \n                    <div class=\"d-flex justify-content-between align-self-end align-items-center w-100\">\n                                                <time class=\"text-text-color font-family-light fw-light\"\n                              datetime=\"2025-07-03T15:46:00+02:00\"\n                              content=\"2025-07-03T15:46:00+02:00\"\n                              property=\"datePublished\">3. Juli 2025<\/time>\n                                                <a href=\"https:\/\/www.wobcom.de\/neuland-startet-glasfaserausbau-in-allen-wohnungen\/\" class=\"cpt-slider-link fw-500 font-family-medium\"\n                           aria-label=\"Mehr lesen\">Mehr lesen<\/a>\n                    <\/div>\n                <\/div>\n            <\/div>\n            \n            \n            \n    \n        \n                        <div class=\"card cpt-card d-flex flex-column flex-wrap\">\n                                                        <div class=\"cpt-card-image bg-image-no-repeat bg-image-cover\"\n                         style=\"background-image: url('https:\/\/www.wobcom.de\/geschaeftskunden\/wp-content\/uploads\/WOBCOM_Smartphone-Schulung-2025-scaled.jpg');\"><\/div>\n                \n                <div class=\"d-flex flex-wrap flex-fill align-items-between\">\n                                        <div class=\"text-start font-family-bold fw-bold w-100\"\n                         property=\"headline\">Smartphone-Schulung f\u00fcr Senior:innen vermittelt digitales Grundwissen<\/div>\n\n                    \n                    <div class=\"d-flex justify-content-between align-self-end align-items-center w-100\">\n                                                <time class=\"text-text-color font-family-light fw-light\"\n                              datetime=\"2025-06-30T11:19:55+02:00\"\n                              content=\"2025-06-30T11:19:55+02:00\"\n                              property=\"datePublished\">30. Juni 2025<\/time>\n                                                <a href=\"https:\/\/www.wobcom.de\/smartphone-schulung-fuer-seniorinnen-vermittelt-digitales-grundwissen\/\" class=\"cpt-slider-link fw-500 font-family-medium\"\n                           aria-label=\"Mehr lesen\">Mehr lesen<\/a>\n                    <\/div>\n                <\/div>\n            <\/div>\n            \n            \n            \n    \n        \n                        <div class=\"card cpt-card d-flex flex-column flex-wrap\">\n                                                        <div class=\"cpt-card-image bg-image-no-repeat bg-image-cover\"\n                         style=\"background-image: url('https:\/\/www.wobcom.de\/geschaeftskunden\/wp-content\/uploads\/SmartphoneSchulung_WOBCOM-scaled.jpg');\"><\/div>\n                \n                <div class=\"d-flex flex-wrap flex-fill align-items-between\">\n                                        <div class=\"text-start font-family-bold fw-bold w-100\"\n                         property=\"headline\">Kostenfreie Smartphone Schulung f\u00fcr Senior:innen am 27. Juni 2025<\/div>\n\n                    \n                    <div class=\"d-flex justify-content-between align-self-end align-items-center w-100\">\n                                                <time class=\"text-text-color font-family-light fw-light\"\n                              datetime=\"2025-06-16T07:11:32+02:00\"\n                              content=\"2025-06-16T07:11:32+02:00\"\n                              property=\"datePublished\">16. Juni 2025<\/time>\n                                                <a href=\"https:\/\/www.wobcom.de\/kostenfreie-smartphone-schulung-fuer-seniorinnen-am-27-juni-2025\/\" class=\"cpt-slider-link fw-500 font-family-medium\"\n                           aria-label=\"Mehr lesen\">Mehr lesen<\/a>\n                    <\/div>\n                <\/div>\n            <\/div>\n            \n            \n            \n    \n        \n                        <div class=\"card cpt-card d-flex flex-column flex-wrap\">\n                                                        <div class=\"cpt-card-image bg-image-no-repeat bg-image-cover\"\n                         style=\"background-image: url('https:\/\/www.wobcom.de\/geschaeftskunden\/wp-content\/uploads\/20250612_WOBCOM_Pressefoto_Erster-Kunde-scaled.jpg');\"><\/div>\n                \n                <div class=\"d-flex flex-wrap flex-fill align-items-between\">\n                                        <div class=\"text-start font-family-bold fw-bold w-100\"\n                         property=\"headline\">Freischaltung des ersten Kunden im Rahmen der Kooperation zwischen WOBCOM un...<\/div>\n\n                    \n                    <div class=\"d-flex justify-content-between align-self-end align-items-center w-100\">\n                                                <time class=\"text-text-color font-family-light fw-light\"\n                              datetime=\"2025-06-12T12:59:27+02:00\"\n                              content=\"2025-06-12T12:59:27+02:00\"\n                              property=\"datePublished\">12. Juni 2025<\/time>\n                                                <a href=\"https:\/\/www.wobcom.de\/freischaltung-des-ersten-kunden-im-rahmen-der-kooperation-zwischen-wobcom-und-deutsche-glasfaser\/\" class=\"cpt-slider-link fw-500 font-family-medium\"\n                           aria-label=\"Mehr lesen\">Mehr lesen<\/a>\n                    <\/div>\n                <\/div>\n            <\/div>\n            \n            \n            \n    \n        \n                        <div class=\"card cpt-card d-flex flex-column flex-wrap\">\n                                                        <div class=\"cpt-card-image bg-image-no-repeat bg-image-cover\"\n                         style=\"background-image: url('https:\/\/www.wobcom.de\/geschaeftskunden\/wp-content\/uploads\/Beitrag_Focus_Akquise_Start.png');\"><\/div>\n                \n                <div class=\"d-flex flex-wrap flex-fill align-items-between\">\n                                        <div class=\"text-start font-family-bold fw-bold w-100\"\n                         property=\"headline\">Individueller Beratungsservice der WOBCOM im Wolfsburger Stadtgebiet<\/div>\n\n                    \n                    <div class=\"d-flex justify-content-between align-self-end align-items-center w-100\">\n                                                <time class=\"text-text-color font-family-light fw-light\"\n                              datetime=\"2025-05-21T14:16:43+02:00\"\n                              content=\"2025-05-21T14:16:43+02:00\"\n                              property=\"datePublished\">21. Mai 2025<\/time>\n                                                <a href=\"https:\/\/www.wobcom.de\/individueller-beratungsservice-der-wobcom-im-wolfsburger-stadtgebiet\/\" class=\"cpt-slider-link fw-500 font-family-medium\"\n                           aria-label=\"Mehr lesen\">Mehr lesen<\/a>\n                    <\/div>\n                <\/div>\n            <\/div>\n            \n            \n            \n    \n        \n                        <div class=\"card cpt-card d-flex flex-column flex-wrap\">\n                                                        <div class=\"cpt-card-image bg-image-no-repeat bg-image-cover\"\n                         style=\"background-image: url('https:\/\/www.wobcom.de\/geschaeftskunden\/wp-content\/uploads\/Grafik_DG_PM.png');\"><\/div>\n                \n                <div class=\"d-flex flex-wrap flex-fill align-items-between\">\n                                        <div class=\"text-start font-family-bold fw-bold w-100\"\n                         property=\"headline\">Wechsel von Deutsche Glasfaser zur WOBCOM ab sofort m\u00f6glich<\/div>\n\n                    \n                    <div class=\"d-flex justify-content-between align-self-end align-items-center w-100\">\n                                                <time class=\"text-text-color font-family-light fw-light\"\n                              datetime=\"2025-04-24T13:05:59+02:00\"\n                              content=\"2025-04-24T13:05:59+02:00\"\n                              property=\"datePublished\">24. April 2025<\/time>\n                                                <a href=\"https:\/\/www.wobcom.de\/wechsel-von-deutsche-glasfaser-zur-wobcom-ab-sofort-moeglich\/\" class=\"cpt-slider-link fw-500 font-family-medium\"\n                           aria-label=\"Mehr lesen\">Mehr lesen<\/a>\n                    <\/div>\n                <\/div>\n            <\/div>\n            \n            \n            \n    \n        \n                        <div class=\"card cpt-card d-flex flex-column flex-wrap\">\n                                                        <div class=\"cpt-card-image bg-image-no-repeat bg-image-cover\"\n                         style=\"background-image: url('https:\/\/www.wobcom.de\/geschaeftskunden\/wp-content\/uploads\/Grafik_Spielenachmittag_KJS.png');\"><\/div>\n                \n                <div class=\"d-flex flex-wrap flex-fill align-items-between\">\n                                        <div class=\"text-start font-family-bold fw-bold w-100\"\n                         property=\"headline\">Spielenachmittag mit dem Kinder- und Jugendschutz Wolfsburg e.V.<\/div>\n\n                    \n                    <div class=\"d-flex justify-content-between align-self-end align-items-center w-100\">\n                                                <time class=\"text-text-color font-family-light fw-light\"\n                              datetime=\"2025-04-22T15:44:05+02:00\"\n                              content=\"2025-04-22T15:44:05+02:00\"\n                              property=\"datePublished\">22. April 2025<\/time>\n                                                <a href=\"https:\/\/www.wobcom.de\/spielenachmittag-mit-dem-kinder-und-jugendschutz-wolfsburg-e-v\/\" class=\"cpt-slider-link fw-500 font-family-medium\"\n                           aria-label=\"Mehr lesen\">Mehr lesen<\/a>\n                    <\/div>\n                <\/div>\n            <\/div>\n            \n            \n            \n    \n        \n                        <div class=\"card cpt-card d-flex flex-column flex-wrap\">\n                                                        <div class=\"cpt-card-image bg-image-no-repeat bg-image-cover\"\n                         style=\"background-image: url('https:\/\/www.wobcom.de\/geschaeftskunden\/wp-content\/uploads\/Weltfrauentag-2.png');\"><\/div>\n                \n                <div class=\"d-flex flex-wrap flex-fill align-items-between\">\n                                        <div class=\"text-start font-family-bold fw-bold w-100\"\n                         property=\"headline\">WOBCOM \u2013 legt Bl\u00fchwiese am Hospiz Heiligendorf an<\/div>\n\n                    \n                    <div class=\"d-flex justify-content-between align-self-end align-items-center w-100\">\n                                                <time class=\"text-text-color font-family-light fw-light\"\n                              datetime=\"2025-03-24T13:15:03+01:00\"\n                              content=\"2025-03-24T13:15:03+01:00\"\n                              property=\"datePublished\">24. M\u00e4rz 2025<\/time>\n                                                <a href=\"https:\/\/www.wobcom.de\/wobcom-legt-bluehwiese-am-hospiz-heiligendorf-an\/\" class=\"cpt-slider-link fw-500 font-family-medium\"\n                           aria-label=\"Mehr lesen\">Mehr lesen<\/a>\n                    <\/div>\n                <\/div>\n            <\/div>\n            \n            \n            \n    \n        \n                        <div class=\"card cpt-card d-flex flex-column flex-wrap\">\n                                                        <div class=\"cpt-card-image bg-image-no-repeat bg-image-cover\"\n                         style=\"background-image: url('https:\/\/www.wobcom.de\/geschaeftskunden\/wp-content\/uploads\/Quoteerfuellung_Twuelpstedt_Papenrode_Rickensdorf.png');\"><\/div>\n                \n                <div class=\"d-flex flex-wrap flex-fill align-items-between\">\n                                        <div class=\"text-start font-family-bold fw-bold w-100\"\n                         property=\"headline\">Anschlussquoten erreicht<\/div>\n\n                    \n                    <div class=\"d-flex justify-content-between align-self-end align-items-center w-100\">\n                                                <time class=\"text-text-color font-family-light fw-light\"\n                              datetime=\"2025-03-18T08:41:13+01:00\"\n                              content=\"2025-03-18T08:41:13+01:00\"\n                              property=\"datePublished\">18. M\u00e4rz 2025<\/time>\n                                                <a href=\"https:\/\/www.wobcom.de\/anschlussquoten-erreicht\/\" class=\"cpt-slider-link fw-500 font-family-medium\"\n                           aria-label=\"Mehr lesen\">Mehr lesen<\/a>\n                    <\/div>\n                <\/div>\n            <\/div>\n            \n            \n            \n    \n        \n                        <div class=\"card cpt-card d-flex flex-column flex-wrap\">\n                                                        <div class=\"cpt-card-image bg-image-no-repeat bg-image-cover\"\n                         style=\"background-image: url('https:\/\/www.wobcom.de\/geschaeftskunden\/wp-content\/uploads\/Heading-1.png');\"><\/div>\n                \n                <div class=\"d-flex flex-wrap flex-fill align-items-between\">\n                                        <div class=\"text-start font-family-bold fw-bold w-100\"\n                         property=\"headline\">Eingeschr\u00e4nkter Service am 13. M\u00e4rz<\/div>\n\n                    \n                    <div class=\"d-flex justify-content-between align-self-end align-items-center w-100\">\n                                                <time class=\"text-text-color font-family-light fw-light\"\n                              datetime=\"2025-03-12T13:05:42+01:00\"\n                              content=\"2025-03-12T13:05:42+01:00\"\n                              property=\"datePublished\">12. M\u00e4rz 2025<\/time>\n                                                <a href=\"https:\/\/www.wobcom.de\/eingeschraenkter-service-am-13-maerz\/\" class=\"cpt-slider-link fw-500 font-family-medium\"\n                           aria-label=\"Mehr lesen\">Mehr lesen<\/a>\n                    <\/div>\n                <\/div>\n            <\/div>\n            \n            \n            \n    \n        \n                        <div class=\"card cpt-card d-flex flex-column flex-wrap\">\n                                                        <div class=\"cpt-card-image bg-image-no-repeat bg-image-cover\"\n                         style=\"background-image: url('https:\/\/www.wobcom.de\/geschaeftskunden\/wp-content\/uploads\/Weltfrauentag.png');\"><\/div>\n                \n                <div class=\"d-flex flex-wrap flex-fill align-items-between\">\n                                        <div class=\"text-start font-family-bold fw-bold w-100\"\n                         property=\"headline\">Highspeed zum Weltfrauentag \u2013 Glasfaser zum Vorteilspreis!<\/div>\n\n                    \n                    <div class=\"d-flex justify-content-between align-self-end align-items-center w-100\">\n                                                <time class=\"text-text-color font-family-light fw-light\"\n                              datetime=\"2025-03-07T07:00:33+01:00\"\n                              content=\"2025-03-07T07:00:33+01:00\"\n                              property=\"datePublished\">7. M\u00e4rz 2025<\/time>\n                                                <a href=\"https:\/\/www.wobcom.de\/highspeed-zum-weltfrauentag-glasfaser-zum-vorteilspreis\/\" class=\"cpt-slider-link fw-500 font-family-medium\"\n                           aria-label=\"Mehr lesen\">Mehr lesen<\/a>\n                    <\/div>\n                <\/div>\n            <\/div>\n            \n            \n            \n    \n        \n                        <div class=\"card cpt-card d-flex flex-column flex-wrap\">\n                                                        <div class=\"cpt-card-image bg-image-no-repeat bg-image-cover\"\n                         style=\"background-image: url('https:\/\/www.wobcom.de\/geschaeftskunden\/wp-content\/uploads\/Graue_Flecken_Umsetzung_News_Website.png');\"><\/div>\n                \n                <div class=\"d-flex flex-wrap flex-fill align-items-between\">\n                                        <div class=\"text-start font-family-bold fw-bold w-100\"\n                         property=\"headline\">Hohe Abschlussquoten in den Grauen Flecken<\/div>\n\n                    \n                    <div class=\"d-flex justify-content-between align-self-end align-items-center w-100\">\n                                                <time class=\"text-text-color font-family-light fw-light\"\n                              datetime=\"2025-01-28T08:47:13+01:00\"\n                              content=\"2025-01-28T08:47:13+01:00\"\n                              property=\"datePublished\">28. Januar 2025<\/time>\n                                                <a href=\"https:\/\/www.wobcom.de\/hohe-abschlussquote-graue-flecken\/\" class=\"cpt-slider-link fw-500 font-family-medium\"\n                           aria-label=\"Mehr lesen\">Mehr lesen<\/a>\n                    <\/div>\n                <\/div>\n            <\/div>\n            \n            \n            \n    \n        \n                        <div class=\"card cpt-card d-flex flex-column flex-wrap\">\n                                                        <div class=\"cpt-card-image bg-image-no-repeat bg-image-cover\"\n                         style=\"background-image: url('https:\/\/www.wobcom.de\/geschaeftskunden\/wp-content\/uploads\/Deluxe-Router_News.png');\"><\/div>\n                \n                <div class=\"d-flex flex-wrap flex-fill align-items-between\">\n                                        <div class=\"text-start font-family-bold fw-bold w-100\"\n                         property=\"headline\">Das n\u00e4chste Level f\u00fcr dein Zuhause<\/div>\n\n                    \n                    <div class=\"d-flex justify-content-between align-self-end align-items-center w-100\">\n                                                <time class=\"text-text-color font-family-light fw-light\"\n                              datetime=\"2025-01-17T14:46:44+01:00\"\n                              content=\"2025-01-17T14:46:44+01:00\"\n                              property=\"datePublished\">17. Januar 2025<\/time>\n                                                <a href=\"https:\/\/www.wobcom.de\/das-naechste-level-fuer-dein-zuhause-unser-neuer-deluxe-router\/\" class=\"cpt-slider-link fw-500 font-family-medium\"\n                           aria-label=\"Mehr lesen\">Mehr lesen<\/a>\n                    <\/div>\n                <\/div>\n            <\/div>\n            \n            \n            \n    \n        \n                        <div class=\"card cpt-card d-flex flex-column flex-wrap\">\n                                                        <div class=\"cpt-card-image bg-image-no-repeat bg-image-cover\"\n                         style=\"background-image: url('https:\/\/www.wobcom.de\/geschaeftskunden\/wp-content\/uploads\/Miranda_Projekt-scaled.jpg');\"><\/div>\n                \n                <div class=\"d-flex flex-wrap flex-fill align-items-between\">\n                                        <div class=\"text-start font-family-bold fw-bold w-100\"\n                         property=\"headline\">Interview mit dem Projektleiter des MIRANDA-Projekts<\/div>\n\n                    \n                    <div class=\"d-flex justify-content-between align-self-end align-items-center w-100\">\n                                                <time class=\"text-text-color font-family-light fw-light\"\n                              datetime=\"2025-01-16T16:43:58+01:00\"\n                              content=\"2025-01-16T16:43:58+01:00\"\n                              property=\"datePublished\">16. Januar 2025<\/time>\n                                                <a href=\"https:\/\/www.wobcom.de\/interview-mit-dem-projektleiter-des-miranda-projekts\/\" class=\"cpt-slider-link fw-500 font-family-medium\"\n                           aria-label=\"Mehr lesen\">Mehr lesen<\/a>\n                    <\/div>\n                <\/div>\n            <\/div>\n            \n            \n            \n    \n        \n                        <div class=\"card cpt-card d-flex flex-column flex-wrap\">\n                                                        <div class=\"cpt-card-image bg-image-no-repeat bg-image-cover\"\n                         style=\"background-image: url('https:\/\/www.wobcom.de\/geschaeftskunden\/wp-content\/uploads\/1.-Advent-5.png');\"><\/div>\n                \n                <div class=\"d-flex flex-wrap flex-fill align-items-between\">\n                                        <div class=\"text-start font-family-bold fw-bold w-100\"\n                         property=\"headline\">Unsere \u00d6ffnungszeiten zwischen den Feiertagen<\/div>\n\n                    \n                    <div class=\"d-flex justify-content-between align-self-end align-items-center w-100\">\n                                                <time class=\"text-text-color font-family-light fw-light\"\n                              datetime=\"2024-12-23T07:00:03+01:00\"\n                              content=\"2024-12-23T07:00:03+01:00\"\n                              property=\"datePublished\">23. Dezember 2024<\/time>\n                                                <a href=\"https:\/\/www.wobcom.de\/unsere-oeffnungszeiten-zwischen-den-feiertagen\/\" class=\"cpt-slider-link fw-500 font-family-medium\"\n                           aria-label=\"Mehr lesen\">Mehr lesen<\/a>\n                    <\/div>\n                <\/div>\n            <\/div>\n            \n            \n            \n    \n        \n                        <div class=\"card cpt-card d-flex flex-column flex-wrap\">\n                                                        <div class=\"cpt-card-image bg-image-no-repeat bg-image-cover\"\n                         style=\"background-image: url('https:\/\/www.wobcom.de\/geschaeftskunden\/wp-content\/uploads\/Bergmannsbusch-1.png');\"><\/div>\n                \n                <div class=\"d-flex flex-wrap flex-fill align-items-between\">\n                                        <div class=\"text-start font-family-bold fw-bold w-100\"\n                         property=\"headline\">Quotenerf\u00fcllung in Wendschott-Bergmannsbusch nach nur drei Wochen<\/div>\n\n                    \n                    <div class=\"d-flex justify-content-between align-self-end align-items-center w-100\">\n                                                <time class=\"text-text-color font-family-light fw-light\"\n                              datetime=\"2024-12-20T09:10:15+01:00\"\n                              content=\"2024-12-20T09:10:15+01:00\"\n                              property=\"datePublished\">20. Dezember 2024<\/time>\n                                                <a href=\"https:\/\/www.wobcom.de\/quotenerfuellung-in-wendschott-bergmannsbusch-nach-nur-drei-wochen\/\" class=\"cpt-slider-link fw-500 font-family-medium\"\n                           aria-label=\"Mehr lesen\">Mehr lesen<\/a>\n                    <\/div>\n                <\/div>\n            <\/div>\n            \n            \n            \n    \n        \n                        <div class=\"card cpt-card d-flex flex-column flex-wrap\">\n                                                        <div class=\"cpt-card-image bg-image-no-repeat bg-image-cover\"\n                         style=\"background-image: url('https:\/\/www.wobcom.de\/geschaeftskunden\/wp-content\/uploads\/WOBCOM_Spende_Tierheim.png');\"><\/div>\n                \n                <div class=\"d-flex flex-wrap flex-fill align-items-between\">\n                                        <div class=\"text-start font-family-bold fw-bold w-100\"\n                         property=\"headline\">WOBCOM spendet 1.000 Euro an das Wolfsburger Tierheim<\/div>\n\n                    \n                    <div class=\"d-flex justify-content-between align-self-end align-items-center w-100\">\n                                                <time class=\"text-text-color font-family-light fw-light\"\n                              datetime=\"2024-12-19T13:03:48+01:00\"\n                              content=\"2024-12-19T13:03:48+01:00\"\n                              property=\"datePublished\">19. Dezember 2024<\/time>\n                                                <a href=\"https:\/\/www.wobcom.de\/wobcom-spendet-1-000-euro-an-das-wolfsburger-tierheim\/\" class=\"cpt-slider-link fw-500 font-family-medium\"\n                           aria-label=\"Mehr lesen\">Mehr lesen<\/a>\n                    <\/div>\n                <\/div>\n            <\/div>\n            \n            \n            \n    \n        \n                        <div class=\"card cpt-card d-flex flex-column flex-wrap\">\n                                                        <div class=\"cpt-card-image bg-image-no-repeat bg-image-cover\"\n                         style=\"background-image: url('https:\/\/www.wobcom.de\/geschaeftskunden\/wp-content\/uploads\/PM_Glasfaser_Reislingen_SW_Dezember_2024.png');\"><\/div>\n                \n                <div class=\"d-flex flex-wrap flex-fill align-items-between\">\n                                        <div class=\"text-start font-family-bold fw-bold w-100\"\n                         property=\"headline\">High-Speed f\u00fcr Reislingen S\u00fcd-West<\/div>\n\n                    \n                    <div class=\"d-flex justify-content-between align-self-end align-items-center w-100\">\n                                                <time class=\"text-text-color font-family-light fw-light\"\n                              datetime=\"2024-12-16T11:47:44+01:00\"\n                              content=\"2024-12-16T11:47:44+01:00\"\n                              property=\"datePublished\">16. Dezember 2024<\/time>\n                                                <a href=\"https:\/\/www.wobcom.de\/high-speed-fuer-reislingen-sued-west\/\" class=\"cpt-slider-link fw-500 font-family-medium\"\n                           aria-label=\"Mehr lesen\">Mehr lesen<\/a>\n                    <\/div>\n                <\/div>\n            <\/div>\n            \n            \n            \n    \n        \n                        <div class=\"card cpt-card d-flex flex-column flex-wrap\">\n                                                        <div class=\"cpt-card-image bg-image-no-repeat bg-image-cover\"\n                         style=\"background-image: url('https:\/\/www.wobcom.de\/geschaeftskunden\/wp-content\/uploads\/Bergmannsbusch.png');\"><\/div>\n                \n                <div class=\"d-flex flex-wrap flex-fill align-items-between\">\n                                        <div class=\"text-start font-family-bold fw-bold w-100\"\n                         property=\"headline\">Glasfaserausbau geht in Wendschott-Bergmannsbusch weiter<\/div>\n\n                    \n                    <div class=\"d-flex justify-content-between align-self-end align-items-center w-100\">\n                                                <time class=\"text-text-color font-family-light fw-light\"\n                              datetime=\"2024-12-06T11:15:12+01:00\"\n                              content=\"2024-12-06T11:15:12+01:00\"\n                              property=\"datePublished\">6. Dezember 2024<\/time>\n                                                <a href=\"https:\/\/www.wobcom.de\/glasfaserausbau-geht-in-wendschott-bergmannsbusch-weiter\/\" class=\"cpt-slider-link fw-500 font-family-medium\"\n                           aria-label=\"Mehr lesen\">Mehr lesen<\/a>\n                    <\/div>\n                <\/div>\n            <\/div>\n            \n            \n            \n    \n        \n                        <div class=\"card cpt-card d-flex flex-column flex-wrap\">\n                                                        <div class=\"cpt-card-image bg-image-no-repeat bg-image-cover\"\n                         style=\"background-image: url('https:\/\/www.wobcom.de\/geschaeftskunden\/wp-content\/uploads\/Gross-Twuelpi.png');\"><\/div>\n                \n                <div class=\"d-flex flex-wrap flex-fill align-items-between\">\n                                        <div class=\"text-start font-family-bold fw-bold w-100\"\n                         property=\"headline\">Glasfaserausbau in der Gemeinde Gro\u00df Tw\u00fclpstedt geht weiter<\/div>\n\n                    \n                    <div class=\"d-flex justify-content-between align-self-end align-items-center w-100\">\n                                                <time class=\"text-text-color font-family-light fw-light\"\n                              datetime=\"2024-11-29T13:03:05+01:00\"\n                              content=\"2024-11-29T13:03:05+01:00\"\n                              property=\"datePublished\">29. November 2024<\/time>\n                                                <a href=\"https:\/\/www.wobcom.de\/glasfaserausbau-in-der-gemeinde-gross-twuelpstedt-geht-weiter\/\" class=\"cpt-slider-link fw-500 font-family-medium\"\n                           aria-label=\"Mehr lesen\">Mehr lesen<\/a>\n                    <\/div>\n                <\/div>\n            <\/div>\n            \n            \n            \n    \n        \n                        <div class=\"card cpt-card d-flex flex-column flex-wrap\">\n                                                        <div class=\"cpt-card-image bg-image-no-repeat bg-image-cover\"\n                         style=\"background-image: url('https:\/\/www.wobcom.de\/geschaeftskunden\/wp-content\/uploads\/Fristverlaengerung.png');\"><\/div>\n                \n                <div class=\"d-flex flex-wrap flex-fill align-items-between\">\n                                        <div class=\"text-start font-family-bold fw-bold w-100\"\n                         property=\"headline\">Fristverl\u00e4ngerung in den Ortschaften: Wendschott, Hehlingen, Velstove, Brack...<\/div>\n\n                    \n                    <div class=\"d-flex justify-content-between align-self-end align-items-center w-100\">\n                                                <time class=\"text-text-color font-family-light fw-light\"\n                              datetime=\"2024-11-27T07:28:38+01:00\"\n                              content=\"2024-11-27T07:28:38+01:00\"\n                              property=\"datePublished\">27. November 2024<\/time>\n                                                <a href=\"https:\/\/www.wobcom.de\/fristverlaengerung-in-den-ortschaften-wendschott-hehlingen-velstove-brackstedt-barnstorf-und-der-schleusensiedlung\/\" class=\"cpt-slider-link fw-500 font-family-medium\"\n                           aria-label=\"Mehr lesen\">Mehr lesen<\/a>\n                    <\/div>\n                <\/div>\n            <\/div>\n            \n            \n            \n    \n        \n                        <div class=\"card cpt-card d-flex flex-column flex-wrap\">\n                                                        <div class=\"cpt-card-image bg-image-no-repeat bg-image-cover\"\n                         style=\"background-image: url('https:\/\/www.wobcom.de\/geschaeftskunden\/wp-content\/uploads\/Blackweek-Grafik_HP.png');\"><\/div>\n                \n                <div class=\"d-flex flex-wrap flex-fill align-items-between\">\n                                        <div class=\"text-start font-family-bold fw-bold w-100\"\n                         property=\"headline\">Ur schnell. Ur g\u00fcnstig.<\/div>\n\n                    \n                    <div class=\"d-flex justify-content-between align-self-end align-items-center w-100\">\n                                                <time class=\"text-text-color font-family-light fw-light\"\n                              datetime=\"2024-11-25T07:14:16+01:00\"\n                              content=\"2024-11-25T07:14:16+01:00\"\n                              property=\"datePublished\">25. November 2024<\/time>\n                                                <a href=\"https:\/\/www.wobcom.de\/blackweek2024\/\" class=\"cpt-slider-link fw-500 font-family-medium\"\n                           aria-label=\"Mehr lesen\">Mehr lesen<\/a>\n                    <\/div>\n                <\/div>\n            <\/div>\n            \n            \n            \n    \n        \n                        <div class=\"card cpt-card d-flex flex-column flex-wrap\">\n                                                        <div class=\"cpt-card-image bg-image-no-repeat bg-image-cover\"\n                         style=\"background-image: url('https:\/\/www.wobcom.de\/geschaeftskunden\/wp-content\/uploads\/FCD-Beitrag_HP.png');\"><\/div>\n                \n                <div class=\"d-flex flex-wrap flex-fill align-items-between\">\n                                        <div class=\"text-start font-family-bold fw-bold w-100\"\n                         property=\"headline\">F\u00fcr ein smartes Morgen: FutureCongress.digital 2024<\/div>\n\n                    \n                    <div class=\"d-flex justify-content-between align-self-end align-items-center w-100\">\n                                                <time class=\"text-text-color font-family-light fw-light\"\n                              datetime=\"2024-11-19T16:11:15+01:00\"\n                              content=\"2024-11-19T16:11:15+01:00\"\n                              property=\"datePublished\">19. November 2024<\/time>\n                                                <a href=\"https:\/\/www.wobcom.de\/fuer-ein-smartes-morgen-futurecongress-digital-2024\/\" class=\"cpt-slider-link fw-500 font-family-medium\"\n                           aria-label=\"Mehr lesen\">Mehr lesen<\/a>\n                    <\/div>\n                <\/div>\n            <\/div>\n            \n            \n            \n    \n        \n                        <div class=\"card cpt-card d-flex flex-column flex-wrap\">\n                                                        <div class=\"cpt-card-image bg-image-no-repeat bg-image-cover\"\n                         style=\"background-image: url('https:\/\/www.wobcom.de\/geschaeftskunden\/wp-content\/uploads\/Info.png');\"><\/div>\n                \n                <div class=\"d-flex flex-wrap flex-fill align-items-between\">\n                                        <div class=\"text-start font-family-bold fw-bold w-100\"\n                         property=\"headline\">Wegfall Nebenkostenprivileg: WOBCOM schaltet \u201eSchwarzseher\u201c - TV-Anschl\u00fcsse ...<\/div>\n\n                    \n                    <div class=\"d-flex justify-content-between align-self-end align-items-center w-100\">\n                                                <time class=\"text-text-color font-family-light fw-light\"\n                              datetime=\"2024-11-13T13:23:11+01:00\"\n                              content=\"2024-11-13T13:23:11+01:00\"\n                              property=\"datePublished\">13. November 2024<\/time>\n                                                <a href=\"https:\/\/www.wobcom.de\/wegfall-nebenkostenprivileg-wobcom-schaltet-schwarzseher-tv-anschluesse-ohne-vertrag-ab\/\" class=\"cpt-slider-link fw-500 font-family-medium\"\n                           aria-label=\"Mehr lesen\">Mehr lesen<\/a>\n                    <\/div>\n                <\/div>\n            <\/div>\n            \n            \n            \n    \n        \n                        <div class=\"card cpt-card d-flex flex-column flex-wrap\">\n                                                        <div class=\"cpt-card-image bg-image-no-repeat bg-image-cover\"\n                         style=\"background-image: url('https:\/\/www.wobcom.de\/geschaeftskunden\/wp-content\/uploads\/SONIX_Host_Unlimited.png');\"><\/div>\n                \n                <div class=\"d-flex flex-wrap flex-fill align-items-between\">\n                                        <div class=\"text-start font-family-bold fw-bold w-100\"\n                         property=\"headline\">Extrem niedrige Latenzen f\u00fcr Gamer in Niedersachsen<\/div>\n\n                    \n                    <div class=\"d-flex justify-content-between align-self-end align-items-center w-100\">\n                                                <time class=\"text-text-color font-family-light fw-light\"\n                              datetime=\"2024-11-11T17:34:32+01:00\"\n                              content=\"2024-11-11T17:34:32+01:00\"\n                              property=\"datePublished\">11. November 2024<\/time>\n                                                <a href=\"https:\/\/www.wobcom.de\/extrem-niedrige-latenzen-fuer-gamer-in-niedersachsen\/\" class=\"cpt-slider-link fw-500 font-family-medium\"\n                           aria-label=\"Mehr lesen\">Mehr lesen<\/a>\n                    <\/div>\n                <\/div>\n            <\/div>\n            \n            \n            \n    \n        \n                        <div class=\"card cpt-card d-flex flex-column flex-wrap\">\n                                                        <div class=\"cpt-card-image bg-image-no-repeat bg-image-cover\"\n                         style=\"background-image: url('https:\/\/www.wobcom.de\/geschaeftskunden\/wp-content\/uploads\/Wendschott-Sommerfeld.png');\"><\/div>\n                \n                <div class=\"d-flex flex-wrap flex-fill align-items-between\">\n                                        <div class=\"text-start font-family-bold fw-bold w-100\"\n                         property=\"headline\">Vor Ablauf der Frist: Quotenerf\u00fcllung in Wendschott<\/div>\n\n                    \n                    <div class=\"d-flex justify-content-between align-self-end align-items-center w-100\">\n                                                <time class=\"text-text-color font-family-light fw-light\"\n                              datetime=\"2024-11-06T13:37:32+01:00\"\n                              content=\"2024-11-06T13:37:32+01:00\"\n                              property=\"datePublished\">6. November 2024<\/time>\n                                                <a href=\"https:\/\/www.wobcom.de\/vor-ablauf-der-frist-quotenerfuellung-in-wendschott\/\" class=\"cpt-slider-link fw-500 font-family-medium\"\n                           aria-label=\"Mehr lesen\">Mehr lesen<\/a>\n                    <\/div>\n                <\/div>\n            <\/div>\n            \n            \n            \n    \n        \n                        <div class=\"card cpt-card d-flex flex-column flex-wrap\">\n                                                        <div class=\"cpt-card-image bg-image-no-repeat bg-image-cover\"\n                         style=\"background-image: url('https:\/\/www.wobcom.de\/geschaeftskunden\/wp-content\/uploads\/Door2door_Graue-Flecken-1.png');\"><\/div>\n                \n                <div class=\"d-flex flex-wrap flex-fill align-items-between\">\n                                        <div class=\"text-start font-family-bold fw-bold w-100\"\n                         property=\"headline\">Unterwegs in den Grauen Flecken<\/div>\n\n                    \n                    <div class=\"d-flex justify-content-between align-self-end align-items-center w-100\">\n                                                <time class=\"text-text-color font-family-light fw-light\"\n                              datetime=\"2024-11-05T16:10:57+01:00\"\n                              content=\"2024-11-05T16:10:57+01:00\"\n                              property=\"datePublished\">5. November 2024<\/time>\n                                                <a href=\"https:\/\/www.wobcom.de\/unterwegs-in-den-grauen-flecken\/\" class=\"cpt-slider-link fw-500 font-family-medium\"\n                           aria-label=\"Mehr lesen\">Mehr lesen<\/a>\n                    <\/div>\n                <\/div>\n            <\/div>\n            \n            \n            \n    \n        \n                        <div class=\"card cpt-card d-flex flex-column flex-wrap\">\n                                                        <div class=\"cpt-card-image bg-image-no-repeat bg-image-cover\"\n                         style=\"background-image: url('https:\/\/www.wobcom.de\/geschaeftskunden\/wp-content\/uploads\/Lebenshilfe.png');\"><\/div>\n                \n                <div class=\"d-flex flex-wrap flex-fill align-items-between\">\n                                        <div class=\"text-start font-family-bold fw-bold w-100\"\n                         property=\"headline\">WOBCOM unterst\u00fctzt Lebenshilfe beim Gartenprojekt<\/div>\n\n                    \n                    <div class=\"d-flex justify-content-between align-self-end align-items-center w-100\">\n                                                <time class=\"text-text-color font-family-light fw-light\"\n                              datetime=\"2024-11-04T13:34:56+01:00\"\n                              content=\"2024-11-04T13:34:56+01:00\"\n                              property=\"datePublished\">4. November 2024<\/time>\n                                                <a href=\"https:\/\/www.wobcom.de\/wobcom-unterstuetzt-lebenshilfe-beim-gartenprojekt\/\" class=\"cpt-slider-link fw-500 font-family-medium\"\n                           aria-label=\"Mehr lesen\">Mehr lesen<\/a>\n                    <\/div>\n                <\/div>\n            <\/div>\n            \n            \n            \n    \n        \n                        <div class=\"card cpt-card d-flex flex-column flex-wrap\">\n                                                        <div class=\"cpt-card-image bg-image-no-repeat bg-image-cover\"\n                         style=\"background-image: url('https:\/\/www.wobcom.de\/geschaeftskunden\/wp-content\/uploads\/Copy-of-Grafik_Ruemmer.png');\"><\/div>\n                \n                <div class=\"d-flex flex-wrap flex-fill align-items-between\">\n                                        <div class=\"text-start font-family-bold fw-bold w-100\"\n                         property=\"headline\">Quotenerf\u00fcllung in R\u00fcmmer \u2013 Glasfaserausbau startet zeitnah<\/div>\n\n                    \n                    <div class=\"d-flex justify-content-between align-self-end align-items-center w-100\">\n                                                <time class=\"text-text-color font-family-light fw-light\"\n                              datetime=\"2024-10-14T11:28:13+02:00\"\n                              content=\"2024-10-14T11:28:13+02:00\"\n                              property=\"datePublished\">14. Oktober 2024<\/time>\n                                                <a href=\"https:\/\/www.wobcom.de\/quotenerfuellung-in-ruemmer-glasfaserausbau-startet-zeitnah\/\" class=\"cpt-slider-link fw-500 font-family-medium\"\n                           aria-label=\"Mehr lesen\">Mehr lesen<\/a>\n                    <\/div>\n                <\/div>\n            <\/div>\n            \n            \n            \n    \n        \n                        <div class=\"card cpt-card d-flex flex-column flex-wrap\">\n                                                        <div class=\"cpt-card-image bg-image-no-repeat bg-image-cover\"\n                         style=\"background-image: url('https:\/\/www.wobcom.de\/geschaeftskunden\/wp-content\/uploads\/Glasfasre_Graue_Flecken_Motiv.png');\"><\/div>\n                \n                <div class=\"d-flex flex-wrap flex-fill align-items-between\">\n                                        <div class=\"text-start font-family-bold fw-bold w-100\"\n                         property=\"headline\">Glasfaservermarktung in den \u201eGrauen Flecken\u201c schreitet voran<\/div>\n\n                    \n                    <div class=\"d-flex justify-content-between align-self-end align-items-center w-100\">\n                                                <time class=\"text-text-color font-family-light fw-light\"\n                              datetime=\"2024-09-30T17:17:32+02:00\"\n                              content=\"2024-09-30T17:17:32+02:00\"\n                              property=\"datePublished\">30. September 2024<\/time>\n                                                <a href=\"https:\/\/www.wobcom.de\/glasfaservermarktung-in-den-grauen-flecken-schreitet-voran\/\" class=\"cpt-slider-link fw-500 font-family-medium\"\n                           aria-label=\"Mehr lesen\">Mehr lesen<\/a>\n                    <\/div>\n                <\/div>\n            <\/div>\n            \n            \n            \n    \n        \n                        <div class=\"card cpt-card d-flex flex-column flex-wrap\">\n                                                        <div class=\"cpt-card-image bg-image-no-repeat bg-image-cover\"\n                         style=\"background-image: url('https:\/\/www.wobcom.de\/geschaeftskunden\/wp-content\/uploads\/Tisax-Label_Website.png');\"><\/div>\n                \n                <div class=\"d-flex flex-wrap flex-fill align-items-between\">\n                                        <div class=\"text-start font-family-bold fw-bold w-100\"\n                         property=\"headline\">WOBCOM erh\u00e4lt ein Tisax-Label<\/div>\n\n                    \n                    <div class=\"d-flex justify-content-between align-self-end align-items-center w-100\">\n                                                <time class=\"text-text-color font-family-light fw-light\"\n                              datetime=\"2024-09-30T10:32:14+02:00\"\n                              content=\"2024-09-30T10:32:14+02:00\"\n                              property=\"datePublished\">30. September 2024<\/time>\n                                                <a href=\"https:\/\/www.wobcom.de\/wobcom-erhaelt-tisax-label\/\" class=\"cpt-slider-link fw-500 font-family-medium\"\n                           aria-label=\"Mehr lesen\">Mehr lesen<\/a>\n                    <\/div>\n                <\/div>\n            <\/div>\n            \n            \n            \n    \n        \n                        <div class=\"card cpt-card d-flex flex-column flex-wrap\">\n                                                        <div class=\"cpt-card-image bg-image-no-repeat bg-image-cover\"\n                         style=\"background-image: url('https:\/\/www.wobcom.de\/geschaeftskunden\/wp-content\/uploads\/DINA4-Promo-Green-Router-Tag-der-Umwelt-Instagram-Post.png');\"><\/div>\n                \n                <div class=\"d-flex flex-wrap flex-fill align-items-between\">\n                                        <div class=\"text-start font-family-bold fw-bold w-100\"\n                         property=\"headline\">Angebot zum Tag der Nachhaltigkeit<\/div>\n\n                    \n                    <div class=\"d-flex justify-content-between align-self-end align-items-center w-100\">\n                                                <time class=\"text-text-color font-family-light fw-light\"\n                              datetime=\"2024-09-25T09:00:12+02:00\"\n                              content=\"2024-09-25T09:00:12+02:00\"\n                              property=\"datePublished\">25. September 2024<\/time>\n                                                <a href=\"https:\/\/www.wobcom.de\/tag-der-nachhaltigkeit\/\" class=\"cpt-slider-link fw-500 font-family-medium\"\n                           aria-label=\"Mehr lesen\">Mehr lesen<\/a>\n                    <\/div>\n                <\/div>\n            <\/div>\n            \n            \n            \n    \n        \n                        <div class=\"card cpt-card d-flex flex-column flex-wrap\">\n                                                        <div class=\"cpt-card-image bg-image-no-repeat bg-image-cover\"\n                         style=\"background-image: url('https:\/\/www.wobcom.de\/geschaeftskunden\/wp-content\/uploads\/Ruemmer_Vertragsverlaengerung-2.png');\"><\/div>\n                \n                <div class=\"d-flex flex-wrap flex-fill align-items-between\">\n                                        <div class=\"text-start font-family-bold fw-bold w-100\"\n                         property=\"headline\">Fristverl\u00e4ngerung f\u00fcr Glasfaserabschl\u00fcsse in R\u00fcmmer bis zum 30.09.2024<\/div>\n\n                    \n                    <div class=\"d-flex justify-content-between align-self-end align-items-center w-100\">\n                                                <time class=\"text-text-color font-family-light fw-light\"\n                              datetime=\"2024-09-16T08:59:24+02:00\"\n                              content=\"2024-09-16T08:59:24+02:00\"\n                              property=\"datePublished\">16. September 2024<\/time>\n                                                <a href=\"https:\/\/www.wobcom.de\/fristverlaengerung-fuer-glasfaserabschluesse-in-ruemmer-bis-zum-30-09-2024\/\" class=\"cpt-slider-link fw-500 font-family-medium\"\n                           aria-label=\"Mehr lesen\">Mehr lesen<\/a>\n                    <\/div>\n                <\/div>\n            <\/div>\n            \n            \n            \n    \n        \n                        <div class=\"card cpt-card d-flex flex-column flex-wrap\">\n                                                        <div class=\"cpt-card-image bg-image-no-repeat bg-image-cover\"\n                         style=\"background-image: url('https:\/\/www.wobcom.de\/geschaeftskunden\/wp-content\/uploads\/LINUX.png');\"><\/div>\n                \n                <div class=\"d-flex flex-wrap flex-fill align-items-between\">\n                                        <div class=\"text-start font-family-bold fw-bold w-100\"\n                         property=\"headline\">System-Vielfalt f\u00fcr mehr Sicherheit und Unabh\u00e4ngigkeit<\/div>\n\n                    \n                    <div class=\"d-flex justify-content-between align-self-end align-items-center w-100\">\n                                                <time class=\"text-text-color font-family-light fw-light\"\n                              datetime=\"2024-09-09T10:09:25+02:00\"\n                              content=\"2024-09-09T10:09:25+02:00\"\n                              property=\"datePublished\">9. September 2024<\/time>\n                                                <a href=\"https:\/\/www.wobcom.de\/system-vielfalt-fuer-mehr-sicherheit-und-unabhaengigkeit\/\" class=\"cpt-slider-link fw-500 font-family-medium\"\n                           aria-label=\"Mehr lesen\">Mehr lesen<\/a>\n                    <\/div>\n                <\/div>\n            <\/div>\n            \n            \n            \n    \n        \n                        <div class=\"card cpt-card d-flex flex-column flex-wrap\">\n                                                        <div class=\"cpt-card-image bg-image-no-repeat bg-image-cover\"\n                         style=\"background-image: url('https:\/\/www.wobcom.de\/geschaeftskunden\/wp-content\/uploads\/Wendschott_Sommerfeld_Grafik_PM_HP.png');\"><\/div>\n                \n                <div class=\"d-flex flex-wrap flex-fill align-items-between\">\n                                        <div class=\"text-start font-family-bold fw-bold w-100\"\n                         property=\"headline\">Glasfaser f\u00fcr Wendschott-Sommerfeld<\/div>\n\n                    \n                    <div class=\"d-flex justify-content-between align-self-end align-items-center w-100\">\n                                                <time class=\"text-text-color font-family-light fw-light\"\n                              datetime=\"2024-09-05T12:57:15+02:00\"\n                              content=\"2024-09-05T12:57:15+02:00\"\n                              property=\"datePublished\">5. September 2024<\/time>\n                                                <a href=\"https:\/\/www.wobcom.de\/glasfaser-fuer-wendschott-sommerfeld\/\" class=\"cpt-slider-link fw-500 font-family-medium\"\n                           aria-label=\"Mehr lesen\">Mehr lesen<\/a>\n                    <\/div>\n                <\/div>\n            <\/div>\n            \n            \n            \n    \n        \n                        <div class=\"card cpt-card d-flex flex-column flex-wrap\">\n                                                        <div class=\"cpt-card-image bg-image-no-repeat bg-image-cover\"\n                         style=\"background-image: url('https:\/\/www.wobcom.de\/geschaeftskunden\/wp-content\/uploads\/2-1.png');\"><\/div>\n                \n                <div class=\"d-flex flex-wrap flex-fill align-items-between\">\n                                        <div class=\"text-start font-family-bold fw-bold w-100\"\n                         property=\"headline\">Are you ready? Attention - Go: Unser Drachenbootrennen 2024<\/div>\n\n                    \n                    <div class=\"d-flex justify-content-between align-self-end align-items-center w-100\">\n                                                <time class=\"text-text-color font-family-light fw-light\"\n                              datetime=\"2024-09-03T16:17:33+02:00\"\n                              content=\"2024-09-03T16:17:33+02:00\"\n                              property=\"datePublished\">3. September 2024<\/time>\n                                                <a href=\"https:\/\/www.wobcom.de\/unser-drachenbootwochenende-2024\/\" class=\"cpt-slider-link fw-500 font-family-medium\"\n                           aria-label=\"Mehr lesen\">Mehr lesen<\/a>\n                    <\/div>\n                <\/div>\n            <\/div>\n            \n            \n            \n    \n        \n                        <div class=\"card cpt-card d-flex flex-column flex-wrap\">\n                                                        <div class=\"cpt-card-image bg-image-no-repeat bg-image-cover\"\n                         style=\"background-image: url('https:\/\/www.wobcom.de\/geschaeftskunden\/wp-content\/uploads\/WOBCOM-x-WOBtalk.png');\"><\/div>\n                \n                <div class=\"d-flex flex-wrap flex-fill align-items-between\">\n                                        <div class=\"text-start font-family-bold fw-bold w-100\"\n                         property=\"headline\">Neue Vertriebspartnerschaft: Wolfsburger Unternehmen WOBtalk und WOBCOM koop...<\/div>\n\n                    \n                    <div class=\"d-flex justify-content-between align-self-end align-items-center w-100\">\n                                                <time class=\"text-text-color font-family-light fw-light\"\n                              datetime=\"2024-08-22T07:00:42+02:00\"\n                              content=\"2024-08-22T07:00:42+02:00\"\n                              property=\"datePublished\">22. August 2024<\/time>\n                                                <a href=\"https:\/\/www.wobcom.de\/neue-vertriebspartnerschaft-wolfsburger-unternehmen-wobtalk-und-wobcom-kooperieren\/\" class=\"cpt-slider-link fw-500 font-family-medium\"\n                           aria-label=\"Mehr lesen\">Mehr lesen<\/a>\n                    <\/div>\n                <\/div>\n            <\/div>\n            \n            \n            \n    \n        \n                        <div class=\"card cpt-card d-flex flex-column flex-wrap\">\n                                                        <div class=\"cpt-card-image bg-image-no-repeat bg-image-cover\"\n                         style=\"background-image: url('https:\/\/www.wobcom.de\/geschaeftskunden\/wp-content\/uploads\/JUNIOR-Magazin.png');\"><\/div>\n                \n                <div class=\"d-flex flex-wrap flex-fill align-items-between\">\n                                        <div class=\"text-start font-family-bold fw-bold w-100\"\n                         property=\"headline\">Neue Partnerschaft: JUNIOR-Magazin im Klinikum Wolfsburg<\/div>\n\n                    \n                    <div class=\"d-flex justify-content-between align-self-end align-items-center w-100\">\n                                                <time class=\"text-text-color font-family-light fw-light\"\n                              datetime=\"2024-08-18T08:00:50+02:00\"\n                              content=\"2024-08-18T08:00:50+02:00\"\n                              property=\"datePublished\">18. August 2024<\/time>\n                                                <a href=\"https:\/\/www.wobcom.de\/hausbegehungen-in-den-grauen-flecken-starten-2\/\" class=\"cpt-slider-link fw-500 font-family-medium\"\n                           aria-label=\"Mehr lesen\">Mehr lesen<\/a>\n                    <\/div>\n                <\/div>\n            <\/div>\n            \n            \n            \n    \n        \n                        <div class=\"card cpt-card d-flex flex-column flex-wrap\">\n                                                        <div class=\"cpt-card-image bg-image-no-repeat bg-image-cover\"\n                         style=\"background-image: url('https:\/\/www.wobcom.de\/geschaeftskunden\/wp-content\/uploads\/BIBTECH-Hausbegehung-Instagram-Post-1.png');\"><\/div>\n                \n                <div class=\"d-flex flex-wrap flex-fill align-items-between\">\n                                        <div class=\"text-start font-family-bold fw-bold w-100\"\n                         property=\"headline\">Hausbegehungen in den Grauen Flecken starten<\/div>\n\n                    \n                    <div class=\"d-flex justify-content-between align-self-end align-items-center w-100\">\n                                                <time class=\"text-text-color font-family-light fw-light\"\n                              datetime=\"2024-08-10T08:00:19+02:00\"\n                              content=\"2024-08-10T08:00:19+02:00\"\n                              property=\"datePublished\">10. August 2024<\/time>\n                                                <a href=\"https:\/\/www.wobcom.de\/hausbegehungen-in-den-grauen-flecken-starten\/\" class=\"cpt-slider-link fw-500 font-family-medium\"\n                           aria-label=\"Mehr lesen\">Mehr lesen<\/a>\n                    <\/div>\n                <\/div>\n            <\/div>\n            \n            \n            \n    \n        \n                        <div class=\"card cpt-card d-flex flex-column flex-wrap\">\n                                                        <div class=\"cpt-card-image bg-image-no-repeat bg-image-cover\"\n                         style=\"background-image: url('https:\/\/www.wobcom.de\/geschaeftskunden\/wp-content\/uploads\/Glasfaser_Modell-scaled.jpg');\"><\/div>\n                \n                <div class=\"d-flex flex-wrap flex-fill align-items-between\">\n                                        <div class=\"text-start font-family-bold fw-bold w-100\"\n                         property=\"headline\">Glasfaser f\u00fcr R\u00fcmmer: Vierte Ortschaft im gemeinsamen Breitband-Projekt von ...<\/div>\n\n                    \n                    <div class=\"d-flex justify-content-between align-self-end align-items-center w-100\">\n                                                <time class=\"text-text-color font-family-light fw-light\"\n                              datetime=\"2024-08-01T08:53:12+02:00\"\n                              content=\"2024-08-01T08:53:12+02:00\"\n                              property=\"datePublished\">1. August 2024<\/time>\n                                                <a href=\"https:\/\/www.wobcom.de\/glasfaser-fuer-ruemmer\/\" class=\"cpt-slider-link fw-500 font-family-medium\"\n                           aria-label=\"Mehr lesen\">Mehr lesen<\/a>\n                    <\/div>\n                <\/div>\n            <\/div>\n            \n            \n            \n    \n        \n                        <div class=\"card cpt-card d-flex flex-column flex-wrap\">\n                                                        <div class=\"cpt-card-image bg-image-no-repeat bg-image-cover\"\n                         style=\"background-image: url('https:\/\/www.wobcom.de\/geschaeftskunden\/wp-content\/uploads\/VfL-Partnerschaft_Stadtwerke_WOBCOM-1.png');\"><\/div>\n                \n                <div class=\"d-flex flex-wrap flex-fill align-items-between\">\n                                        <div class=\"text-start font-family-bold fw-bold w-100\"\n                         property=\"headline\">Regionale Partnerschaft mit VfL Wolfsburg verl\u00e4ngert<\/div>\n\n                    \n                    <div class=\"d-flex justify-content-between align-self-end align-items-center w-100\">\n                                                <time class=\"text-text-color font-family-light fw-light\"\n                              datetime=\"2024-07-24T14:17:19+02:00\"\n                              content=\"2024-07-24T14:17:19+02:00\"\n                              property=\"datePublished\">24. Juli 2024<\/time>\n                                                <a href=\"https:\/\/www.wobcom.de\/regionale-partnerschaft-mit-vfl-wolfsburg-verlaengert\/\" class=\"cpt-slider-link fw-500 font-family-medium\"\n                           aria-label=\"Mehr lesen\">Mehr lesen<\/a>\n                    <\/div>\n                <\/div>\n            <\/div>\n            \n            \n            \n    \n        \n                        <div class=\"card cpt-card d-flex flex-column flex-wrap\">\n                                                        <div class=\"cpt-card-image bg-image-no-repeat bg-image-cover\"\n                         style=\"background-image: url('https:\/\/www.wobcom.de\/geschaeftskunden\/wp-content\/uploads\/Vertriebsteam_Caza_Wobcom.png');\"><\/div>\n                \n                <div class=\"d-flex flex-wrap flex-fill align-items-between\">\n                                        <div class=\"text-start font-family-bold fw-bold w-100\"\n                         property=\"headline\">Beratungsservice direkt bei Ihnen Zuhause<\/div>\n\n                    \n                    <div class=\"d-flex justify-content-between align-self-end align-items-center w-100\">\n                                                <time class=\"text-text-color font-family-light fw-light\"\n                              datetime=\"2024-07-08T15:08:38+02:00\"\n                              content=\"2024-07-08T15:08:38+02:00\"\n                              property=\"datePublished\">8. Juli 2024<\/time>\n                                                <a href=\"https:\/\/www.wobcom.de\/beratungsservice-direkt-bei-ihnen-zuhause\/\" class=\"cpt-slider-link fw-500 font-family-medium\"\n                           aria-label=\"Mehr lesen\">Mehr lesen<\/a>\n                    <\/div>\n                <\/div>\n            <\/div>\n            \n            \n            \n    \n        \n                        <div class=\"card cpt-card d-flex flex-column flex-wrap\">\n                                                        <div class=\"cpt-card-image bg-image-no-repeat bg-image-cover\"\n                         style=\"background-image: url('https:\/\/www.wobcom.de\/geschaeftskunden\/wp-content\/uploads\/Deutsche-Glasfaser1.png');\"><\/div>\n                \n                <div class=\"d-flex flex-wrap flex-fill align-items-between\">\n                                        <div class=\"text-start font-family-bold fw-bold w-100\"\n                         property=\"headline\">Deutsche Glasfaser und WOBCOM kooperieren: Mehr Glasfaserangebote f\u00fcr Hausha...<\/div>\n\n                    \n                    <div class=\"d-flex justify-content-between align-self-end align-items-center w-100\">\n                                                <time class=\"text-text-color font-family-light fw-light\"\n                              datetime=\"2024-07-08T11:00:22+02:00\"\n                              content=\"2024-07-08T11:00:22+02:00\"\n                              property=\"datePublished\">8. Juli 2024<\/time>\n                                                <a href=\"https:\/\/www.wobcom.de\/mehr-glasfaserangebote-fuer-haushalte-in-und-um-wolfsburg-deutsche-glasfaser-und-wobcom-kooperieren\/\" class=\"cpt-slider-link fw-500 font-family-medium\"\n                           aria-label=\"Mehr lesen\">Mehr lesen<\/a>\n                    <\/div>\n                <\/div>\n            <\/div>\n            \n            \n            \n    \n        \n                        <div class=\"card cpt-card d-flex flex-column flex-wrap\">\n                                                        <div class=\"cpt-card-image bg-image-no-repeat bg-image-cover\"\n                         style=\"background-image: url('https:\/\/www.wobcom.de\/geschaeftskunden\/wp-content\/uploads\/2.png');\"><\/div>\n                \n                <div class=\"d-flex flex-wrap flex-fill align-items-between\">\n                                        <div class=\"text-start font-family-bold fw-bold w-100\"\n                         property=\"headline\">WOBCOM f\u00fchrte 30 Senior:innen in die Welt des Smartphones ein<\/div>\n\n                    \n                    <div class=\"d-flex justify-content-between align-self-end align-items-center w-100\">\n                                                <time class=\"text-text-color font-family-light fw-light\"\n                              datetime=\"2024-06-13T16:58:21+02:00\"\n                              content=\"2024-06-13T16:58:21+02:00\"\n                              property=\"datePublished\">13. Juni 2024<\/time>\n                                                <a href=\"https:\/\/www.wobcom.de\/wobcom-fuehrte-30-seniorinnen-in-die-welt-des-smartphones-ein\/\" class=\"cpt-slider-link fw-500 font-family-medium\"\n                           aria-label=\"Mehr lesen\">Mehr lesen<\/a>\n                    <\/div>\n                <\/div>\n            <\/div>\n            \n            \n            \n    \n        \n                        <div class=\"card cpt-card d-flex flex-column flex-wrap\">\n                                                        <div class=\"cpt-card-image bg-image-no-repeat bg-image-cover\"\n                         style=\"background-image: url('https:\/\/www.wobcom.de\/geschaeftskunden\/wp-content\/uploads\/WOBCOM-Kundenberatung-im-WNT-scaled.jpg');\"><\/div>\n                \n                <div class=\"d-flex flex-wrap flex-fill align-items-between\">\n                                        <div class=\"text-start font-family-bold fw-bold w-100\"\n                         property=\"headline\">TV-Beratung im WOBCOM-Kundencenter am Samstag, 15. Juni<\/div>\n\n                    \n                    <div class=\"d-flex justify-content-between align-self-end align-items-center w-100\">\n                                                <time class=\"text-text-color font-family-light fw-light\"\n                              datetime=\"2024-06-11T08:00:43+02:00\"\n                              content=\"2024-06-11T08:00:43+02:00\"\n                              property=\"datePublished\">11. Juni 2024<\/time>\n                                                <a href=\"https:\/\/www.wobcom.de\/tv-beratung-im-wobcom-kundencenter-am-samstag-15-juni\/\" class=\"cpt-slider-link fw-500 font-family-medium\"\n                           aria-label=\"Mehr lesen\">Mehr lesen<\/a>\n                    <\/div>\n                <\/div>\n            <\/div>\n            \n            \n            \n    \n        \n                        <div class=\"card cpt-card d-flex flex-column flex-wrap\">\n                                                        <div class=\"cpt-card-image bg-image-no-repeat bg-image-cover\"\n                         style=\"background-image: url('https:\/\/www.wobcom.de\/geschaeftskunden\/wp-content\/uploads\/WOBCOM_Green-Router_Wiese-scaled.jpg');\"><\/div>\n                \n                <div class=\"d-flex flex-wrap flex-fill align-items-between\">\n                                        <div class=\"text-start font-family-bold fw-bold w-100\"\n                         property=\"headline\">WOBCOM f\u00fchrt Green Router ein<\/div>\n\n                    \n                    <div class=\"d-flex justify-content-between align-self-end align-items-center w-100\">\n                                                <time class=\"text-text-color font-family-light fw-light\"\n                              datetime=\"2024-06-06T13:01:19+02:00\"\n                              content=\"2024-06-06T13:01:19+02:00\"\n                              property=\"datePublished\">6. Juni 2024<\/time>\n                                                <a href=\"https:\/\/www.wobcom.de\/wobcom-fuehrt-green-router-ein\/\" class=\"cpt-slider-link fw-500 font-family-medium\"\n                           aria-label=\"Mehr lesen\">Mehr lesen<\/a>\n                    <\/div>\n                <\/div>\n            <\/div>\n            \n            \n            \n    \n        \n                        <div class=\"card cpt-card d-flex flex-column flex-wrap\">\n                \n                <div class=\"d-flex flex-wrap flex-fill align-items-between\">\n                                        <div class=\"text-start font-family-bold fw-bold w-100\"\n                         property=\"headline\">Glasfaser-Netzausbau in Barnstorf, Brackstedt, Hehlingen, Velstove, Wendscho...<\/div>\n\n                                                                    <div class=\"text-start font-family-regular fw-normal w-100\">\n                                                    <\/div>\n                    \n                    <div class=\"d-flex justify-content-between align-self-end align-items-center w-100\">\n                                                <time class=\"text-text-color font-family-light fw-light\"\n                              datetime=\"2024-05-31T09:56:22+02:00\"\n                              content=\"2024-05-31T09:56:22+02:00\"\n                              property=\"datePublished\">31. Mai 2024<\/time>\n                                                <a href=\"https:\/\/www.wobcom.de\/glasfaser-netzausbau-in-barnstorf-brackstedt-hehlingen-velstove-wendschott-sowie-der-suelfelder-schleusensiedlung-das-foerderprogramm-graue-flecken-bietet-die-moeglichkeit-eines\/\" class=\"cpt-slider-link fw-500 font-family-medium\"\n                           aria-label=\"Mehr lesen\">Mehr lesen<\/a>\n                    <\/div>\n                <\/div>\n            <\/div>\n            \n            \n            \n    \n        \n                        <div class=\"card cpt-card d-flex flex-column flex-wrap\">\n                                                        <div class=\"cpt-card-image bg-image-no-repeat bg-image-cover\"\n                         style=\"background-image: url('https:\/\/www.wobcom.de\/geschaeftskunden\/wp-content\/uploads\/Newsbeitrag_Theaterkoop.png');\"><\/div>\n                \n                <div class=\"d-flex flex-wrap flex-fill align-items-between\">\n                                        <div class=\"text-start font-family-bold fw-bold w-100\"\n                         property=\"headline\">Gemeinsame Kooperation mit Scharoun-Theater Wolfsburg<\/div>\n\n                    \n                    <div class=\"d-flex justify-content-between align-self-end align-items-center w-100\">\n                                                <time class=\"text-text-color font-family-light fw-light\"\n                              datetime=\"2024-05-30T17:00:37+02:00\"\n                              content=\"2024-05-30T17:00:37+02:00\"\n                              property=\"datePublished\">30. Mai 2024<\/time>\n                                                <a href=\"https:\/\/www.wobcom.de\/theater\/\" class=\"cpt-slider-link fw-500 font-family-medium\"\n                           aria-label=\"Mehr lesen\">Mehr lesen<\/a>\n                    <\/div>\n                <\/div>\n            <\/div>\n            \n            \n            \n    \n        \n                        <div class=\"card cpt-card d-flex flex-column flex-wrap\">\n                                                        <div class=\"cpt-card-image bg-image-no-repeat bg-image-cover\"\n                         style=\"background-image: url('https:\/\/www.wobcom.de\/geschaeftskunden\/wp-content\/uploads\/20220929_pz_0271-scaled.jpg');\"><\/div>\n                \n                <div class=\"d-flex flex-wrap flex-fill align-items-between\">\n                                        <div class=\"text-start font-family-bold fw-bold w-100\"\n                         property=\"headline\">Green Router von WOBCOM und Seloca - ein Interview<\/div>\n\n                    \n                    <div class=\"d-flex justify-content-between align-self-end align-items-center w-100\">\n                                                <time class=\"text-text-color font-family-light fw-light\"\n                              datetime=\"2024-05-23T07:56:43+02:00\"\n                              content=\"2024-05-23T07:56:43+02:00\"\n                              property=\"datePublished\">23. Mai 2024<\/time>\n                                                <a href=\"https:\/\/www.wobcom.de\/green-router-interview\/\" class=\"cpt-slider-link fw-500 font-family-medium\"\n                           aria-label=\"Mehr lesen\">Mehr lesen<\/a>\n                    <\/div>\n                <\/div>\n            <\/div>\n            \n            \n            \n    \n        \n                        <div class=\"card cpt-card d-flex flex-column flex-wrap\">\n                                                        <div class=\"cpt-card-image bg-image-no-repeat bg-image-cover\"\n                         style=\"background-image: url('https:\/\/www.wobcom.de\/geschaeftskunden\/wp-content\/uploads\/SmartphoneSchulung20230616027-scaled.jpg');\"><\/div>\n                \n                <div class=\"d-flex flex-wrap flex-fill align-items-between\">\n                                        <div class=\"text-start font-family-bold fw-bold w-100\"\n                         property=\"headline\">Tag der Digitalisierung am 07. Juni 2024: Kostenlose Smartphone-Schulung f\u00fcr...<\/div>\n\n                    \n                    <div class=\"d-flex justify-content-between align-self-end align-items-center w-100\">\n                                                <time class=\"text-text-color font-family-light fw-light\"\n                              datetime=\"2024-05-22T11:03:23+02:00\"\n                              content=\"2024-05-22T11:03:23+02:00\"\n                              property=\"datePublished\">22. Mai 2024<\/time>\n                                                <a href=\"https:\/\/www.wobcom.de\/tag-der-digitalisierung-am-07-juni-2024-kostenlose-smartphone-schulung-fuer-seniorinnen-bei-der-wobcom\/\" class=\"cpt-slider-link fw-500 font-family-medium\"\n                           aria-label=\"Mehr lesen\">Mehr lesen<\/a>\n                    <\/div>\n                <\/div>\n            <\/div>\n            \n            \n            \n    \n        \n                        <div class=\"card cpt-card d-flex flex-column flex-wrap\">\n                                                        <div class=\"cpt-card-image bg-image-no-repeat bg-image-cover\"\n                         style=\"background-image: url('https:\/\/www.wobcom.de\/geschaeftskunden\/wp-content\/uploads\/20240516_WOBCOM_Pressemitteilung_KI-Chatbot.jpeg');\"><\/div>\n                \n                <div class=\"d-flex flex-wrap flex-fill align-items-between\">\n                                        <div class=\"text-start font-family-bold fw-bold w-100\"\n                         property=\"headline\">WOBCOM launcht Chatbot basierend auf k\u00fcnstlicher Intelligenz<\/div>\n\n                    \n                    <div class=\"d-flex justify-content-between align-self-end align-items-center w-100\">\n                                                <time class=\"text-text-color font-family-light fw-light\"\n                              datetime=\"2024-05-16T17:39:48+02:00\"\n                              content=\"2024-05-16T17:39:48+02:00\"\n                              property=\"datePublished\">16. Mai 2024<\/time>\n                                                <a href=\"https:\/\/www.wobcom.de\/wobcom-launcht-chatbot-basierend-auf-kuenstlicher-intelligenz\/\" class=\"cpt-slider-link fw-500 font-family-medium\"\n                           aria-label=\"Mehr lesen\">Mehr lesen<\/a>\n                    <\/div>\n                <\/div>\n            <\/div>\n            \n            \n            \n    \n        \n                        <div class=\"card cpt-card d-flex flex-column flex-wrap\">\n                                                        <div class=\"cpt-card-image bg-image-no-repeat bg-image-cover\"\n                         style=\"background-image: url('https:\/\/www.wobcom.de\/geschaeftskunden\/wp-content\/uploads\/Glasfasern_Nachaufnahme_WOBCOM-scaled.jpg');\"><\/div>\n                \n                <div class=\"d-flex flex-wrap flex-fill align-items-between\">\n                                        <div class=\"text-start font-family-bold fw-bold w-100\"\n                         property=\"headline\">Volkmarsdorf auf der \u00dcberholspur: Glasfasernetz kommt<\/div>\n\n                    \n                    <div class=\"d-flex justify-content-between align-self-end align-items-center w-100\">\n                                                <time class=\"text-text-color font-family-light fw-light\"\n                              datetime=\"2024-05-08T12:16:30+02:00\"\n                              content=\"2024-05-08T12:16:30+02:00\"\n                              property=\"datePublished\">8. Mai 2024<\/time>\n                                                <a href=\"https:\/\/www.wobcom.de\/volkmarsdorf-auf-der-ueberholspur-glasfasernetz-kommt\/\" class=\"cpt-slider-link fw-500 font-family-medium\"\n                           aria-label=\"Mehr lesen\">Mehr lesen<\/a>\n                    <\/div>\n                <\/div>\n            <\/div>\n            \n            \n            \n    \n        \n                        <div class=\"card cpt-card d-flex flex-column flex-wrap\">\n                                                        <div class=\"cpt-card-image bg-image-no-repeat bg-image-cover\"\n                         style=\"background-image: url('https:\/\/www.wobcom.de\/geschaeftskunden\/wp-content\/uploads\/20240422_WOBCOM_Pressemitteilung_Sonnenkamp_Bild2-scaled.jpg');\"><\/div>\n                \n                <div class=\"d-flex flex-wrap flex-fill align-items-between\">\n                                        <div class=\"text-start font-family-bold fw-bold w-100\"\n                         property=\"headline\">WOBCOM Glasfaser im Sonnenkamp<\/div>\n\n                    \n                    <div class=\"d-flex justify-content-between align-self-end align-items-center w-100\">\n                                                <time class=\"text-text-color font-family-light fw-light\"\n                              datetime=\"2024-04-22T17:20:42+02:00\"\n                              content=\"2024-04-22T17:20:42+02:00\"\n                              property=\"datePublished\">22. April 2024<\/time>\n                                                <a href=\"https:\/\/www.wobcom.de\/wobcom-glasfaser-im-sonnenkamp\/\" class=\"cpt-slider-link fw-500 font-family-medium\"\n                           aria-label=\"Mehr lesen\">Mehr lesen<\/a>\n                    <\/div>\n                <\/div>\n            <\/div>\n            \n            \n            \n    \n        \n                        <div class=\"card cpt-card d-flex flex-column flex-wrap\">\n                                                        <div class=\"cpt-card-image bg-image-no-repeat bg-image-cover\"\n                         style=\"background-image: url('https:\/\/www.wobcom.de\/geschaeftskunden\/wp-content\/uploads\/Lebenshilfe_News.png');\"><\/div>\n                \n                <div class=\"d-flex flex-wrap flex-fill align-items-between\">\n                                        <div class=\"text-start font-family-bold fw-bold w-100\"\n                         property=\"headline\">Nachhaltigkeit anders gedacht: Upcycling mit der Lebenshilfe<\/div>\n\n                    \n                    <div class=\"d-flex justify-content-between align-self-end align-items-center w-100\">\n                                                <time class=\"text-text-color font-family-light fw-light\"\n                              datetime=\"2024-04-15T10:55:17+02:00\"\n                              content=\"2024-04-15T10:55:17+02:00\"\n                              property=\"datePublished\">15. April 2024<\/time>\n                                                <a href=\"https:\/\/www.wobcom.de\/glasfaser-internet-bereits-jetzt-im-sonnenkamp-verfuegbar-2\/\" class=\"cpt-slider-link fw-500 font-family-medium\"\n                           aria-label=\"Mehr lesen\">Mehr lesen<\/a>\n                    <\/div>\n                <\/div>\n            <\/div>\n            \n            \n            \n    \n        \n                        <div class=\"card cpt-card d-flex flex-column flex-wrap\">\n                                                        <div class=\"cpt-card-image bg-image-no-repeat bg-image-cover\"\n                         style=\"background-image: url('https:\/\/www.wobcom.de\/geschaeftskunden\/wp-content\/uploads\/Volkmarsdorf_Foto_News-1.png');\"><\/div>\n                \n                <div class=\"d-flex flex-wrap flex-fill align-items-between\">\n                                        <div class=\"text-start font-family-bold fw-bold w-100\"\n                         property=\"headline\">Glasfaser f\u00fcr Volkmarsdorf: N\u00e4chster Schritt bei gemeinsamem Projekt von WOB...<\/div>\n\n                    \n                    <div class=\"d-flex justify-content-between align-self-end align-items-center w-100\">\n                                                <time class=\"text-text-color font-family-light fw-light\"\n                              datetime=\"2024-04-09T08:30:12+02:00\"\n                              content=\"2024-04-09T08:30:12+02:00\"\n                              property=\"datePublished\">9. April 2024<\/time>\n                                                <a href=\"https:\/\/www.wobcom.de\/glasfaser-fuer-volkmarsdorf\/\" class=\"cpt-slider-link fw-500 font-family-medium\"\n                           aria-label=\"Mehr lesen\">Mehr lesen<\/a>\n                    <\/div>\n                <\/div>\n            <\/div>\n            \n            \n            \n    \n        \n                        <div class=\"card cpt-card d-flex flex-column flex-wrap\">\n                                                        <div class=\"cpt-card-image bg-image-no-repeat bg-image-cover\"\n                         style=\"background-image: url('https:\/\/www.wobcom.de\/geschaeftskunden\/wp-content\/uploads\/A81C959A-0938-47B2-83EC-CD1D61B4BD3F.png');\"><\/div>\n                \n                <div class=\"d-flex flex-wrap flex-fill align-items-between\">\n                                        <div class=\"text-start font-family-bold fw-bold w-100\"\n                         property=\"headline\">Glasfaser-Internet - bereits jetzt im Sonnenkamp verf\u00fcgbar<\/div>\n\n                    \n                    <div class=\"d-flex justify-content-between align-self-end align-items-center w-100\">\n                                                <time class=\"text-text-color font-family-light fw-light\"\n                              datetime=\"2024-03-18T11:37:58+01:00\"\n                              content=\"2024-03-18T11:37:58+01:00\"\n                              property=\"datePublished\">18. M\u00e4rz 2024<\/time>\n                                                <a href=\"https:\/\/www.wobcom.de\/glasfaser-internet-bereits-jetzt-im-sonnenkamp-verfuegbar\/\" class=\"cpt-slider-link fw-500 font-family-medium\"\n                           aria-label=\"Mehr lesen\">Mehr lesen<\/a>\n                    <\/div>\n                <\/div>\n            <\/div>\n            \n            \n            \n    \n        \n                        <div class=\"card cpt-card d-flex flex-column flex-wrap\">\n                                                        <div class=\"cpt-card-image bg-image-no-repeat bg-image-cover\"\n                         style=\"background-image: url('https:\/\/www.wobcom.de\/geschaeftskunden\/wp-content\/uploads\/Auszeichnung_Echte_Glasfaserkommune-scaled.jpg');\"><\/div>\n                \n                <div class=\"d-flex flex-wrap flex-fill align-items-between\">\n                                        <div class=\"text-start font-family-bold fw-bold w-100\"\n                         property=\"headline\">Eine Auszeichnung f\u00fcr Wolfsburgs Glasfaserausbau<\/div>\n\n                    \n                    <div class=\"d-flex justify-content-between align-self-end align-items-center w-100\">\n                                                <time class=\"text-text-color font-family-light fw-light\"\n                              datetime=\"2024-03-07T12:03:03+01:00\"\n                              content=\"2024-03-07T12:03:03+01:00\"\n                              property=\"datePublished\">7. M\u00e4rz 2024<\/time>\n                                                <a href=\"https:\/\/www.wobcom.de\/eine-auszeichnung-fuer-wolfsburgs-glasfaserausbau\/\" class=\"cpt-slider-link fw-500 font-family-medium\"\n                           aria-label=\"Mehr lesen\">Mehr lesen<\/a>\n                    <\/div>\n                <\/div>\n            <\/div>\n            \n            \n            \n    \n        \n                        <div class=\"card cpt-card d-flex flex-column flex-wrap\">\n                                                        <div class=\"cpt-card-image bg-image-no-repeat bg-image-cover\"\n                         style=\"background-image: url('https:\/\/www.wobcom.de\/geschaeftskunden\/wp-content\/uploads\/Grafik_Unser_Osterei_fuer_dich.png');\"><\/div>\n                \n                <div class=\"d-flex flex-wrap flex-fill align-items-between\">\n                                        <div class=\"text-start font-family-bold fw-bold w-100\"\n                         property=\"headline\">Unser Osterei f\u00fcr dich.<\/div>\n\n                    \n                    <div class=\"d-flex justify-content-between align-self-end align-items-center w-100\">\n                                                <time class=\"text-text-color font-family-light fw-light\"\n                              datetime=\"2024-02-15T10:08:13+01:00\"\n                              content=\"2024-02-15T10:08:13+01:00\"\n                              property=\"datePublished\">15. Februar 2024<\/time>\n                                                <a href=\"https:\/\/www.wobcom.de\/unser-osterei-fuer-dich\/\" class=\"cpt-slider-link fw-500 font-family-medium\"\n                           aria-label=\"Mehr lesen\">Mehr lesen<\/a>\n                    <\/div>\n                <\/div>\n            <\/div>\n            \n            \n            \n    \n        \n                        <div class=\"card cpt-card d-flex flex-column flex-wrap\">\n                                                        <div class=\"cpt-card-image bg-image-no-repeat bg-image-cover\"\n                         style=\"background-image: url('https:\/\/www.wobcom.de\/geschaeftskunden\/wp-content\/uploads\/Inbetriebnahme_Klein_Sisbeck_Glasfaser_Newsbeitrag.png');\"><\/div>\n                \n                <div class=\"d-flex flex-wrap flex-fill align-items-between\">\n                                        <div class=\"text-start font-family-bold fw-bold w-100\"\n                         property=\"headline\">Erstes Glasfaserausbaugebiet in der Gemeinde Gro\u00df Tw\u00fclpstedt wird in Betrieb...<\/div>\n\n                    \n                    <div class=\"d-flex justify-content-between align-self-end align-items-center w-100\">\n                                                <time class=\"text-text-color font-family-light fw-light\"\n                              datetime=\"2024-02-06T10:13:35+01:00\"\n                              content=\"2024-02-06T10:13:35+01:00\"\n                              property=\"datePublished\">6. Februar 2024<\/time>\n                                                <a href=\"https:\/\/www.wobcom.de\/erstes-glasfaserausbaugebiet-in-der-gemeinde-gross-twuelpstedt-wird-in-betrieb-genommen\/\" class=\"cpt-slider-link fw-500 font-family-medium\"\n                           aria-label=\"Mehr lesen\">Mehr lesen<\/a>\n                    <\/div>\n                <\/div>\n            <\/div>\n            \n            \n            \n    \n        \n                        <div class=\"card cpt-card d-flex flex-column flex-wrap\">\n                                                        <div class=\"cpt-card-image bg-image-no-repeat bg-image-cover\"\n                         style=\"background-image: url('https:\/\/www.wobcom.de\/geschaeftskunden\/wp-content\/uploads\/20231212_Pressemitteilung_WOBCOM_Spende_Tafel_2.png');\"><\/div>\n                \n                <div class=\"d-flex flex-wrap flex-fill align-items-between\">\n                                        <div class=\"text-start font-family-bold fw-bold w-100\"\n                         property=\"headline\">WOBCOM spendet 1.000 Euro an die Wolfsburger Tafel e. V.<\/div>\n\n                    \n                    <div class=\"d-flex justify-content-between align-self-end align-items-center w-100\">\n                                                <time class=\"text-text-color font-family-light fw-light\"\n                              datetime=\"2023-12-12T11:00:04+01:00\"\n                              content=\"2023-12-12T11:00:04+01:00\"\n                              property=\"datePublished\">12. Dezember 2023<\/time>\n                                                <a href=\"https:\/\/www.wobcom.de\/wobcom-spendet-1-000-euro-an-die-wolfsburger-tafel-e-v\/\" class=\"cpt-slider-link fw-500 font-family-medium\"\n                           aria-label=\"Mehr lesen\">Mehr lesen<\/a>\n                    <\/div>\n                <\/div>\n            <\/div>\n            \n            \n            \n    \n        \n                        <div class=\"card cpt-card d-flex flex-column flex-wrap\">\n                                                        <div class=\"cpt-card-image bg-image-no-repeat bg-image-cover\"\n                         style=\"background-image: url('https:\/\/www.wobcom.de\/geschaeftskunden\/wp-content\/uploads\/Pressemitteilung_Gross_Sisbeck_bekommt_Glasfaser.png');\"><\/div>\n                \n                <div class=\"d-flex flex-wrap flex-fill align-items-between\">\n                                        <div class=\"text-start font-family-bold fw-bold w-100\"\n                         property=\"headline\">Anschlussquote erreicht: Gro\u00df Sisbeck bekommt Glasfaser<\/div>\n\n                    \n                    <div class=\"d-flex justify-content-between align-self-end align-items-center w-100\">\n                                                <time class=\"text-text-color font-family-light fw-light\"\n                              datetime=\"2023-12-08T16:00:47+01:00\"\n                              content=\"2023-12-08T16:00:47+01:00\"\n                              property=\"datePublished\">8. Dezember 2023<\/time>\n                                                <a href=\"https:\/\/www.wobcom.de\/anschlussquote-erreicht-gross-sisbeck-bekommt-glasfaser\/\" class=\"cpt-slider-link fw-500 font-family-medium\"\n                           aria-label=\"Mehr lesen\">Mehr lesen<\/a>\n                    <\/div>\n                <\/div>\n            <\/div>\n            \n            \n            \n    \n        \n                        <div class=\"card cpt-card d-flex flex-column flex-wrap\">\n                                                        <div class=\"cpt-card-image bg-image-no-repeat bg-image-cover\"\n                         style=\"background-image: url('https:\/\/www.wobcom.de\/geschaeftskunden\/wp-content\/uploads\/SoMe_Weihnachten_Nov_2023_02_pages-to-jpg-0001.jpg');\"><\/div>\n                \n                <div class=\"d-flex flex-wrap flex-fill align-items-between\">\n                                        <div class=\"text-start font-family-bold fw-bold w-100\"\n                         property=\"headline\">Festliche Verbindung mit der WOBCOM<\/div>\n\n                    \n                    <div class=\"d-flex justify-content-between align-self-end align-items-center w-100\">\n                                                <time class=\"text-text-color font-family-light fw-light\"\n                              datetime=\"2023-12-01T08:00:01+01:00\"\n                              content=\"2023-12-01T08:00:01+01:00\"\n                              property=\"datePublished\">1. Dezember 2023<\/time>\n                                                <a href=\"https:\/\/www.wobcom.de\/festliche-verbindung-mit-der-wobcom\/\" class=\"cpt-slider-link fw-500 font-family-medium\"\n                           aria-label=\"Mehr lesen\">Mehr lesen<\/a>\n                    <\/div>\n                <\/div>\n            <\/div>\n            \n            \n            \n    \n        \n                        <div class=\"card cpt-card d-flex flex-column flex-wrap\">\n                                                        <div class=\"cpt-card-image bg-image-no-repeat bg-image-cover\"\n                         style=\"background-image: url('https:\/\/www.wobcom.de\/geschaeftskunden\/wp-content\/uploads\/20220929_pz_0734-1-scaled.jpg');\"><\/div>\n                \n                <div class=\"d-flex flex-wrap flex-fill align-items-between\">\n                                        <div class=\"text-start font-family-bold fw-bold w-100\"\n                         property=\"headline\">Fristverl\u00e4ngerung f\u00fcr Glasfaserabschl\u00fcsse in Gro\u00df Sisbeck<\/div>\n\n                    \n                    <div class=\"d-flex justify-content-between align-self-end align-items-center w-100\">\n                                                <time class=\"text-text-color font-family-light fw-light\"\n                              datetime=\"2023-11-24T10:00:06+01:00\"\n                              content=\"2023-11-24T10:00:06+01:00\"\n                              property=\"datePublished\">24. November 2023<\/time>\n                                                <a href=\"https:\/\/www.wobcom.de\/fristverlaengerung-fuer-glasfaserabschluesse-in-gross-sisbeck\/\" class=\"cpt-slider-link fw-500 font-family-medium\"\n                           aria-label=\"Mehr lesen\">Mehr lesen<\/a>\n                    <\/div>\n                <\/div>\n            <\/div>\n            \n            \n            \n    \n        \n                        <div class=\"card cpt-card d-flex flex-column flex-wrap\">\n                                                        <div class=\"cpt-card-image bg-image-no-repeat bg-image-cover\"\n                         style=\"background-image: url('https:\/\/www.wobcom.de\/geschaeftskunden\/wp-content\/uploads\/20231101_Glasfaserausbau-Gross-Sisbeck-scaled.jpg');\"><\/div>\n                \n                <div class=\"d-flex flex-wrap flex-fill align-items-between\">\n                                        <div class=\"text-start font-family-bold fw-bold w-100\"\n                         property=\"headline\">Glasfaser f\u00fcr Gro\u00df Sisbeck: WOBCOM und L\u00fcnecom setzen gemeinsames Projekt in...<\/div>\n\n                    \n                    <div class=\"d-flex justify-content-between align-self-end align-items-center w-100\">\n                                                <time class=\"text-text-color font-family-light fw-light\"\n                              datetime=\"2023-11-01T11:35:13+01:00\"\n                              content=\"2023-11-01T11:35:13+01:00\"\n                              property=\"datePublished\">1. November 2023<\/time>\n                                                <a href=\"https:\/\/www.wobcom.de\/glasfaser-fuer-gross-sisbeck-wobcom-und-luenecom-setzen-gemeinsames-projekt-in-gemeinde-gross-twuelpstedt-fort\/\" class=\"cpt-slider-link fw-500 font-family-medium\"\n                           aria-label=\"Mehr lesen\">Mehr lesen<\/a>\n                    <\/div>\n                <\/div>\n            <\/div>\n            \n            \n            \n    \n        \n                        <div class=\"card cpt-card d-flex flex-column flex-wrap\">\n                                                        <div class=\"cpt-card-image bg-image-no-repeat bg-image-cover\"\n                         style=\"background-image: url('https:\/\/www.wobcom.de\/geschaeftskunden\/wp-content\/uploads\/Der-FutureCongress.digital-2023_Foto_Philipp_Ziebart-scaled.jpg');\"><\/div>\n                \n                <div class=\"d-flex flex-wrap flex-fill align-items-between\">\n                                        <div class=\"text-start font-family-bold fw-bold w-100\"\n                         property=\"headline\">Chancen und Herausforderungen der k\u00fcnstlichen Intelligenz f\u00fcr die Smart Mobi...<\/div>\n\n                    \n                    <div class=\"d-flex justify-content-between align-self-end align-items-center w-100\">\n                                                <time class=\"text-text-color font-family-light fw-light\"\n                              datetime=\"2023-10-17T14:20:38+02:00\"\n                              content=\"2023-10-17T14:20:38+02:00\"\n                              property=\"datePublished\">17. Oktober 2023<\/time>\n                                                <a href=\"https:\/\/www.wobcom.de\/chancen-und-herausforderungen-der-kuenstlichen-intelligenz-fuer-die-smart-mobility\/\" class=\"cpt-slider-link fw-500 font-family-medium\"\n                           aria-label=\"Mehr lesen\">Mehr lesen<\/a>\n                    <\/div>\n                <\/div>\n            <\/div>\n            \n            \n            \n    \n        \n                        <div class=\"card cpt-card d-flex flex-column flex-wrap\">\n                                                        <div class=\"cpt-card-image bg-image-no-repeat bg-image-cover\"\n                         style=\"background-image: url('https:\/\/www.wobcom.de\/geschaeftskunden\/wp-content\/uploads\/Graue_Flecken_Unterzeichnung_2023_squared.png');\"><\/div>\n                \n                <div class=\"d-flex flex-wrap flex-fill align-items-between\">\n                                        <div class=\"text-start font-family-bold fw-bold w-100\"\n                         property=\"headline\">Pressemitteilung der Stadt Wolfsburg: Einen Schritt weiter zum schnellen und...<\/div>\n\n                    \n                    <div class=\"d-flex justify-content-between align-self-end align-items-center w-100\">\n                                                <time class=\"text-text-color font-family-light fw-light\"\n                              datetime=\"2023-10-13T12:26:34+02:00\"\n                              content=\"2023-10-13T12:26:34+02:00\"\n                              property=\"datePublished\">13. Oktober 2023<\/time>\n                                                <a href=\"https:\/\/www.wobcom.de\/pressemitteilung-der-stadt-wolfsburg-einen-schritt-weiter-zum-schnellen-und-zuverlaessigen-internet\/\" class=\"cpt-slider-link fw-500 font-family-medium\"\n                           aria-label=\"Mehr lesen\">Mehr lesen<\/a>\n                    <\/div>\n                <\/div>\n            <\/div>\n            \n            \n            \n    \n        \n                        <div class=\"card cpt-card d-flex flex-column flex-wrap\">\n                                                        <div class=\"cpt-card-image bg-image-no-repeat bg-image-cover\"\n                         style=\"background-image: url('https:\/\/www.wobcom.de\/geschaeftskunden\/wp-content\/uploads\/EWSD.png');\"><\/div>\n                \n                <div class=\"d-flex flex-wrap flex-fill align-items-between\">\n                                        <div class=\"text-start font-family-bold fw-bold w-100\"\n                         property=\"headline\">WOBCOM beendet die ISDN-\u00c4ra<\/div>\n\n                    \n                    <div class=\"d-flex justify-content-between align-self-end align-items-center w-100\">\n                                                <time class=\"text-text-color font-family-light fw-light\"\n                              datetime=\"2023-10-06T11:21:38+02:00\"\n                              content=\"2023-10-06T11:21:38+02:00\"\n                              property=\"datePublished\">6. Oktober 2023<\/time>\n                                                <a href=\"https:\/\/www.wobcom.de\/wobcom-beendet-die-isdn-aera\/\" class=\"cpt-slider-link fw-500 font-family-medium\"\n                           aria-label=\"Mehr lesen\">Mehr lesen<\/a>\n                    <\/div>\n                <\/div>\n            <\/div>\n            \n            \n            \n    \n        \n                        <div class=\"card cpt-card d-flex flex-column flex-wrap\">\n                                                        <div class=\"cpt-card-image bg-image-no-repeat bg-image-cover\"\n                         style=\"background-image: url('https:\/\/www.wobcom.de\/geschaeftskunden\/wp-content\/uploads\/TP-Link-1.png');\"><\/div>\n                \n                <div class=\"d-flex flex-wrap flex-fill align-items-between\">\n                                        <div class=\"text-start font-family-bold fw-bold w-100\"\n                         property=\"headline\">Einf\u00fchrung des neuen Premium-Routers TP-Link VX800v bei der WOBCOM<\/div>\n\n                    \n                    <div class=\"d-flex justify-content-between align-self-end align-items-center w-100\">\n                                                <time class=\"text-text-color font-family-light fw-light\"\n                              datetime=\"2023-10-04T13:58:27+02:00\"\n                              content=\"2023-10-04T13:58:27+02:00\"\n                              property=\"datePublished\">4. Oktober 2023<\/time>\n                                                <a href=\"https:\/\/www.wobcom.de\/einfuehrung-des-neuen-premium-routers-tp-link-vx800v-bei-der-wobcom-eine-starke-partnerschaft-fuer-ausgezeichnete-internet-erlebnisse\/\" class=\"cpt-slider-link fw-500 font-family-medium\"\n                           aria-label=\"Mehr lesen\">Mehr lesen<\/a>\n                    <\/div>\n                <\/div>\n            <\/div>\n            \n            \n            \n    \n        \n                        <div class=\"card cpt-card d-flex flex-column flex-wrap\">\n                                                        <div class=\"cpt-card-image bg-image-no-repeat bg-image-cover\"\n                         style=\"background-image: url('https:\/\/www.wobcom.de\/geschaeftskunden\/wp-content\/uploads\/ArcheNet-10G-Anbindung.png');\"><\/div>\n                \n                <div class=\"d-flex flex-wrap flex-fill align-items-between\">\n                                        <div class=\"text-start font-family-bold fw-bold w-100\"\n                         property=\"headline\">Leitungs-Upgrade f\u00fcr Gemeinde Sassenburg: Dauerhaft stabiles Internet durch ...<\/div>\n\n                    \n                    <div class=\"d-flex justify-content-between align-self-end align-items-center w-100\">\n                                                <time class=\"text-text-color font-family-light fw-light\"\n                              datetime=\"2023-09-28T07:48:45+02:00\"\n                              content=\"2023-09-28T07:48:45+02:00\"\n                              property=\"datePublished\">28. September 2023<\/time>\n                                                <a href=\"https:\/\/www.wobcom.de\/leitungs-upgrade-fuer-gemeinde-sassenburg-dauerhaft-stabiles-internet-durch-neue-glasfaseranbindung\/\" class=\"cpt-slider-link fw-500 font-family-medium\"\n                           aria-label=\"Mehr lesen\">Mehr lesen<\/a>\n                    <\/div>\n                <\/div>\n            <\/div>\n            \n            \n            \n    \n        \n                        <div class=\"card cpt-card d-flex flex-column flex-wrap\">\n                                                        <div class=\"cpt-card-image bg-image-no-repeat bg-image-cover\"\n                         style=\"background-image: url('https:\/\/www.wobcom.de\/geschaeftskunden\/wp-content\/uploads\/Kundencenter_WOBCOM_in_der_Porschestrasse_Bild_WOBCOM.jpg');\"><\/div>\n                \n                <div class=\"d-flex flex-wrap flex-fill align-items-between\">\n                                        <div class=\"text-start font-family-bold fw-bold w-100\"\n                         property=\"headline\">WOBCOM-Team wieder vereint: Pers\u00f6nliche Beratungen ab Montag, 02. Oktober im...<\/div>\n\n                    \n                    <div class=\"d-flex justify-content-between align-self-end align-items-center w-100\">\n                                                <time class=\"text-text-color font-family-light fw-light\"\n                              datetime=\"2023-09-18T14:01:33+02:00\"\n                              content=\"2023-09-18T14:01:33+02:00\"\n                              property=\"datePublished\">18. September 2023<\/time>\n                                                <a href=\"https:\/\/www.wobcom.de\/wobcom-team-wieder-vereint-persoenliche-beratungen-ab-montag-02-oktober-im-wolfsburger-nordkopf-tower\/\" class=\"cpt-slider-link fw-500 font-family-medium\"\n                           aria-label=\"Mehr lesen\">Mehr lesen<\/a>\n                    <\/div>\n                <\/div>\n            <\/div>\n            \n            \n            \n    \n        \n                        <div class=\"card cpt-card d-flex flex-column flex-wrap\">\n                                                        <div class=\"cpt-card-image bg-image-no-repeat bg-image-cover\"\n                         style=\"background-image: url('https:\/\/www.wobcom.de\/geschaeftskunden\/wp-content\/uploads\/Individuelle-Beratungen-im-Wolfsburger-Stadtgebiet_WOBCOM_Pressemitteilung_Foto_WOBCOM_Philipp_Ziebart-2-scaled.jpg');\"><\/div>\n                \n                <div class=\"d-flex flex-wrap flex-fill align-items-between\">\n                                        <div class=\"text-start font-family-bold fw-bold w-100\"\n                         property=\"headline\">WOBCOM informiert \u00fcber Glasfaser in verschiedenen Stadtgebieten und bequem Z...<\/div>\n\n                    \n                    <div class=\"d-flex justify-content-between align-self-end align-items-center w-100\">\n                                                <time class=\"text-text-color font-family-light fw-light\"\n                              datetime=\"2023-09-08T10:35:23+02:00\"\n                              content=\"2023-09-08T10:35:23+02:00\"\n                              property=\"datePublished\">8. September 2023<\/time>\n                                                <a href=\"https:\/\/www.wobcom.de\/wobcom-informiert-ueber-glasfaser-in-verschiedenen-stadtgebieten-und-bequem-zuhause\/\" class=\"cpt-slider-link fw-500 font-family-medium\"\n                           aria-label=\"Mehr lesen\">Mehr lesen<\/a>\n                    <\/div>\n                <\/div>\n            <\/div>\n            \n            \n            \n    \n        \n                        <div class=\"card cpt-card d-flex flex-column flex-wrap\">\n                                                        <div class=\"cpt-card-image bg-image-no-repeat bg-image-cover\"\n                         style=\"background-image: url('https:\/\/www.wobcom.de\/geschaeftskunden\/wp-content\/uploads\/Neue-Doppelspitze-bei-der-Geschaeftsfuehrung-der-WOBCOM-1-scaled.jpg');\"><\/div>\n                \n                <div class=\"d-flex flex-wrap flex-fill align-items-between\">\n                                        <div class=\"text-start font-family-bold fw-bold w-100\"\n                         property=\"headline\">Neue Doppelspitze bei der Gesch\u00e4ftsf\u00fchrung der WOBCOM<\/div>\n\n                    \n                    <div class=\"d-flex justify-content-between align-self-end align-items-center w-100\">\n                                                <time class=\"text-text-color font-family-light fw-light\"\n                              datetime=\"2023-09-06T08:18:38+02:00\"\n                              content=\"2023-09-06T08:18:38+02:00\"\n                              property=\"datePublished\">6. September 2023<\/time>\n                                                <a href=\"https:\/\/www.wobcom.de\/neue-doppelspitze-bei-der-geschaeftsfuehrung-der-wobcom\/\" class=\"cpt-slider-link fw-500 font-family-medium\"\n                           aria-label=\"Mehr lesen\">Mehr lesen<\/a>\n                    <\/div>\n                <\/div>\n            <\/div>\n            \n            \n            \n    \n        \n                        <div class=\"card cpt-card d-flex flex-column flex-wrap\">\n                                                        <div class=\"cpt-card-image bg-image-no-repeat bg-image-cover\"\n                         style=\"background-image: url('https:\/\/www.wobcom.de\/geschaeftskunden\/wp-content\/uploads\/Stoerung-behoben.png');\"><\/div>\n                \n                <div class=\"d-flex flex-wrap flex-fill align-items-between\">\n                                        <div class=\"text-start font-family-bold fw-bold w-100\"\n                         property=\"headline\">St\u00f6rung der Netze bei der WOBCOM GmbH vollst\u00e4ndig behoben<\/div>\n\n                    \n                    <div class=\"d-flex justify-content-between align-self-end align-items-center w-100\">\n                                                <time class=\"text-text-color font-family-light fw-light\"\n                              datetime=\"2023-09-01T13:00:07+02:00\"\n                              content=\"2023-09-01T13:00:07+02:00\"\n                              property=\"datePublished\">1. September 2023<\/time>\n                                                <a href=\"https:\/\/www.wobcom.de\/stoerung-der-netze-bei-der-wobcom-gmbh-vollstaendig-behoben\/\" class=\"cpt-slider-link fw-500 font-family-medium\"\n                           aria-label=\"Mehr lesen\">Mehr lesen<\/a>\n                    <\/div>\n                <\/div>\n            <\/div>\n            \n            \n            \n    \n        \n                        <div class=\"card cpt-card d-flex flex-column flex-wrap\">\n                                                        <div class=\"cpt-card-image bg-image-no-repeat bg-image-cover\"\n                         style=\"background-image: url('https:\/\/www.wobcom.de\/geschaeftskunden\/wp-content\/uploads\/PM_Startschuss-fuer-Glasfaserausbauarbeiten-in-Klein-Sisbeck__16.08.2023_final-scaled.jpg');\"><\/div>\n                \n                <div class=\"d-flex flex-wrap flex-fill align-items-between\">\n                                        <div class=\"text-start font-family-bold fw-bold w-100\"\n                         property=\"headline\">Startschuss f\u00fcr Glasfaserausbauarbeiten in Klein Sisbeck<\/div>\n\n                    \n                    <div class=\"d-flex justify-content-between align-self-end align-items-center w-100\">\n                                                <time class=\"text-text-color font-family-light fw-light\"\n                              datetime=\"2023-08-16T14:00:20+02:00\"\n                              content=\"2023-08-16T14:00:20+02:00\"\n                              property=\"datePublished\">16. August 2023<\/time>\n                                                <a href=\"https:\/\/www.wobcom.de\/startschuss-fuer-glasfaserausbauarbeiten-in-klein-sisbeck\/\" class=\"cpt-slider-link fw-500 font-family-medium\"\n                           aria-label=\"Mehr lesen\">Mehr lesen<\/a>\n                    <\/div>\n                <\/div>\n            <\/div>\n            \n            \n            \n    \n        \n                        <div class=\"card cpt-card d-flex flex-column flex-wrap\">\n                                                        <div class=\"cpt-card-image bg-image-no-repeat bg-image-cover\"\n                         style=\"background-image: url('https:\/\/www.wobcom.de\/geschaeftskunden\/wp-content\/uploads\/Copy-of-Klein-Sisbeck-Infomobil-Website.png');\"><\/div>\n                \n                <div class=\"d-flex flex-wrap flex-fill align-items-between\">\n                                        <div class=\"text-start font-family-bold fw-bold w-100\"\n                         property=\"headline\">Gl\u00fcckwunsch Klein Sisbeck: Glasfaserausbau startet im August<\/div>\n\n                    \n                    <div class=\"d-flex justify-content-between align-self-end align-items-center w-100\">\n                                                <time class=\"text-text-color font-family-light fw-light\"\n                              datetime=\"2023-07-18T16:16:24+02:00\"\n                              content=\"2023-07-18T16:16:24+02:00\"\n                              property=\"datePublished\">18. Juli 2023<\/time>\n                                                <a href=\"https:\/\/www.wobcom.de\/glueckwunsch-klein-sisbeck-glasfaserausbau-startet-im-august\/\" class=\"cpt-slider-link fw-500 font-family-medium\"\n                           aria-label=\"Mehr lesen\">Mehr lesen<\/a>\n                    <\/div>\n                <\/div>\n            <\/div>\n            \n            \n            \n    \n        \n                        <div class=\"card cpt-card d-flex flex-column flex-wrap\">\n                                                        <div class=\"cpt-card-image bg-image-no-repeat bg-image-cover\"\n                         style=\"background-image: url('https:\/\/www.wobcom.de\/geschaeftskunden\/wp-content\/uploads\/Refurb_defaced.jpg');\"><\/div>\n                \n                <div class=\"d-flex flex-wrap flex-fill align-items-between\">\n                                        <div class=\"text-start font-family-bold fw-bold w-100\"\n                         property=\"headline\">Einblick in den nachhaltigen Refurbishment-Prozess von SELOCA \u2013 unseren Dien...<\/div>\n\n                    \n                    <div class=\"d-flex justify-content-between align-self-end align-items-center w-100\">\n                                                <time class=\"text-text-color font-family-light fw-light\"\n                              datetime=\"2023-06-23T19:00:08+02:00\"\n                              content=\"2023-06-23T19:00:08+02:00\"\n                              property=\"datePublished\">23. Juni 2023<\/time>\n                                                <a href=\"https:\/\/www.wobcom.de\/einblick-in-den-nachhaltigen-refurbishment-prozess-von-seloca-unseren-dienstleister-fuer-hardware-logistik\/\" class=\"cpt-slider-link fw-500 font-family-medium\"\n                           aria-label=\"Mehr lesen\">Mehr lesen<\/a>\n                    <\/div>\n                <\/div>\n            <\/div>\n            \n            \n            \n    \n        \n                        <div class=\"card cpt-card d-flex flex-column flex-wrap\">\n                                                        <div class=\"cpt-card-image bg-image-no-repeat bg-image-cover\"\n                         style=\"background-image: url('https:\/\/www.wobcom.de\/geschaeftskunden\/wp-content\/uploads\/SmartphoneSchulung20230616025-scaled.jpg');\"><\/div>\n                \n                <div class=\"d-flex flex-wrap flex-fill align-items-between\">\n                                        <div class=\"text-start font-family-bold fw-bold w-100\"\n                         property=\"headline\">Erfolgreiche WOBCOM Senioren:innen Smartphone-Schulungen<\/div>\n\n                    \n                    <div class=\"d-flex justify-content-between align-self-end align-items-center w-100\">\n                                                <time class=\"text-text-color font-family-light fw-light\"\n                              datetime=\"2023-06-23T13:39:34+02:00\"\n                              content=\"2023-06-23T13:39:34+02:00\"\n                              property=\"datePublished\">23. Juni 2023<\/time>\n                                                <a href=\"https:\/\/www.wobcom.de\/erfolgreiche-wobcom-senioreninnen-smartphone-schulungen\/\" class=\"cpt-slider-link fw-500 font-family-medium\"\n                           aria-label=\"Mehr lesen\">Mehr lesen<\/a>\n                    <\/div>\n                <\/div>\n            <\/div>\n            \n            \n            \n    \n        \n                        <div class=\"card cpt-card d-flex flex-column flex-wrap\">\n                                                        <div class=\"cpt-card-image bg-image-no-repeat bg-image-cover\"\n                         style=\"background-image: url('https:\/\/www.wobcom.de\/geschaeftskunden\/wp-content\/uploads\/Ausbildungsberufe-1.png');\"><\/div>\n                \n                <div class=\"d-flex flex-wrap flex-fill align-items-between\">\n                                        <div class=\"text-start font-family-bold fw-bold w-100\"\n                         property=\"headline\">Die WOBCOM erweitert ihre IT-Ausbildungsberufe und startet mit spannenden Ne...<\/div>\n\n                    \n                    <div class=\"d-flex justify-content-between align-self-end align-items-center w-100\">\n                                                <time class=\"text-text-color font-family-light fw-light\"\n                              datetime=\"2023-06-14T20:00:05+02:00\"\n                              content=\"2023-06-14T20:00:05+02:00\"\n                              property=\"datePublished\">14. Juni 2023<\/time>\n                                                <a href=\"https:\/\/www.wobcom.de\/die-wobcom-erweitert-ihre-it-ausbildungsberufe-und-startet-mit-spannenden-neuerungen\/\" class=\"cpt-slider-link fw-500 font-family-medium\"\n                           aria-label=\"Mehr lesen\">Mehr lesen<\/a>\n                    <\/div>\n                <\/div>\n            <\/div>\n            \n            \n            \n    \n        \n                        <div class=\"card cpt-card d-flex flex-column flex-wrap\">\n                                                        <div class=\"cpt-card-image bg-image-no-repeat bg-image-cover\"\n                         style=\"background-image: url('https:\/\/www.wobcom.de\/geschaeftskunden\/wp-content\/uploads\/Klein-Sisbeck-Infomobil-Website.png');\"><\/div>\n                \n                <div class=\"d-flex flex-wrap flex-fill align-items-between\">\n                                        <div class=\"text-start font-family-bold fw-bold w-100\"\n                         property=\"headline\">Glasfaser-Infomobil in Klein Sisbeck<\/div>\n\n                    \n                    <div class=\"d-flex justify-content-between align-self-end align-items-center w-100\">\n                                                <time class=\"text-text-color font-family-light fw-light\"\n                              datetime=\"2023-06-13T08:58:23+02:00\"\n                              content=\"2023-06-13T08:58:23+02:00\"\n                              property=\"datePublished\">13. Juni 2023<\/time>\n                                                <a href=\"https:\/\/www.wobcom.de\/glasfaser-infomobil-in-klein-sisbeck\/\" class=\"cpt-slider-link fw-500 font-family-medium\"\n                           aria-label=\"Mehr lesen\">Mehr lesen<\/a>\n                    <\/div>\n                <\/div>\n            <\/div>\n            \n            \n            \n    \n        \n                        <div class=\"card cpt-card d-flex flex-column flex-wrap\">\n                                                        <div class=\"cpt-card-image bg-image-no-repeat bg-image-cover\"\n                         style=\"background-image: url('https:\/\/www.wobcom.de\/geschaeftskunden\/wp-content\/uploads\/SELOCA.png');\"><\/div>\n                \n                <div class=\"d-flex flex-wrap flex-fill align-items-between\">\n                                        <div class=\"text-start font-family-bold fw-bold w-100\"\n                         property=\"headline\">SELOCA GmbH - Der Full-Service-Partner f\u00fcr WOBCOMs Hardware-Logistik<\/div>\n\n                    \n                    <div class=\"d-flex justify-content-between align-self-end align-items-center w-100\">\n                                                <time class=\"text-text-color font-family-light fw-light\"\n                              datetime=\"2023-06-12T08:01:14+02:00\"\n                              content=\"2023-06-12T08:01:14+02:00\"\n                              property=\"datePublished\">12. Juni 2023<\/time>\n                                                <a href=\"https:\/\/www.wobcom.de\/seloca-gmbh-der-full-service-partner-fuer-wobcoms-hardware-logistik\/\" class=\"cpt-slider-link fw-500 font-family-medium\"\n                           aria-label=\"Mehr lesen\">Mehr lesen<\/a>\n                    <\/div>\n                <\/div>\n            <\/div>\n            \n            \n            \n    \n        \n                        <div class=\"card cpt-card d-flex flex-column flex-wrap\">\n                                                        <div class=\"cpt-card-image bg-image-no-repeat bg-image-cover\"\n                         style=\"background-image: url('https:\/\/www.wobcom.de\/geschaeftskunden\/wp-content\/uploads\/20230530_Klein-Sisbeck-bekommt-Chance-auf-Glasfaser-Internet_Foto_WOBCOM-scaled.jpg');\"><\/div>\n                \n                <div class=\"d-flex flex-wrap flex-fill align-items-between\">\n                                        <div class=\"text-start font-family-bold fw-bold w-100\"\n                         property=\"headline\">Klein Sisbeck bekommt Chance auf Glasfaser-Internet<\/div>\n\n                    \n                    <div class=\"d-flex justify-content-between align-self-end align-items-center w-100\">\n                                                <time class=\"text-text-color font-family-light fw-light\"\n                              datetime=\"2023-05-31T08:10:15+02:00\"\n                              content=\"2023-05-31T08:10:15+02:00\"\n                              property=\"datePublished\">31. Mai 2023<\/time>\n                                                <a href=\"https:\/\/www.wobcom.de\/klein-sisbeck-bekommt-chance-auf-glasfaser-internet\/\" class=\"cpt-slider-link fw-500 font-family-medium\"\n                           aria-label=\"Mehr lesen\">Mehr lesen<\/a>\n                    <\/div>\n                <\/div>\n            <\/div>\n            \n            \n            \n    \n        \n                        <div class=\"card cpt-card d-flex flex-column flex-wrap\">\n                                                        <div class=\"cpt-card-image bg-image-no-repeat bg-image-cover\"\n                         style=\"background-image: url('https:\/\/www.wobcom.de\/geschaeftskunden\/wp-content\/uploads\/20230525_Spatenstich-Reislingen-scaled.jpg');\"><\/div>\n                \n                <div class=\"d-flex flex-wrap flex-fill align-items-between\">\n                                        <div class=\"text-start font-family-bold fw-bold w-100\"\n                         property=\"headline\">WOBCOM startet Glasfaserausbau in Reislingen S\u00fcd\/West und Windberg - Ab Mai ...<\/div>\n\n                    \n                    <div class=\"d-flex justify-content-between align-self-end align-items-center w-100\">\n                                                <time class=\"text-text-color font-family-light fw-light\"\n                              datetime=\"2023-05-26T08:04:41+02:00\"\n                              content=\"2023-05-26T08:04:41+02:00\"\n                              property=\"datePublished\">26. Mai 2023<\/time>\n                                                <a href=\"https:\/\/www.wobcom.de\/wobcom-startet-der-glasfaserausbau-in-reislingen-sued-west-und-windberg\/\" class=\"cpt-slider-link fw-500 font-family-medium\"\n                           aria-label=\"Mehr lesen\">Mehr lesen<\/a>\n                    <\/div>\n                <\/div>\n            <\/div>\n            \n            \n            \n    \n        \n                        <div class=\"card cpt-card d-flex flex-column flex-wrap\">\n                                                        <div class=\"cpt-card-image bg-image-no-repeat bg-image-cover\"\n                         style=\"background-image: url('https:\/\/www.wobcom.de\/geschaeftskunden\/wp-content\/uploads\/Smartphone_Schulug_Website_Grafik.png');\"><\/div>\n                \n                <div class=\"d-flex flex-wrap flex-fill align-items-between\">\n                                        <div class=\"text-start font-family-bold fw-bold w-100\"\n                         property=\"headline\">WOBCOM bietet kostenlose Smartphone-Schulungen f\u00fcr Senioren:innen an<\/div>\n\n                    \n                    <div class=\"d-flex justify-content-between align-self-end align-items-center w-100\">\n                                                <time class=\"text-text-color font-family-light fw-light\"\n                              datetime=\"2023-05-24T09:51:45+02:00\"\n                              content=\"2023-05-24T09:51:45+02:00\"\n                              property=\"datePublished\">24. Mai 2023<\/time>\n                                                <a href=\"https:\/\/www.wobcom.de\/wobcom-bietet-kostenlose-smartphone-schulungen-fuer-senioreninnen-an\/\" class=\"cpt-slider-link fw-500 font-family-medium\"\n                           aria-label=\"Mehr lesen\">Mehr lesen<\/a>\n                    <\/div>\n                <\/div>\n            <\/div>\n            \n            \n            \n    \n        \n                        <div class=\"card cpt-card d-flex flex-column flex-wrap\">\n                                                        <div class=\"cpt-card-image bg-image-no-repeat bg-image-cover\"\n                         style=\"background-image: url('https:\/\/www.wobcom.de\/geschaeftskunden\/wp-content\/uploads\/1683268381577-1-scaled.jpg');\"><\/div>\n                \n                <div class=\"d-flex flex-wrap flex-fill align-items-between\">\n                                        <div class=\"text-start font-family-bold fw-bold w-100\"\n                         property=\"headline\">Auf bald: Verabschiedung von Michael \u201eHarry\u201c<\/div>\n\n                    \n                    <div class=\"d-flex justify-content-between align-self-end align-items-center w-100\">\n                                                <time class=\"text-text-color font-family-light fw-light\"\n                              datetime=\"2023-05-05T11:11:56+02:00\"\n                              content=\"2023-05-05T11:11:56+02:00\"\n                              property=\"datePublished\">5. Mai 2023<\/time>\n                                                <a href=\"https:\/\/www.wobcom.de\/auf-bald-verabschiedung-von-michael-harry\/\" class=\"cpt-slider-link fw-500 font-family-medium\"\n                           aria-label=\"Mehr lesen\">Mehr lesen<\/a>\n                    <\/div>\n                <\/div>\n            <\/div>\n            \n            \n            \n    \n        \n                        <div class=\"card cpt-card d-flex flex-column flex-wrap\">\n                                                        <div class=\"cpt-card-image bg-image-no-repeat bg-image-cover\"\n                         style=\"background-image: url('https:\/\/www.wobcom.de\/geschaeftskunden\/wp-content\/uploads\/Copy-of-Save-the-Date_FutureCongress2023-Instagram-Post-Square.png');\"><\/div>\n                \n                <div class=\"d-flex flex-wrap flex-fill align-items-between\">\n                                        <div class=\"text-start font-family-bold fw-bold w-100\"\n                         property=\"headline\">N\u00e4chster Meilenstein: ASTRID iHUB wird Mitglied im  europ\u00e4ischen Cloud-Proje...<\/div>\n\n                    \n                    <div class=\"d-flex justify-content-between align-self-end align-items-center w-100\">\n                                                <time class=\"text-text-color font-family-light fw-light\"\n                              datetime=\"2023-04-21T10:31:41+02:00\"\n                              content=\"2023-04-21T10:31:41+02:00\"\n                              property=\"datePublished\">21. April 2023<\/time>\n                                                <a href=\"https:\/\/www.wobcom.de\/naechster-meilenstein-astrid-ihub-wird-mitglied-im-europaeischen-cloud-projekt-gaia-x\/\" class=\"cpt-slider-link fw-500 font-family-medium\"\n                           aria-label=\"Mehr lesen\">Mehr lesen<\/a>\n                    <\/div>\n                <\/div>\n            <\/div>\n            \n            \n            \n    \n        \n                        <div class=\"card cpt-card d-flex flex-column flex-wrap\">\n                                                        <div class=\"cpt-card-image bg-image-no-repeat bg-image-cover\"\n                         style=\"background-image: url('https:\/\/www.wobcom.de\/geschaeftskunden\/wp-content\/uploads\/31032023_WOBCOM_Vertriebsteam_quadratisch.png');\"><\/div>\n                \n                <div class=\"d-flex flex-wrap flex-fill align-items-between\">\n                                        <div class=\"text-start font-family-bold fw-bold w-100\"\n                         property=\"headline\">WOBCOM Glasfaser Aktion - Start: Tiergartenbreite<\/div>\n\n                    \n                    <div class=\"d-flex justify-content-between align-self-end align-items-center w-100\">\n                                                <time class=\"text-text-color font-family-light fw-light\"\n                              datetime=\"2023-03-31T10:23:00+02:00\"\n                              content=\"2023-03-31T10:23:00+02:00\"\n                              property=\"datePublished\">31. M\u00e4rz 2023<\/time>\n                                                <a href=\"https:\/\/www.wobcom.de\/wobcom-glasfaser-aktion-start-tiergartenbreite\/\" class=\"cpt-slider-link fw-500 font-family-medium\"\n                           aria-label=\"Mehr lesen\">Mehr lesen<\/a>\n                    <\/div>\n                <\/div>\n            <\/div>\n            \n            \n            \n    \n        \n                        <div class=\"card cpt-card d-flex flex-column flex-wrap\">\n                                                        <div class=\"cpt-card-image bg-image-no-repeat bg-image-cover\"\n                         style=\"background-image: url('https:\/\/www.wobcom.de\/geschaeftskunden\/wp-content\/uploads\/Copy-of-Serviceinfo-1.png');\"><\/div>\n                \n                <div class=\"d-flex flex-wrap flex-fill align-items-between\">\n                                        <div class=\"text-start font-family-bold fw-bold w-100\"\n                         property=\"headline\">Serviceinformation f\u00fcr Mittwoch, 29.03.2023<\/div>\n\n                    \n                    <div class=\"d-flex justify-content-between align-self-end align-items-center w-100\">\n                                                <time class=\"text-text-color font-family-light fw-light\"\n                              datetime=\"2023-03-28T16:00:39+02:00\"\n                              content=\"2023-03-28T16:00:39+02:00\"\n                              property=\"datePublished\">28. M\u00e4rz 2023<\/time>\n                                                <a href=\"https:\/\/www.wobcom.de\/serviceinformation-fuer-mittwoch-29-03-2023\/\" class=\"cpt-slider-link fw-500 font-family-medium\"\n                           aria-label=\"Mehr lesen\">Mehr lesen<\/a>\n                    <\/div>\n                <\/div>\n            <\/div>\n            \n            \n            \n    \n        \n                        <div class=\"card cpt-card d-flex flex-column flex-wrap\">\n                \n                <div class=\"d-flex flex-wrap flex-fill align-items-between\">\n                                        <div class=\"text-start font-family-bold fw-bold w-100\"\n                         property=\"headline\">Internet-St\u00f6rung in den Wolfsburger Stadtgebieten Steimker G\u00e4rten, Hellwinke...<\/div>\n\n                                                                    <div class=\"text-start font-family-regular fw-normal w-100\">\n                            <p>Die WOBCOM GmbH teilt mit, dass bei Erdarbeiten ein Glasfaserkabel durch ein externes Bauunternehmen besch\u00e4digt wurde. Derzeit haben vorwiegend die Stadtteile \u2013 Steimker G\u00e4rten, Hellwinkel und Vogelsang keine Internetverbindung.<\/p>\n                        <\/div>\n                    \n                    <div class=\"d-flex justify-content-between align-self-end align-items-center w-100\">\n                                                <time class=\"text-text-color font-family-light fw-light\"\n                              datetime=\"2023-03-08T16:47:18+01:00\"\n                              content=\"2023-03-08T16:47:18+01:00\"\n                              property=\"datePublished\">8. M\u00e4rz 2023<\/time>\n                                                <a href=\"https:\/\/www.wobcom.de\/internet-stoerung-in-den-wolfsburger-stadtgebieten-steimker-gaerten-hellwinkel-und-vogelsang\/\" class=\"cpt-slider-link fw-500 font-family-medium\"\n                           aria-label=\"Mehr lesen\">Mehr lesen<\/a>\n                    <\/div>\n                <\/div>\n            <\/div>\n            \n            \n            \n    \n        \n                        <div class=\"card cpt-card d-flex flex-column flex-wrap\">\n                                                        <div class=\"cpt-card-image bg-image-no-repeat bg-image-cover\"\n                         style=\"background-image: url('https:\/\/www.wobcom.de\/geschaeftskunden\/wp-content\/uploads\/Individuelle-Beratungen-im-Wolfsburger-Stadtgebiet_WOBCOM_Pressemitteilung_Foto_WOBCOM_Philipp_Ziebart-1-scaled.jpg');\"><\/div>\n                \n                <div class=\"d-flex flex-wrap flex-fill align-items-between\">\n                                        <div class=\"text-start font-family-bold fw-bold w-100\"\n                         property=\"headline\">Individuelle Beratungen im Wolfsburger Stadtgebiet<\/div>\n\n                    \n                    <div class=\"d-flex justify-content-between align-self-end align-items-center w-100\">\n                                                <time class=\"text-text-color font-family-light fw-light\"\n                              datetime=\"2023-02-27T15:40:04+01:00\"\n                              content=\"2023-02-27T15:40:04+01:00\"\n                              property=\"datePublished\">27. Februar 2023<\/time>\n                                                <a href=\"https:\/\/www.wobcom.de\/individuelle-beratungen-im-wolfsburger-stadtgebiet\/\" class=\"cpt-slider-link fw-500 font-family-medium\"\n                           aria-label=\"Mehr lesen\">Mehr lesen<\/a>\n                    <\/div>\n                <\/div>\n            <\/div>\n            \n            \n            \n    \n        \n                        <div class=\"card cpt-card d-flex flex-column flex-wrap\">\n                                                        <div class=\"cpt-card-image bg-image-no-repeat bg-image-cover\"\n                         style=\"background-image: url('https:\/\/www.wobcom.de\/geschaeftskunden\/wp-content\/uploads\/Serviceinfo-1.png');\"><\/div>\n                \n                <div class=\"d-flex flex-wrap flex-fill align-items-between\">\n                                        <div class=\"text-start font-family-bold fw-bold w-100\"\n                         property=\"headline\">Informationen zur Erreichbarkeit am 21. und 22.02.2023<\/div>\n\n                    \n                    <div class=\"d-flex justify-content-between align-self-end align-items-center w-100\">\n                                                <time class=\"text-text-color font-family-light fw-light\"\n                              datetime=\"2023-02-21T07:00:09+01:00\"\n                              content=\"2023-02-21T07:00:09+01:00\"\n                              property=\"datePublished\">21. Februar 2023<\/time>\n                                                <a href=\"https:\/\/www.wobcom.de\/informationen-zur-erreichbarkeit-am-21-und-22-02-2023\/\" class=\"cpt-slider-link fw-500 font-family-medium\"\n                           aria-label=\"Mehr lesen\">Mehr lesen<\/a>\n                    <\/div>\n                <\/div>\n            <\/div>\n            \n            \n            \n    \n        \n                        <div class=\"card cpt-card d-flex flex-column flex-wrap\">\n                                                        <div class=\"cpt-card-image bg-image-no-repeat bg-image-cover\"\n                         style=\"background-image: url('https:\/\/www.wobcom.de\/geschaeftskunden\/wp-content\/uploads\/KI_Workshop_Leitzke-scaled.jpg');\"><\/div>\n                \n                <div class=\"d-flex flex-wrap flex-fill align-items-between\">\n                                        <div class=\"text-start font-family-bold fw-bold w-100\"\n                         property=\"headline\">ASTRID iHUB und WOBCOM versammeln wichtige Akteure zum KI-Workshop in Wolfsb...<\/div>\n\n                    \n                    <div class=\"d-flex justify-content-between align-self-end align-items-center w-100\">\n                                                <time class=\"text-text-color font-family-light fw-light\"\n                              datetime=\"2023-02-13T14:40:29+01:00\"\n                              content=\"2023-02-13T14:40:29+01:00\"\n                              property=\"datePublished\">13. Februar 2023<\/time>\n                                                <a href=\"https:\/\/www.wobcom.de\/astrid-ihub-und-wobcom-versammeln-wichtige-akteure-zum-ki-workshop-in-wolfsburg\/\" class=\"cpt-slider-link fw-500 font-family-medium\"\n                           aria-label=\"Mehr lesen\">Mehr lesen<\/a>\n                    <\/div>\n                <\/div>\n            <\/div>\n            \n            \n            \n    \n        \n                        <div class=\"card cpt-card d-flex flex-column flex-wrap\">\n                                                        <div class=\"cpt-card-image bg-image-no-repeat bg-image-cover\"\n                         style=\"background-image: url('https:\/\/www.wobcom.de\/geschaeftskunden\/wp-content\/uploads\/Foto_WOBCOM_Philipp_Ziebart-scaled.jpg');\"><\/div>\n                \n                <div class=\"d-flex flex-wrap flex-fill align-items-between\">\n                                        <div class=\"text-start font-family-bold fw-bold w-100\"\n                         property=\"headline\">L\u00f6sungen f\u00fcr ein optimales Heimnetz \u2013 WOBCOM sorgt gemeinsam mit Plume f\u00fcr p...<\/div>\n\n                    \n                    <div class=\"d-flex justify-content-between align-self-end align-items-center w-100\">\n                                                <time class=\"text-text-color font-family-light fw-light\"\n                              datetime=\"2023-02-09T11:46:12+01:00\"\n                              content=\"2023-02-09T11:46:12+01:00\"\n                              property=\"datePublished\">9. Februar 2023<\/time>\n                                                <a href=\"https:\/\/www.wobcom.de\/loesungen-fuer-ein-optimales-heimnetz-wobcom-sorgt-gemeinsam-mit-plume-fuer-perfektes-wlan\/\" class=\"cpt-slider-link fw-500 font-family-medium\"\n                           aria-label=\"Mehr lesen\">Mehr lesen<\/a>\n                    <\/div>\n                <\/div>\n            <\/div>\n            \n            \n            \n    \n        \n                        <div class=\"card cpt-card d-flex flex-column flex-wrap\">\n                                                        <div class=\"cpt-card-image bg-image-no-repeat bg-image-cover\"\n                         style=\"background-image: url('https:\/\/www.wobcom.de\/geschaeftskunden\/wp-content\/uploads\/Preisaenderung_01.02.2023.png');\"><\/div>\n                \n                <div class=\"d-flex flex-wrap flex-fill align-items-between\">\n                                        <div class=\"text-start font-family-bold fw-bold w-100\"\n                         property=\"headline\">Neue Preise ab dem 01.02.2023<\/div>\n\n                    \n                    <div class=\"d-flex justify-content-between align-self-end align-items-center w-100\">\n                                                <time class=\"text-text-color font-family-light fw-light\"\n                              datetime=\"2023-01-08T16:01:20+01:00\"\n                              content=\"2023-01-08T16:01:20+01:00\"\n                              property=\"datePublished\">8. Januar 2023<\/time>\n                                                <a href=\"https:\/\/www.wobcom.de\/preisanpassung-ab-dem-01-02-2023\/\" class=\"cpt-slider-link fw-500 font-family-medium\"\n                           aria-label=\"Mehr lesen\">Mehr lesen<\/a>\n                    <\/div>\n                <\/div>\n            <\/div>\n            \n            \n            \n    \n        \n                        <div class=\"card cpt-card d-flex flex-column flex-wrap\">\n                                                        <div class=\"cpt-card-image bg-image-no-repeat bg-image-cover\"\n                         style=\"background-image: url('https:\/\/www.wobcom.de\/geschaeftskunden\/wp-content\/uploads\/Erreichbarkeit-Feiertage-2023.png');\"><\/div>\n                \n                <div class=\"d-flex flex-wrap flex-fill align-items-between\">\n                                        <div class=\"text-start font-family-bold fw-bold w-100\"\n                         property=\"headline\">Erreichbarkeit w\u00e4hrend der Feiertage<\/div>\n\n                    \n                    <div class=\"d-flex justify-content-between align-self-end align-items-center w-100\">\n                                                <time class=\"text-text-color font-family-light fw-light\"\n                              datetime=\"2022-12-22T11:04:55+01:00\"\n                              content=\"2022-12-22T11:04:55+01:00\"\n                              property=\"datePublished\">22. Dezember 2022<\/time>\n                                                <a href=\"https:\/\/www.wobcom.de\/erreichbarkeit-feiertage\/\" class=\"cpt-slider-link fw-500 font-family-medium\"\n                           aria-label=\"Mehr lesen\">Mehr lesen<\/a>\n                    <\/div>\n                <\/div>\n            <\/div>\n            \n            \n            \n    \n        \n                        <div class=\"card cpt-card d-flex flex-column flex-wrap\">\n                                                        <div class=\"cpt-card-image bg-image-no-repeat bg-image-cover\"\n                         style=\"background-image: url('https:\/\/www.wobcom.de\/geschaeftskunden\/wp-content\/uploads\/20221213_WOBCOM_Spende_Elfen-scaled.jpeg');\"><\/div>\n                \n                <div class=\"d-flex flex-wrap flex-fill align-items-between\">\n                                        <div class=\"text-start font-family-bold fw-bold w-100\"\n                         property=\"headline\">WOBCOM GmbH spenden 1000 Euro f\u00fcr die Wolfsburger Elfen: Engagement f\u00fcr Ster...<\/div>\n\n                    \n                    <div class=\"d-flex justify-content-between align-self-end align-items-center w-100\">\n                                                <time class=\"text-text-color font-family-light fw-light\"\n                              datetime=\"2022-12-15T09:11:29+01:00\"\n                              content=\"2022-12-15T09:11:29+01:00\"\n                              property=\"datePublished\">15. Dezember 2022<\/time>\n                                                <a href=\"https:\/\/www.wobcom.de\/wobcom-gmbh-spenden-1000-euro-fuer-die-wolfsburger-elfen-engagement-fuer-sternenkinder-fruehchen-und-kleine-kaempfer\/\" class=\"cpt-slider-link fw-500 font-family-medium\"\n                           aria-label=\"Mehr lesen\">Mehr lesen<\/a>\n                    <\/div>\n                <\/div>\n            <\/div>\n            \n            \n            \n    \n        \n                        <div class=\"card cpt-card d-flex flex-column flex-wrap\">\n                                                        <div class=\"cpt-card-image bg-image-no-repeat bg-image-cover\"\n                         style=\"background-image: url('https:\/\/www.wobcom.de\/geschaeftskunden\/wp-content\/uploads\/20221115_WOBCOM_Projekt_moveID_gestartet_Vernetztes_Parken-1-scaled.jpg');\"><\/div>\n                \n                <div class=\"d-flex flex-wrap flex-fill align-items-between\">\n                                        <div class=\"text-start font-family-bold fw-bold w-100\"\n                         property=\"headline\">Mobilit\u00e4tsdaten\u00f6kosysteme als Chance f\u00fcr die Verkehrswende: Wie sich Wolfsbu...<\/div>\n\n                    \n                    <div class=\"d-flex justify-content-between align-self-end align-items-center w-100\">\n                                                <time class=\"text-text-color font-family-light fw-light\"\n                              datetime=\"2022-12-14T11:47:23+01:00\"\n                              content=\"2022-12-14T11:47:23+01:00\"\n                              property=\"datePublished\">14. Dezember 2022<\/time>\n                                                <a href=\"https:\/\/www.wobcom.de\/mobiltaetsdatenoekosysteme-als-chance-fuer-die-verkehrswende-wie-sich-wolfsburg-fuer-die-digitale-zukunft-ruestet\/\" class=\"cpt-slider-link fw-500 font-family-medium\"\n                           aria-label=\"Mehr lesen\">Mehr lesen<\/a>\n                    <\/div>\n                <\/div>\n            <\/div>\n            \n            \n            \n    \n        \n                        <div class=\"card cpt-card d-flex flex-column flex-wrap\">\n                                                        <div class=\"cpt-card-image bg-image-no-repeat bg-image-cover\"\n                         style=\"background-image: url('https:\/\/www.wobcom.de\/geschaeftskunden\/wp-content\/uploads\/Warntag_2022.png');\"><\/div>\n                \n                <div class=\"d-flex flex-wrap flex-fill align-items-between\">\n                                        <div class=\"text-start font-family-bold fw-bold w-100\"\n                         property=\"headline\">Vorwarnung: Info zum bundesweiten Warntag<\/div>\n\n                    \n                    <div class=\"d-flex justify-content-between align-self-end align-items-center w-100\">\n                                                <time class=\"text-text-color font-family-light fw-light\"\n                              datetime=\"2022-12-07T15:00:29+01:00\"\n                              content=\"2022-12-07T15:00:29+01:00\"\n                              property=\"datePublished\">7. Dezember 2022<\/time>\n                                                <a href=\"https:\/\/www.wobcom.de\/warntag\/\" class=\"cpt-slider-link fw-500 font-family-medium\"\n                           aria-label=\"Mehr lesen\">Mehr lesen<\/a>\n                    <\/div>\n                <\/div>\n            <\/div>\n            \n            \n            \n    \n        \n                        <div class=\"card cpt-card d-flex flex-column flex-wrap\">\n                                                        <div class=\"cpt-card-image bg-image-no-repeat bg-image-cover\"\n                         style=\"background-image: url('https:\/\/www.wobcom.de\/geschaeftskunden\/wp-content\/uploads\/All-I-want-for-christmas-is-Glasfaser-1.png');\"><\/div>\n                \n                <div class=\"d-flex flex-wrap flex-fill align-items-between\">\n                                        <div class=\"text-start font-family-bold fw-bold w-100\"\n                         property=\"headline\">All I want for Christmas is Glasfaser<\/div>\n\n                    \n                    <div class=\"d-flex justify-content-between align-self-end align-items-center w-100\">\n                                                <time class=\"text-text-color font-family-light fw-light\"\n                              datetime=\"2022-11-27T06:00:43+01:00\"\n                              content=\"2022-11-27T06:00:43+01:00\"\n                              property=\"datePublished\">27. November 2022<\/time>\n                                                <a href=\"https:\/\/www.wobcom.de\/all-i-want-for-christmas-is-glasfaser\/\" class=\"cpt-slider-link fw-500 font-family-medium\"\n                           aria-label=\"Mehr lesen\">Mehr lesen<\/a>\n                    <\/div>\n                <\/div>\n            <\/div>\n            \n            \n            \n    \n        \n                        <div class=\"card cpt-card d-flex flex-column flex-wrap\">\n                                                        <div class=\"cpt-card-image bg-image-no-repeat bg-image-cover\"\n                         style=\"background-image: url('https:\/\/www.wobcom.de\/geschaeftskunden\/wp-content\/uploads\/Serviceinfo_Krankheit-2.png');\"><\/div>\n                \n                <div class=\"d-flex flex-wrap flex-fill align-items-between\">\n                                        <div class=\"text-start font-family-bold fw-bold w-100\"\n                         property=\"headline\">Information zu \u00d6ffnung Kundencenter Porschestra\u00dfe<\/div>\n\n                    \n                    <div class=\"d-flex justify-content-between align-self-end align-items-center w-100\">\n                                                <time class=\"text-text-color font-family-light fw-light\"\n                              datetime=\"2022-11-24T08:07:47+01:00\"\n                              content=\"2022-11-24T08:07:47+01:00\"\n                              property=\"datePublished\">24. November 2022<\/time>\n                                                <a href=\"https:\/\/www.wobcom.de\/information-zu-oeffnung-kundencenter-porschestrasse\/\" class=\"cpt-slider-link fw-500 font-family-medium\"\n                           aria-label=\"Mehr lesen\">Mehr lesen<\/a>\n                    <\/div>\n                <\/div>\n            <\/div>\n            \n            \n            \n    \n        \n                        <div class=\"card cpt-card d-flex flex-column flex-wrap\">\n                                                        <div class=\"cpt-card-image bg-image-no-repeat bg-image-cover\"\n                         style=\"background-image: url('https:\/\/www.wobcom.de\/geschaeftskunden\/wp-content\/uploads\/BlackWeek_2023_Website_News.png');\"><\/div>\n                \n                <div class=\"d-flex flex-wrap flex-fill align-items-between\">\n                                        <div class=\"text-start font-family-bold fw-bold w-100\"\n                         property=\"headline\">BlackWeek 2022<\/div>\n\n                    \n                    <div class=\"d-flex justify-content-between align-self-end align-items-center w-100\">\n                                                <time class=\"text-text-color font-family-light fw-light\"\n                              datetime=\"2022-11-21T12:26:00+01:00\"\n                              content=\"2022-11-21T12:26:00+01:00\"\n                              property=\"datePublished\">21. November 2022<\/time>\n                                                <a href=\"https:\/\/www.wobcom.de\/blackweek-2022\/\" class=\"cpt-slider-link fw-500 font-family-medium\"\n                           aria-label=\"Mehr lesen\">Mehr lesen<\/a>\n                    <\/div>\n                <\/div>\n            <\/div>\n            \n            \n            \n    \n        \n                        <div class=\"card cpt-card d-flex flex-column flex-wrap\">\n                                                        <div class=\"cpt-card-image bg-image-no-repeat bg-image-cover\"\n                         style=\"background-image: url('https:\/\/www.wobcom.de\/geschaeftskunden\/wp-content\/uploads\/20221115_WOBCOM_Projekt_moveID_gestartet_Vernetztes_Parken-scaled.jpg');\"><\/div>\n                \n                <div class=\"d-flex flex-wrap flex-fill align-items-between\">\n                                        <div class=\"text-start font-family-bold fw-bold w-100\"\n                         property=\"headline\">Projekt \u201emoveID\u201c - wenn Autos mit ihrer Umwelt kommunizieren: Wolfsburg wird...<\/div>\n\n                    \n                    <div class=\"d-flex justify-content-between align-self-end align-items-center w-100\">\n                                                <time class=\"text-text-color font-family-light fw-light\"\n                              datetime=\"2022-11-15T13:45:27+01:00\"\n                              content=\"2022-11-15T13:45:27+01:00\"\n                              property=\"datePublished\">15. November 2022<\/time>\n                                                <a href=\"https:\/\/www.wobcom.de\/projekt-moveid-wenn-autos-mit-ihrer-umwelt-kommunizieren-wolfsburg-wird-zur-testzone-fuer-intelligente-vernetzung-von-fahrzeugen-und-infrastrukturen\/\" class=\"cpt-slider-link fw-500 font-family-medium\"\n                           aria-label=\"Mehr lesen\">Mehr lesen<\/a>\n                    <\/div>\n                <\/div>\n            <\/div>\n            \n            \n            \n    \n        \n                        <div class=\"card cpt-card d-flex flex-column flex-wrap\">\n                                                        <div class=\"cpt-card-image bg-image-no-repeat bg-image-cover\"\n                         style=\"background-image: url('https:\/\/www.wobcom.de\/geschaeftskunden\/wp-content\/uploads\/KompetenzgruppeNetzeAM0039_-scaled.jpg');\"><\/div>\n                \n                <div class=\"d-flex flex-wrap flex-fill align-items-between\">\n                                        <div class=\"text-start font-family-bold fw-bold w-100\"\n                         property=\"headline\">Netzwerk-Infrastrukturen: R\u00fcckgrat der Digitalisierung in Deutschland  Kompe...<\/div>\n\n                    \n                    <div class=\"d-flex justify-content-between align-self-end align-items-center w-100\">\n                                                <time class=\"text-text-color font-family-light fw-light\"\n                              datetime=\"2022-11-11T12:00:19+01:00\"\n                              content=\"2022-11-11T12:00:19+01:00\"\n                              property=\"datePublished\">11. November 2022<\/time>\n                                                <a href=\"https:\/\/www.wobcom.de\/netzwerk-infrastrukturen-rueckgrat-der-digitalisierung-in-deutschland-kompetenzgruppe-netze-zu-gast-in-wolfsburg\/\" class=\"cpt-slider-link fw-500 font-family-medium\"\n                           aria-label=\"Mehr lesen\">Mehr lesen<\/a>\n                    <\/div>\n                <\/div>\n            <\/div>\n            \n            \n            \n    \n        \n                        <div class=\"card cpt-card d-flex flex-column flex-wrap\">\n                                                        <div class=\"cpt-card-image bg-image-no-repeat bg-image-cover\"\n                         style=\"background-image: url('https:\/\/www.wobcom.de\/geschaeftskunden\/wp-content\/uploads\/csm_Legomodell_fff877d3ec.jpg');\"><\/div>\n                \n                <div class=\"d-flex flex-wrap flex-fill align-items-between\">\n                                        <div class=\"text-start font-family-bold fw-bold w-100\"\n                         property=\"headline\">Verbinden, was zusammengeh\u00f6rt - Liebe auf den zweiten Blick<\/div>\n\n                    \n                    <div class=\"d-flex justify-content-between align-self-end align-items-center w-100\">\n                                                <time class=\"text-text-color font-family-light fw-light\"\n                              datetime=\"2022-10-19T16:27:50+02:00\"\n                              content=\"2022-10-19T16:27:50+02:00\"\n                              property=\"datePublished\">19. Oktober 2022<\/time>\n                                                <a href=\"https:\/\/www.wobcom.de\/verbinden-was-zusammengehoert-liebe-auf-den-zweiten-blick\/\" class=\"cpt-slider-link fw-500 font-family-medium\"\n                           aria-label=\"Mehr lesen\">Mehr lesen<\/a>\n                    <\/div>\n                <\/div>\n            <\/div>\n            \n            \n            \n    \n        \n                        <div class=\"card cpt-card d-flex flex-column flex-wrap\">\n                                                        <div class=\"cpt-card-image bg-image-no-repeat bg-image-cover\"\n                         style=\"background-image: url('https:\/\/www.wobcom.de\/geschaeftskunden\/wp-content\/uploads\/20221010_FutureCongress_2.jpg');\"><\/div>\n                \n                <div class=\"d-flex flex-wrap flex-fill align-items-between\">\n                                        <div class=\"text-start font-family-bold fw-bold w-100\"\n                         property=\"headline\">So funktioniert das Leben in der vernetzten Stadt: Wolfsburger Zukunftskongr...<\/div>\n\n                    \n                    <div class=\"d-flex justify-content-between align-self-end align-items-center w-100\">\n                                                <time class=\"text-text-color font-family-light fw-light\"\n                              datetime=\"2022-10-11T10:59:13+02:00\"\n                              content=\"2022-10-11T10:59:13+02:00\"\n                              property=\"datePublished\">11. Oktober 2022<\/time>\n                                                <a href=\"https:\/\/www.wobcom.de\/so-funktioniert-das-leben-in-der-vernetzten-stadt-wolfsburger-zukunftskongress-zeigte-smarte-loesungen-um-fortschritt-aktiv-zu-gestalten\/\" class=\"cpt-slider-link fw-500 font-family-medium\"\n                           aria-label=\"Mehr lesen\">Mehr lesen<\/a>\n                    <\/div>\n                <\/div>\n            <\/div>\n            \n            \n            \n    \n        \n                        <div class=\"card cpt-card d-flex flex-column flex-wrap\">\n                \n                <div class=\"d-flex flex-wrap flex-fill align-items-between\">\n                                        <div class=\"text-start font-family-bold fw-bold w-100\"\n                         property=\"headline\">Urbane R\u00e4ume digitalisieren: 2. \u201eFutureCongress_digital\u201c findet am 10. Oktob...<\/div>\n\n                                                                    <div class=\"text-start font-family-regular fw-normal w-100\">\n                            <p>Die Stadtwerke Wolfsburg AG und die WOBCOM GmbH haben die Breitbandversorgung im Wolfsburger Ausbaugebiet Vorsfelde-Nord erfolgreich abgeschlossen. Ortsb\u00fcrgermeisterin Sandra Straube aktivierte gemeinsam mit Thomas Schulz, Leiter Vertrieb und Kundenservice der WOBCOM, im Technik-Geb\u00e4ude (PoP) am Sch\u00fctzenplatz in Vorsfelde symbolisch den letzten Anschluss. <\/p>\n                        <\/div>\n                    \n                    <div class=\"d-flex justify-content-between align-self-end align-items-center w-100\">\n                                                <time class=\"text-text-color font-family-light fw-light\"\n                              datetime=\"2022-09-22T14:39:45+02:00\"\n                              content=\"2022-09-22T14:39:45+02:00\"\n                              property=\"datePublished\">22. September 2022<\/time>\n                                                <a href=\"https:\/\/www.wobcom.de\/urbane-raeume-digitalisieren-2-futurecongress_digital-findet-am-10-oktober-2022-in-wolfsburg-statt\/\" class=\"cpt-slider-link fw-500 font-family-medium\"\n                           aria-label=\"Mehr lesen\">Mehr lesen<\/a>\n                    <\/div>\n                <\/div>\n            <\/div>\n            \n            \n            \n    \n        \n                        <div class=\"card cpt-card d-flex flex-column flex-wrap\">\n                \n                <div class=\"d-flex flex-wrap flex-fill align-items-between\">\n                                        <div class=\"text-start font-family-bold fw-bold w-100\"\n                         property=\"headline\">Digitalisierung und angepasste Strukturen bei der WOBCOM: Pers\u00f6nliche Beratu...<\/div>\n\n                                                                    <div class=\"text-start font-family-regular fw-normal w-100\">\n                            <p>Die Stadtwerke Wolfsburg AG und die WOBCOM GmbH haben die Breitbandversorgung im Wolfsburger Ausbaugebiet Vorsfelde-Nord erfolgreich abgeschlossen. Ortsb\u00fcrgermeisterin Sandra Straube aktivierte gemeinsam mit Thomas Schulz, Leiter Vertrieb und Kundenservice der WOBCOM, im Technik-Geb\u00e4ude (PoP) am Sch\u00fctzenplatz in Vorsfelde symbolisch den letzten Anschluss. <\/p>\n                        <\/div>\n                    \n                    <div class=\"d-flex justify-content-between align-self-end align-items-center w-100\">\n                                                <time class=\"text-text-color font-family-light fw-light\"\n                              datetime=\"2022-09-09T11:51:34+02:00\"\n                              content=\"2022-09-09T11:51:34+02:00\"\n                              property=\"datePublished\">9. September 2022<\/time>\n                                                <a href=\"https:\/\/www.wobcom.de\/digitalisierung-und-angepasste-strukturen-bei-der-wobcom-persoenliche-beratung-ab-30-september-2022-nur-noch-am-standort-wolfsburg-moeglich\/\" class=\"cpt-slider-link fw-500 font-family-medium\"\n                           aria-label=\"Mehr lesen\">Mehr lesen<\/a>\n                    <\/div>\n                <\/div>\n            <\/div>\n            \n            \n            \n    \n        \n                        <div class=\"card cpt-card d-flex flex-column flex-wrap\">\n                                                        <div class=\"cpt-card-image bg-image-no-repeat bg-image-cover\"\n                         style=\"background-image: url('https:\/\/www.wobcom.de\/geschaeftskunden\/wp-content\/uploads\/TELLUS_Konsortialtreffen_18.08.2022_Bild_II_WOBCOM_Helge_Landmann-2-scaled.jpg');\"><\/div>\n                \n                <div class=\"d-flex flex-wrap flex-fill align-items-between\">\n                                        <div class=\"text-start font-family-bold fw-bold w-100\"\n                         property=\"headline\">Mit TELLUS auf dem Weg zu mehr digitaler Souver\u00e4nit\u00e4t<\/div>\n\n                    \n                    <div class=\"d-flex justify-content-between align-self-end align-items-center w-100\">\n                                                <time class=\"text-text-color font-family-light fw-light\"\n                              datetime=\"2022-08-22T11:02:44+02:00\"\n                              content=\"2022-08-22T11:02:44+02:00\"\n                              property=\"datePublished\">22. August 2022<\/time>\n                                                <a href=\"https:\/\/www.wobcom.de\/mit-tellus-auf-dem-weg-zu-mehr-digitaler-souveraenitaet\/\" class=\"cpt-slider-link fw-500 font-family-medium\"\n                           aria-label=\"Mehr lesen\">Mehr lesen<\/a>\n                    <\/div>\n                <\/div>\n            <\/div>\n            \n            \n            \n    \n        \n                        <div class=\"card cpt-card d-flex flex-column flex-wrap\">\n                                                        <div class=\"cpt-card-image bg-image-no-repeat bg-image-cover\"\n                         style=\"background-image: url('https:\/\/www.wobcom.de\/geschaeftskunden\/wp-content\/uploads\/ASTRID-IHUB-EDIH-2.png');\"><\/div>\n                \n                <div class=\"d-flex flex-wrap flex-fill align-items-between\">\n                                        <div class=\"text-start font-family-bold fw-bold w-100\"\n                         property=\"headline\">Aus Wolfsburg f\u00fcr Europa: ASTRID iHUB wird European Digital Innovation Hub (...<\/div>\n\n                    \n                    <div class=\"d-flex justify-content-between align-self-end align-items-center w-100\">\n                                                <time class=\"text-text-color font-family-light fw-light\"\n                              datetime=\"2022-07-06T16:48:48+02:00\"\n                              content=\"2022-07-06T16:48:48+02:00\"\n                              property=\"datePublished\">6. Juli 2022<\/time>\n                                                <a href=\"https:\/\/www.wobcom.de\/aus-wolfsburg-fuer-europa-astrid-ihub-wird-european-digital-innovation-hub-edih\/\" class=\"cpt-slider-link fw-500 font-family-medium\"\n                           aria-label=\"Mehr lesen\">Mehr lesen<\/a>\n                    <\/div>\n                <\/div>\n            <\/div>\n            \n            \n            \n    \n        \n                        <div class=\"card cpt-card d-flex flex-column flex-wrap\">\n                \n                <div class=\"d-flex flex-wrap flex-fill align-items-between\">\n                                        <div class=\"text-start font-family-bold fw-bold w-100\"\n                         property=\"headline\">Informationen zur \u00d6ffnung unseres Kundencenters in der Porschestr. w\u00e4hrend d...<\/div>\n\n                                                                    <div class=\"text-start font-family-regular fw-normal w-100\">\n                                                    <\/div>\n                    \n                    <div class=\"d-flex justify-content-between align-self-end align-items-center w-100\">\n                                                <time class=\"text-text-color font-family-light fw-light\"\n                              datetime=\"2022-07-05T16:34:37+02:00\"\n                              content=\"2022-07-05T16:34:37+02:00\"\n                              property=\"datePublished\">5. Juli 2022<\/time>\n                                                <a href=\"https:\/\/www.wobcom.de\/information-zu-oeffnungszeiten-kundencenter\/\" class=\"cpt-slider-link fw-500 font-family-medium\"\n                           aria-label=\"Mehr lesen\">Mehr lesen<\/a>\n                    <\/div>\n                <\/div>\n            <\/div>\n            \n            \n            \n    \n        \n                        <div class=\"card cpt-card d-flex flex-column flex-wrap\">\n                                                        <div class=\"cpt-card-image bg-image-no-repeat bg-image-cover\"\n                         style=\"background-image: url('https:\/\/www.wobcom.de\/geschaeftskunden\/wp-content\/uploads\/Digiweek_Teilnahme_HP.png');\"><\/div>\n                \n                <div class=\"d-flex flex-wrap flex-fill align-items-between\">\n                                        <div class=\"text-start font-family-bold fw-bold w-100\"\n                         property=\"headline\">Ohne Netz, keine Digitalisierung: Stadtwerke und WOBCOM informieren bei \u201eDig...<\/div>\n\n                    \n                    <div class=\"d-flex justify-content-between align-self-end align-items-center w-100\">\n                                                <time class=\"text-text-color font-family-light fw-light\"\n                              datetime=\"2022-07-04T17:18:01+02:00\"\n                              content=\"2022-07-04T17:18:01+02:00\"\n                              property=\"datePublished\">4. Juli 2022<\/time>\n                                                <a href=\"https:\/\/www.wobcom.de\/ohne-netz-keine-digitalisierung-stadtwerke-und-wobcom-informieren-bei-digiweek-ueber-digitale-infrastruktur\/\" class=\"cpt-slider-link fw-500 font-family-medium\"\n                           aria-label=\"Mehr lesen\">Mehr lesen<\/a>\n                    <\/div>\n                <\/div>\n            <\/div>\n            \n            \n            \n    \n        \n                        <div class=\"card cpt-card d-flex flex-column flex-wrap\">\n                                                        <div class=\"cpt-card-image bg-image-no-repeat bg-image-cover\"\n                         style=\"background-image: url('https:\/\/www.wobcom.de\/geschaeftskunden\/wp-content\/uploads\/20220628_WOBCOM_Glasfaserausbau_Sandkamp-scaled.jpg');\"><\/div>\n                \n                <div class=\"d-flex flex-wrap flex-fill align-items-between\">\n                                        <div class=\"text-start font-family-bold fw-bold w-100\"\n                         property=\"headline\">Glasfaserausbau in Sandkamp beginnt \u2013 ab sofort rollen die Bagger<\/div>\n\n                    \n                    <div class=\"d-flex justify-content-between align-self-end align-items-center w-100\">\n                                                <time class=\"text-text-color font-family-light fw-light\"\n                              datetime=\"2022-06-29T08:26:59+02:00\"\n                              content=\"2022-06-29T08:26:59+02:00\"\n                              property=\"datePublished\">29. Juni 2022<\/time>\n                                                <a href=\"https:\/\/www.wobcom.de\/glasfaserausbau-in-sandkamp-beginnt-ab-sofort-rollen-die-bagger\/\" class=\"cpt-slider-link fw-500 font-family-medium\"\n                           aria-label=\"Mehr lesen\">Mehr lesen<\/a>\n                    <\/div>\n                <\/div>\n            <\/div>\n            \n            \n            \n    \n        \n                        <div class=\"card cpt-card d-flex flex-column flex-wrap\">\n                                                        <div class=\"cpt-card-image bg-image-no-repeat bg-image-cover\"\n                         style=\"background-image: url('https:\/\/www.wobcom.de\/geschaeftskunden\/wp-content\/uploads\/20220624_WOBCOM_Zertifikat_Echte_Glasfaser-scaled.jpg');\"><\/div>\n                \n                <div class=\"d-flex flex-wrap flex-fill align-items-between\">\n                                        <div class=\"text-start font-family-bold fw-bold w-100\"\n                         property=\"headline\">\u201eEchte Glasfaser\u201c: Stadtwerke Wolfsburg AG und WOBCOM GmbH erhalten Auszeich...<\/div>\n\n                    \n                    <div class=\"d-flex justify-content-between align-self-end align-items-center w-100\">\n                                                <time class=\"text-text-color font-family-light fw-light\"\n                              datetime=\"2022-06-24T12:41:05+02:00\"\n                              content=\"2022-06-24T12:41:05+02:00\"\n                              property=\"datePublished\">24. Juni 2022<\/time>\n                                                <a href=\"https:\/\/www.wobcom.de\/echte-glasfaser-stadtwerke-wolfsburg-ag-und-wobcom-gmbh-erhalten-auszeichnung\/\" class=\"cpt-slider-link fw-500 font-family-medium\"\n                           aria-label=\"Mehr lesen\">Mehr lesen<\/a>\n                    <\/div>\n                <\/div>\n            <\/div>\n            \n            \n            \n    \n        \n                        <div class=\"card cpt-card d-flex flex-column flex-wrap\">\n                                                        <div class=\"cpt-card-image bg-image-no-repeat bg-image-cover\"\n                         style=\"background-image: url('https:\/\/www.wobcom.de\/geschaeftskunden\/wp-content\/uploads\/Erreichbarkeit_Feiertage_II.png');\"><\/div>\n                \n                <div class=\"d-flex flex-wrap flex-fill align-items-between\">\n                                        <div class=\"text-start font-family-bold fw-bold w-100\"\n                         property=\"headline\">Telefonische Erreichbarkeit w\u00e4hrend der Feiertage<\/div>\n\n                    \n                    <div class=\"d-flex justify-content-between align-self-end align-items-center w-100\">\n                                                <time class=\"text-text-color font-family-light fw-light\"\n                              datetime=\"2022-06-03T10:00:08+02:00\"\n                              content=\"2022-06-03T10:00:08+02:00\"\n                              property=\"datePublished\">3. Juni 2022<\/time>\n                                                <a href=\"https:\/\/www.wobcom.de\/telefonische-erreichbarkeit-waehrend-der-feiertage\/\" class=\"cpt-slider-link fw-500 font-family-medium\"\n                           aria-label=\"Mehr lesen\">Mehr lesen<\/a>\n                    <\/div>\n                <\/div>\n            <\/div>\n            \n            \n            \n    \n        \n                        <div class=\"card cpt-card d-flex flex-column flex-wrap\">\n                                                        <div class=\"cpt-card-image bg-image-no-repeat bg-image-cover\"\n                         style=\"background-image: url('https:\/\/www.wobcom.de\/geschaeftskunden\/wp-content\/uploads\/Mobilfunk_Juni_2022_Websitenews.png');\"><\/div>\n                \n                <div class=\"d-flex flex-wrap flex-fill align-items-between\">\n                                        <div class=\"text-start font-family-bold fw-bold w-100\"\n                         property=\"headline\">WOBCOM Mobilfunk: Bis zu 5 GB mehr Datenvolumen gratis f\u00fcr Bestandskundschaf<\/div>\n\n                    \n                    <div class=\"d-flex justify-content-between align-self-end align-items-center w-100\">\n                                                <time class=\"text-text-color font-family-light fw-light\"\n                              datetime=\"2022-06-01T08:36:53+02:00\"\n                              content=\"2022-06-01T08:36:53+02:00\"\n                              property=\"datePublished\">1. Juni 2022<\/time>\n                                                <a href=\"https:\/\/www.wobcom.de\/bis-zu-5-gb-mehr-datenvolumen-gratis-mit-wobcom-mobilfunk\/\" class=\"cpt-slider-link fw-500 font-family-medium\"\n                           aria-label=\"Mehr lesen\">Mehr lesen<\/a>\n                    <\/div>\n                <\/div>\n            <\/div>\n            \n            \n            \n    \n        \n                        <div class=\"card cpt-card d-flex flex-column flex-wrap\">\n                                                        <div class=\"cpt-card-image bg-image-no-repeat bg-image-cover\"\n                         style=\"background-image: url('https:\/\/www.wobcom.de\/geschaeftskunden\/wp-content\/uploads\/Erreichbarkeit_Feiertage.png');\"><\/div>\n                \n                <div class=\"d-flex flex-wrap flex-fill align-items-between\">\n                                        <div class=\"text-start font-family-bold fw-bold w-100\"\n                         property=\"headline\">Unsere Erreichbarkeit w\u00e4hrend der Feiertage<\/div>\n\n                    \n                    <div class=\"d-flex justify-content-between align-self-end align-items-center w-100\">\n                                                <time class=\"text-text-color font-family-light fw-light\"\n                              datetime=\"2022-05-24T16:04:51+02:00\"\n                              content=\"2022-05-24T16:04:51+02:00\"\n                              property=\"datePublished\">24. Mai 2022<\/time>\n                                                <a href=\"https:\/\/www.wobcom.de\/unsere-erreichbarkeit-waehrend-der-feiertage\/\" class=\"cpt-slider-link fw-500 font-family-medium\"\n                           aria-label=\"Mehr lesen\">Mehr lesen<\/a>\n                    <\/div>\n                <\/div>\n            <\/div>\n            \n            \n            \n    \n        \n                        <div class=\"card cpt-card d-flex flex-column flex-wrap\">\n                                                        <div class=\"cpt-card-image bg-image-no-repeat bg-image-cover\"\n                         style=\"background-image: url('https:\/\/www.wobcom.de\/geschaeftskunden\/wp-content\/uploads\/Serviceinfo-Kabel_TV-1.png');\"><\/div>\n                \n                <div class=\"d-flex flex-wrap flex-fill align-items-between\">\n                                        <div class=\"text-start font-family-bold fw-bold w-100\"\n                         property=\"headline\">Serviceinformation zu Kabel-TV<\/div>\n\n                    \n                    <div class=\"d-flex justify-content-between align-self-end align-items-center w-100\">\n                                                <time class=\"text-text-color font-family-light fw-light\"\n                              datetime=\"2022-05-19T15:00:58+02:00\"\n                              content=\"2022-05-19T15:00:58+02:00\"\n                              property=\"datePublished\">19. Mai 2022<\/time>\n                                                <a href=\"https:\/\/www.wobcom.de\/serviceinformation-zu-kabel-tv\/\" class=\"cpt-slider-link fw-500 font-family-medium\"\n                           aria-label=\"Mehr lesen\">Mehr lesen<\/a>\n                    <\/div>\n                <\/div>\n            <\/div>\n            \n            \n            \n    \n        \n                        <div class=\"card cpt-card d-flex flex-column flex-wrap\">\n                                                        <div class=\"cpt-card-image bg-image-no-repeat bg-image-cover\"\n                         style=\"background-image: url('https:\/\/www.wobcom.de\/geschaeftskunden\/wp-content\/uploads\/Hoi-Amsterdam.png');\"><\/div>\n                \n                <div class=\"d-flex flex-wrap flex-fill align-items-between\">\n                                        <div class=\"text-start font-family-bold fw-bold w-100\"\n                         property=\"headline\">Mehr Konnektivit\u00e4t und Redundanz: WOBCOM erschlie\u00dft Netzwerkknoten in Amster...<\/div>\n\n                    \n                    <div class=\"d-flex justify-content-between align-self-end align-items-center w-100\">\n                                                <time class=\"text-text-color font-family-light fw-light\"\n                              datetime=\"2022-05-18T08:32:10+02:00\"\n                              content=\"2022-05-18T08:32:10+02:00\"\n                              property=\"datePublished\">18. Mai 2022<\/time>\n                                                <a href=\"https:\/\/www.wobcom.de\/mehr-konnektivitaet-und-redundanz-wobcom-erschliesst-netzwerkknoten-in-amsterdam\/\" class=\"cpt-slider-link fw-500 font-family-medium\"\n                           aria-label=\"Mehr lesen\">Mehr lesen<\/a>\n                    <\/div>\n                <\/div>\n            <\/div>\n            \n            \n            \n    \n        \n                        <div class=\"card cpt-card d-flex flex-column flex-wrap\">\n                                                        <div class=\"cpt-card-image bg-image-no-repeat bg-image-cover\"\n                         style=\"background-image: url('https:\/\/www.wobcom.de\/geschaeftskunden\/wp-content\/uploads\/20220516_WOBCOM_Start_Glasfaserausbau_Klieversberg_WOBCOM-1.jpg');\"><\/div>\n                \n                <div class=\"d-flex flex-wrap flex-fill align-items-between\">\n                                        <div class=\"text-start font-family-bold fw-bold w-100\"\n                         property=\"headline\">Digitalisierungsschub f\u00fcr Haushalte im Klieversberg<\/div>\n\n                    \n                    <div class=\"d-flex justify-content-between align-self-end align-items-center w-100\">\n                                                <time class=\"text-text-color font-family-light fw-light\"\n                              datetime=\"2022-05-16T14:02:48+02:00\"\n                              content=\"2022-05-16T14:02:48+02:00\"\n                              property=\"datePublished\">16. Mai 2022<\/time>\n                                                <a href=\"https:\/\/www.wobcom.de\/digitalisierungsschub-fuer-haushalte-im-klieversberg\/\" class=\"cpt-slider-link fw-500 font-family-medium\"\n                           aria-label=\"Mehr lesen\">Mehr lesen<\/a>\n                    <\/div>\n                <\/div>\n            <\/div>\n            \n            \n            \n    \n        \n                        <div class=\"card cpt-card d-flex flex-column flex-wrap\">\n                                                        <div class=\"cpt-card-image bg-image-no-repeat bg-image-cover\"\n                         style=\"background-image: url('https:\/\/www.wobcom.de\/geschaeftskunden\/wp-content\/uploads\/Kabel_TV_Senderliste_Aktualisierung.png');\"><\/div>\n                \n                <div class=\"d-flex flex-wrap flex-fill align-items-between\">\n                                        <div class=\"text-start font-family-bold fw-bold w-100\"\n                         property=\"headline\">Aktualisierung Kabel-TV-Senderliste<\/div>\n\n                    \n                    <div class=\"d-flex justify-content-between align-self-end align-items-center w-100\">\n                                                <time class=\"text-text-color font-family-light fw-light\"\n                              datetime=\"2022-04-28T10:55:50+02:00\"\n                              content=\"2022-04-28T10:55:50+02:00\"\n                              property=\"datePublished\">28. April 2022<\/time>\n                                                <a href=\"https:\/\/www.wobcom.de\/aktualisierung-kabel-tv-senderliste\/\" class=\"cpt-slider-link fw-500 font-family-medium\"\n                           aria-label=\"Mehr lesen\">Mehr lesen<\/a>\n                    <\/div>\n                <\/div>\n            <\/div>\n            \n            \n            \n    \n        \n                        <div class=\"card cpt-card d-flex flex-column flex-wrap\">\n                                                        <div class=\"cpt-card-image bg-image-no-repeat bg-image-cover\"\n                         style=\"background-image: url('https:\/\/www.wobcom.de\/geschaeftskunden\/wp-content\/uploads\/PW2_8930-scaled.jpg');\"><\/div>\n                \n                <div class=\"d-flex flex-wrap flex-fill align-items-between\">\n                                        <div class=\"text-start font-family-bold fw-bold w-100\"\n                         property=\"headline\">Schnelles Internet f\u00fcr Steimker Berg und Hageberg<\/div>\n\n                    \n                    <div class=\"d-flex justify-content-between align-self-end align-items-center w-100\">\n                                                <time class=\"text-text-color font-family-light fw-light\"\n                              datetime=\"2022-04-27T15:01:03+02:00\"\n                              content=\"2022-04-27T15:01:03+02:00\"\n                              property=\"datePublished\">27. April 2022<\/time>\n                                                <a href=\"https:\/\/www.wobcom.de\/schnelles-internet-fuer-steimker-berg-und-hageberg\/\" class=\"cpt-slider-link fw-500 font-family-medium\"\n                           aria-label=\"Mehr lesen\">Mehr lesen<\/a>\n                    <\/div>\n                <\/div>\n            <\/div>\n            \n            \n            \n    \n        \n                        <div class=\"card cpt-card d-flex flex-column flex-wrap\">\n                                                        <div class=\"cpt-card-image bg-image-no-repeat bg-image-cover\"\n                         style=\"background-image: url('https:\/\/www.wobcom.de\/geschaeftskunden\/wp-content\/uploads\/Erreichbarkeit_Feiertage.png');\"><\/div>\n                \n                <div class=\"d-flex flex-wrap flex-fill align-items-between\">\n                                        <div class=\"text-start font-family-bold fw-bold w-100\"\n                         property=\"headline\">Erreichbarkeit w\u00e4hrend der Feiertage<\/div>\n\n                    \n                    <div class=\"d-flex justify-content-between align-self-end align-items-center w-100\">\n                                                <time class=\"text-text-color font-family-light fw-light\"\n                              datetime=\"2022-04-14T08:25:27+02:00\"\n                              content=\"2022-04-14T08:25:27+02:00\"\n                              property=\"datePublished\">14. April 2022<\/time>\n                                                <a href=\"https:\/\/www.wobcom.de\/erreichbarkeit-waehrend-der-feiertage\/\" class=\"cpt-slider-link fw-500 font-family-medium\"\n                           aria-label=\"Mehr lesen\">Mehr lesen<\/a>\n                    <\/div>\n                <\/div>\n            <\/div>\n            \n            \n            \n    \n        \n                        <div class=\"card cpt-card d-flex flex-column flex-wrap\">\n                                                        <div class=\"cpt-card-image bg-image-no-repeat bg-image-cover\"\n                         style=\"background-image: url('https:\/\/www.wobcom.de\/geschaeftskunden\/wp-content\/uploads\/20220413_WOBCOM_Glasfaserausbau_beendet_Vorsfelde-Nord-02_Helge_Landmann-scaled.jpg');\"><\/div>\n                \n                <div class=\"d-flex flex-wrap flex-fill align-items-between\">\n                                        <div class=\"text-start font-family-bold fw-bold w-100\"\n                         property=\"headline\">Breitbandausbau: Haushalte in Vorsfelde-Nord erfolgreich angeschlossen<\/div>\n\n                    \n                    <div class=\"d-flex justify-content-between align-self-end align-items-center w-100\">\n                                                <time class=\"text-text-color font-family-light fw-light\"\n                              datetime=\"2022-04-13T15:56:58+02:00\"\n                              content=\"2022-04-13T15:56:58+02:00\"\n                              property=\"datePublished\">13. April 2022<\/time>\n                                                <a href=\"https:\/\/www.wobcom.de\/breitbandausbau-haushalte-in-vorsfelde-nord-erfolgreich-angeschlossen\/\" class=\"cpt-slider-link fw-500 font-family-medium\"\n                           aria-label=\"Mehr lesen\">Mehr lesen<\/a>\n                    <\/div>\n                <\/div>\n            <\/div>\n            \n            \n            \n    \n        \n                        <div class=\"card cpt-card d-flex flex-column flex-wrap\">\n                                                        <div class=\"cpt-card-image bg-image-no-repeat bg-image-cover\"\n                         style=\"background-image: url('https:\/\/www.wobcom.de\/geschaeftskunden\/wp-content\/uploads\/Teamverstaerkung_PKV.png');\"><\/div>\n                \n                <div class=\"d-flex flex-wrap flex-fill align-items-between\">\n                                        <div class=\"text-start font-family-bold fw-bold w-100\"\n                         property=\"headline\">Wir suchen Team-Verst\u00e4rkung!<\/div>\n\n                    \n                    <div class=\"d-flex justify-content-between align-self-end align-items-center w-100\">\n                                                <time class=\"text-text-color font-family-light fw-light\"\n                              datetime=\"2022-03-29T13:51:07+02:00\"\n                              content=\"2022-03-29T13:51:07+02:00\"\n                              property=\"datePublished\">29. M\u00e4rz 2022<\/time>\n                                                <a href=\"https:\/\/www.wobcom.de\/wir-suchen-team-verstaerkung\/\" class=\"cpt-slider-link fw-500 font-family-medium\"\n                           aria-label=\"Mehr lesen\">Mehr lesen<\/a>\n                    <\/div>\n                <\/div>\n            <\/div>\n            \n            \n            \n    \n        \n                        <div class=\"card cpt-card d-flex flex-column flex-wrap\">\n                                                        <div class=\"cpt-card-image bg-image-no-repeat bg-image-cover\"\n                         style=\"background-image: url('https:\/\/www.wobcom.de\/geschaeftskunden\/wp-content\/uploads\/20220329_maintenance_Dortmund_Engineering.png');\"><\/div>\n                \n                <div class=\"d-flex flex-wrap flex-fill align-items-between\">\n                                        <div class=\"text-start font-family-bold fw-bold w-100\"\n                         property=\"headline\">Datengetriebene Services aus der Cloud<\/div>\n\n                    \n                    <div class=\"d-flex justify-content-between align-self-end align-items-center w-100\">\n                                                <time class=\"text-text-color font-family-light fw-light\"\n                              datetime=\"2022-03-29T12:19:49+02:00\"\n                              content=\"2022-03-29T12:19:49+02:00\"\n                              property=\"datePublished\">29. M\u00e4rz 2022<\/time>\n                                                <a href=\"https:\/\/www.wobcom.de\/datengetriebene-services-aus-der-cloud\/\" class=\"cpt-slider-link fw-500 font-family-medium\"\n                           aria-label=\"Mehr lesen\">Mehr lesen<\/a>\n                    <\/div>\n                <\/div>\n            <\/div>\n            \n            \n            \n    \n        \n                        <div class=\"card cpt-card d-flex flex-column flex-wrap\">\n                                                        <div class=\"cpt-card-image bg-image-no-repeat bg-image-cover\"\n                         style=\"background-image: url('https:\/\/www.wobcom.de\/geschaeftskunden\/wp-content\/uploads\/Netzarbeiten_Neuhaus.png');\"><\/div>\n                \n                <div class=\"d-flex flex-wrap flex-fill align-items-between\">\n                                        <div class=\"text-start font-family-bold fw-bold w-100\"\n                         property=\"headline\">Neuhaus: Alle Zeichen stehen auf Glasfaser<\/div>\n\n                    \n                    <div class=\"d-flex justify-content-between align-self-end align-items-center w-100\">\n                                                <time class=\"text-text-color font-family-light fw-light\"\n                              datetime=\"2022-03-21T14:20:35+01:00\"\n                              content=\"2022-03-21T14:20:35+01:00\"\n                              property=\"datePublished\">21. M\u00e4rz 2022<\/time>\n                                                <a href=\"https:\/\/www.wobcom.de\/neuhaus-alle-zeichen-stehen-auf-glasfaser\/\" class=\"cpt-slider-link fw-500 font-family-medium\"\n                           aria-label=\"Mehr lesen\">Mehr lesen<\/a>\n                    <\/div>\n                <\/div>\n            <\/div>\n            \n            \n            \n    \n        \n                        <div class=\"card cpt-card d-flex flex-column flex-wrap\">\n                                                        <div class=\"cpt-card-image bg-image-no-repeat bg-image-cover\"\n                         style=\"background-image: url('https:\/\/www.wobcom.de\/geschaeftskunden\/wp-content\/uploads\/Osternaktion_Social-Media.png');\"><\/div>\n                \n                <div class=\"d-flex flex-wrap flex-fill align-items-between\">\n                                        <div class=\"text-start font-family-bold fw-bold w-100\"\n                         property=\"headline\">Unsere WOBCOM-Osteraktion<\/div>\n\n                    \n                    <div class=\"d-flex justify-content-between align-self-end align-items-center w-100\">\n                                                <time class=\"text-text-color font-family-light fw-light\"\n                              datetime=\"2022-03-15T08:05:23+01:00\"\n                              content=\"2022-03-15T08:05:23+01:00\"\n                              property=\"datePublished\">15. M\u00e4rz 2022<\/time>\n                                                <a href=\"https:\/\/www.wobcom.de\/osteraktion\/\" class=\"cpt-slider-link fw-500 font-family-medium\"\n                           aria-label=\"Mehr lesen\">Mehr lesen<\/a>\n                    <\/div>\n                <\/div>\n            <\/div>\n            \n            \n            \n    \n        \n                        <div class=\"card cpt-card d-flex flex-column flex-wrap\">\n                \n                <div class=\"d-flex flex-wrap flex-fill align-items-between\">\n                                        <div class=\"text-start font-family-bold fw-bold w-100\"\n                         property=\"headline\">Neuhaus: Vorbereitende Netzarbeiten f\u00fcr Glasfaser<\/div>\n\n                                                                    <div class=\"text-start font-family-regular fw-normal w-100\">\n                            <p>In der Nacht von Donnerstag, 24. M\u00e4rz 2022, auf Freitag, 25. M\u00e4rz 2022, finden in der Zeit von 0-6<br \/>\nUhr vorbereitende Arbeiten f\u00fcr den Glasfaserausbau f\u00fcr Neuhaus statt.<\/p>\n                        <\/div>\n                    \n                    <div class=\"d-flex justify-content-between align-self-end align-items-center w-100\">\n                                                <time class=\"text-text-color font-family-light fw-light\"\n                              datetime=\"2022-03-09T15:56:12+01:00\"\n                              content=\"2022-03-09T15:56:12+01:00\"\n                              property=\"datePublished\">9. M\u00e4rz 2022<\/time>\n                                                <a href=\"https:\/\/www.wobcom.de\/neuhaus-vorbereitende-netzarbeiten-fuer-glasfaser\/\" class=\"cpt-slider-link fw-500 font-family-medium\"\n                           aria-label=\"Mehr lesen\">Mehr lesen<\/a>\n                    <\/div>\n                <\/div>\n            <\/div>\n            \n            \n            \n    \n        \n                        <div class=\"card cpt-card d-flex flex-column flex-wrap\">\n                                                        <div class=\"cpt-card-image bg-image-no-repeat bg-image-cover\"\n                         style=\"background-image: url('https:\/\/www.wobcom.de\/geschaeftskunden\/wp-content\/uploads\/Wartungsarbeiten-Barnstorf.png');\"><\/div>\n                \n                <div class=\"d-flex flex-wrap flex-fill align-items-between\">\n                                        <div class=\"text-start font-family-bold fw-bold w-100\"\n                         property=\"headline\">Barnstorf: Wartungsarbeiten am Telekommunikationsnetz - WOBCOM optimiert Net...<\/div>\n\n                    \n                    <div class=\"d-flex justify-content-between align-self-end align-items-center w-100\">\n                                                <time class=\"text-text-color font-family-light fw-light\"\n                              datetime=\"2022-03-01T08:43:57+01:00\"\n                              content=\"2022-03-01T08:43:57+01:00\"\n                              property=\"datePublished\">1. M\u00e4rz 2022<\/time>\n                                                <a href=\"https:\/\/www.wobcom.de\/barnstorf_wartungsarbeiten_am_telekommunikationsnetz\/\" class=\"cpt-slider-link fw-500 font-family-medium\"\n                           aria-label=\"Mehr lesen\">Mehr lesen<\/a>\n                    <\/div>\n                <\/div>\n            <\/div>\n            \n            \n            \n    \n        \n                        <div class=\"card cpt-card d-flex flex-column flex-wrap\">\n                \n                <div class=\"d-flex flex-wrap flex-fill align-items-between\">\n                                        <div class=\"text-start font-family-bold fw-bold w-100\"\n                         property=\"headline\">Smart Cities - made in Germany<\/div>\n\n                                                                    <div class=\"text-start font-family-regular fw-normal w-100\">\n                            <p>Stadtwerke Wolfsburg, WOBCOM und Dell Technologies bieten universelle Plattform-L\u00f6sung f\u00fcr digitale St\u00e4dte an.<\/p>\n                        <\/div>\n                    \n                    <div class=\"d-flex justify-content-between align-self-end align-items-center w-100\">\n                                                <time class=\"text-text-color font-family-light fw-light\"\n                              datetime=\"2022-02-25T11:26:59+01:00\"\n                              content=\"2022-02-25T11:26:59+01:00\"\n                              property=\"datePublished\">25. Februar 2022<\/time>\n                                                <a href=\"https:\/\/www.wobcom.de\/smart-cities-made-in-germany\/\" class=\"cpt-slider-link fw-500 font-family-medium\"\n                           aria-label=\"Mehr lesen\">Mehr lesen<\/a>\n                    <\/div>\n                <\/div>\n            <\/div>\n            \n            \n            \n    \n        \n                        <div class=\"card cpt-card d-flex flex-column flex-wrap\">\n                                                        <div class=\"cpt-card-image bg-image-no-repeat bg-image-cover\"\n                         style=\"background-image: url('https:\/\/www.wobcom.de\/geschaeftskunden\/wp-content\/uploads\/Pressemitteilung_Wiedereroeffnung_WOBCOM_Servicecenter.png');\"><\/div>\n                \n                <div class=\"d-flex flex-wrap flex-fill align-items-between\">\n                                        <div class=\"text-start font-family-bold fw-bold w-100\"\n                         property=\"headline\">Ab Montag, 28. Februar \u2013 \u00d6ffnungen, neue Zeiten und Zutrittsregelungen f\u00fcr d...<\/div>\n\n                    \n                    <div class=\"d-flex justify-content-between align-self-end align-items-center w-100\">\n                                                <time class=\"text-text-color font-family-light fw-light\"\n                              datetime=\"2022-02-25T10:33:42+01:00\"\n                              content=\"2022-02-25T10:33:42+01:00\"\n                              property=\"datePublished\">25. Februar 2022<\/time>\n                                                <a href=\"https:\/\/www.wobcom.de\/wiedereroeffnung-wobcom-servicecenter\/\" class=\"cpt-slider-link fw-500 font-family-medium\"\n                           aria-label=\"Mehr lesen\">Mehr lesen<\/a>\n                    <\/div>\n                <\/div>\n            <\/div>\n            \n            \n            \n    \n        \n                        <div class=\"card cpt-card d-flex flex-column flex-wrap\">\n                \n                <div class=\"d-flex flex-wrap flex-fill align-items-between\">\n                                        <div class=\"text-start font-family-bold fw-bold w-100\"\n                         property=\"headline\">Neuhaus: Glasfaser-Netzausbau startet bald<\/div>\n\n                                                                    <div class=\"text-start font-family-regular fw-normal w-100\">\n                            <p>Die Planungen f\u00fcr das Glasfasernetz in Neuhaus stehen vor dem Abschluss. In diesen Tagen<br \/>\nbeginnen die Stadtwerke Wolfsburg AG und WOBCOM mit den Hausbegehungen, bei denen die<br \/>\nindividuelle Leitungsf\u00fchrung f\u00fcr jeden Hausanschluss festgelegt wird. <\/p>\n                        <\/div>\n                    \n                    <div class=\"d-flex justify-content-between align-self-end align-items-center w-100\">\n                                                <time class=\"text-text-color font-family-light fw-light\"\n                              datetime=\"2022-01-28T14:22:16+01:00\"\n                              content=\"2022-01-28T14:22:16+01:00\"\n                              property=\"datePublished\">28. Januar 2022<\/time>\n                                                <a href=\"https:\/\/www.wobcom.de\/neuhaus-glasfaser-netzausbau-startet-bald\/\" class=\"cpt-slider-link fw-500 font-family-medium\"\n                           aria-label=\"Mehr lesen\">Mehr lesen<\/a>\n                    <\/div>\n                <\/div>\n            <\/div>\n            \n            \n            \n    \n        \n                        <div class=\"card cpt-card d-flex flex-column flex-wrap\">\n                                                        <div class=\"cpt-card-image bg-image-no-repeat bg-image-cover\"\n                         style=\"background-image: url('https:\/\/www.wobcom.de\/geschaeftskunden\/wp-content\/uploads\/20220126_WOBCOM_MoU_Dell-2.jpg');\"><\/div>\n                \n                <div class=\"d-flex flex-wrap flex-fill align-items-between\">\n                                        <div class=\"text-start font-family-bold fw-bold w-100\"\n                         property=\"headline\">Stadtwerke Wolfsburg vertieft Kooperation mit Dell Technologies f\u00fcr plattfor...<\/div>\n\n                    \n                    <div class=\"d-flex justify-content-between align-self-end align-items-center w-100\">\n                                                <time class=\"text-text-color font-family-light fw-light\"\n                              datetime=\"2022-01-26T16:34:29+01:00\"\n                              content=\"2022-01-26T16:34:29+01:00\"\n                              property=\"datePublished\">26. Januar 2022<\/time>\n                                                <a href=\"https:\/\/www.wobcom.de\/stadtwerke-wolfsburg-vertieft-kooperation-mit-dell-technologies-fuer-plattformbasierte-smart-city-loesungen\/\" class=\"cpt-slider-link fw-500 font-family-medium\"\n                           aria-label=\"Mehr lesen\">Mehr lesen<\/a>\n                    <\/div>\n                <\/div>\n            <\/div>\n            \n            \n            \n    \n        \n                        <div class=\"card cpt-card d-flex flex-column flex-wrap\">\n                                                        <div class=\"cpt-card-image bg-image-no-repeat bg-image-cover\"\n                         style=\"background-image: url('https:\/\/www.wobcom.de\/geschaeftskunden\/wp-content\/uploads\/2022_01_14_PM-Stadtwerke_Wolfsburger_Wasserschutz-Projekt_fuer_NachhaltigkeitsAWARD_nominiert_Umweltamt-1.jpg');\"><\/div>\n                \n                <div class=\"d-flex flex-wrap flex-fill align-items-between\">\n                                        <div class=\"text-start font-family-bold fw-bold w-100\"\n                         property=\"headline\">Digitales Fr\u00fchwarnsystem f\u00fcr Wolfsburger Gew\u00e4sser f\u00fcr ZfK-NachhaltigkeitsAWA...<\/div>\n\n                    \n                    <div class=\"d-flex justify-content-between align-self-end align-items-center w-100\">\n                                                <time class=\"text-text-color font-family-light fw-light\"\n                              datetime=\"2022-01-14T11:56:26+01:00\"\n                              content=\"2022-01-14T11:56:26+01:00\"\n                              property=\"datePublished\">14. Januar 2022<\/time>\n                                                <a href=\"https:\/\/www.wobcom.de\/wobcom-und-entricon-spenden-2000-euro-fuer-hospizneubau-in-heiligendorf\/\" class=\"cpt-slider-link fw-500 font-family-medium\"\n                           aria-label=\"Mehr lesen\">Mehr lesen<\/a>\n                    <\/div>\n                <\/div>\n            <\/div>\n            \n            \n            \n    \n        \n                        <div class=\"card cpt-card d-flex flex-column flex-wrap\">\n                                                        <div class=\"cpt-card-image bg-image-no-repeat bg-image-cover\"\n                         style=\"background-image: url('https:\/\/www.wobcom.de\/geschaeftskunden\/wp-content\/uploads\/2021-12-21_WOBCOM-und-entricon-spenden-2000-Euro-fuer-Hospizneubau-in-Heiligendorf-1-scaled.jpg');\"><\/div>\n                \n                <div class=\"d-flex flex-wrap flex-fill align-items-between\">\n                                        <div class=\"text-start font-family-bold fw-bold w-100\"\n                         property=\"headline\">WOBCOM und entricon spenden 2000 Euro f\u00fcr Hospizneubau in Heiligendorf<\/div>\n\n                    \n                    <div class=\"d-flex justify-content-between align-self-end align-items-center w-100\">\n                                                <time class=\"text-text-color font-family-light fw-light\"\n                              datetime=\"2021-12-21T13:09:18+01:00\"\n                              content=\"2021-12-21T13:09:18+01:00\"\n                              property=\"datePublished\">21. Dezember 2021<\/time>\n                                                <a href=\"https:\/\/www.wobcom.de\/wobcom-weihnachtsspende\/\" class=\"cpt-slider-link fw-500 font-family-medium\"\n                           aria-label=\"Mehr lesen\">Mehr lesen<\/a>\n                    <\/div>\n                <\/div>\n            <\/div>\n            \n            \n            \n    \n        \n                        <div class=\"card cpt-card d-flex flex-column flex-wrap\">\n                                                        <div class=\"cpt-card-image bg-image-no-repeat bg-image-cover\"\n                         style=\"background-image: url('https:\/\/www.wobcom.de\/geschaeftskunden\/wp-content\/uploads\/Erreichbarkeit_Feiertage.png');\"><\/div>\n                \n                <div class=\"d-flex flex-wrap flex-fill align-items-between\">\n                                        <div class=\"text-start font-family-bold fw-bold w-100\"\n                         property=\"headline\">Unsere Erreichbarkeit zu Weihnachten 2021<\/div>\n\n                    \n                    <div class=\"d-flex justify-content-between align-self-end align-items-center w-100\">\n                                                <time class=\"text-text-color font-family-light fw-light\"\n                              datetime=\"2021-12-10T12:48:24+01:00\"\n                              content=\"2021-12-10T12:48:24+01:00\"\n                              property=\"datePublished\">10. Dezember 2021<\/time>\n                                                <a href=\"https:\/\/www.wobcom.de\/erreichbarkeit_weihnachten_2021\/\" class=\"cpt-slider-link fw-500 font-family-medium\"\n                           aria-label=\"Mehr lesen\">Mehr lesen<\/a>\n                    <\/div>\n                <\/div>\n            <\/div>\n            \n            \n            \n    \n        \n                        <div class=\"card cpt-card d-flex flex-column flex-wrap\">\n                \n                <div class=\"d-flex flex-wrap flex-fill align-items-between\">\n                                        <div class=\"text-start font-family-bold fw-bold w-100\"\n                         property=\"headline\">11 aus 130: WOBCOM erforscht innovative und praxisnahen Anwendungen zum Aufb...<\/div>\n\n                                                                    <div class=\"text-start font-family-regular fw-normal w-100\">\n                                                    <\/div>\n                    \n                    <div class=\"d-flex justify-content-between align-self-end align-items-center w-100\">\n                                                <time class=\"text-text-color font-family-light fw-light\"\n                              datetime=\"2021-12-09T12:51:43+01:00\"\n                              content=\"2021-12-09T12:51:43+01:00\"\n                              property=\"datePublished\">9. Dezember 2021<\/time>\n                                                <a href=\"https:\/\/www.wobcom.de\/tellus\/\" class=\"cpt-slider-link fw-500 font-family-medium\"\n                           aria-label=\"Mehr lesen\">Mehr lesen<\/a>\n                    <\/div>\n                <\/div>\n            <\/div>\n            \n            \n            \n    \n        \n                        <div class=\"card cpt-card d-flex flex-column flex-wrap\">\n                                                        <div class=\"cpt-card-image bg-image-no-repeat bg-image-cover\"\n                         style=\"background-image: url('https:\/\/www.wobcom.de\/geschaeftskunden\/wp-content\/uploads\/2021-12-03_Stadt-WOB_Wolfsburg-zentral-in-einer-App-erleben.png');\"><\/div>\n                \n                <div class=\"d-flex flex-wrap flex-fill align-items-between\">\n                                        <div class=\"text-start font-family-bold fw-bold w-100\"\n                         property=\"headline\">Wolfsburg zentral in einer App erleben - erste Test-Version der \u201eWolfsburg-A...<\/div>\n\n                    \n                    <div class=\"d-flex justify-content-between align-self-end align-items-center w-100\">\n                                                <time class=\"text-text-color font-family-light fw-light\"\n                              datetime=\"2021-12-08T10:39:27+01:00\"\n                              content=\"2021-12-08T10:39:27+01:00\"\n                              property=\"datePublished\">8. Dezember 2021<\/time>\n                                                <a href=\"https:\/\/www.wobcom.de\/wolfsburg-zentral-in-einer-app-erlebe\/\" class=\"cpt-slider-link fw-500 font-family-medium\"\n                           aria-label=\"Mehr lesen\">Mehr lesen<\/a>\n                    <\/div>\n                <\/div>\n            <\/div>\n            \n            \n            \n    \n        \n                        <div class=\"card cpt-card d-flex flex-column flex-wrap\">\n                                                        <div class=\"cpt-card-image bg-image-no-repeat bg-image-cover\"\n                         style=\"background-image: url('https:\/\/www.wobcom.de\/geschaeftskunden\/wp-content\/uploads\/Facebook_Adventsverlosung_Nov_2021_05-scaled.jpg');\"><\/div>\n                \n                <div class=\"d-flex flex-wrap flex-fill align-items-between\">\n                                        <div class=\"text-start font-family-bold fw-bold w-100\"\n                         property=\"headline\">Adventsverlosung 2021<\/div>\n\n                    \n                    <div class=\"d-flex justify-content-between align-self-end align-items-center w-100\">\n                                                <time class=\"text-text-color font-family-light fw-light\"\n                              datetime=\"2021-11-26T09:00:51+01:00\"\n                              content=\"2021-11-26T09:00:51+01:00\"\n                              property=\"datePublished\">26. November 2021<\/time>\n                                                <a href=\"https:\/\/www.wobcom.de\/adventsverlosung_2021\/\" class=\"cpt-slider-link fw-500 font-family-medium\"\n                           aria-label=\"Mehr lesen\">Mehr lesen<\/a>\n                    <\/div>\n                <\/div>\n            <\/div>\n            \n            \n            \n    \n        \n                        <div class=\"card cpt-card d-flex flex-column flex-wrap\">\n                                                        <div class=\"cpt-card-image bg-image-no-repeat bg-image-cover\"\n                         style=\"background-image: url('https:\/\/www.wobcom.de\/geschaeftskunden\/wp-content\/uploads\/Interview-Simon-Isaak.png');\"><\/div>\n                \n                <div class=\"d-flex flex-wrap flex-fill align-items-between\">\n                                        <div class=\"text-start font-family-bold fw-bold w-100\"\n                         property=\"headline\">Software Engineering, Programmierung, Netzwerke<\/div>\n\n                    \n                    <div class=\"d-flex justify-content-between align-self-end align-items-center w-100\">\n                                                <time class=\"text-text-color font-family-light fw-light\"\n                              datetime=\"2021-11-11T15:34:20+01:00\"\n                              content=\"2021-11-11T15:34:20+01:00\"\n                              property=\"datePublished\">11. November 2021<\/time>\n                                                <a href=\"https:\/\/www.wobcom.de\/software-engineering-programmierung-netzwerke\/\" class=\"cpt-slider-link fw-500 font-family-medium\"\n                           aria-label=\"Mehr lesen\">Mehr lesen<\/a>\n                    <\/div>\n                <\/div>\n            <\/div>\n            \n            \n            \n    \n        \n                        <div class=\"card cpt-card d-flex flex-column flex-wrap\">\n                                                        <div class=\"cpt-card-image bg-image-no-repeat bg-image-cover\"\n                         style=\"background-image: url('https:\/\/www.wobcom.de\/geschaeftskunden\/wp-content\/uploads\/WOBCOM-GmbH-launcht-neue-Internetpra\u0308senz.jpg');\"><\/div>\n                \n                <div class=\"d-flex flex-wrap flex-fill align-items-between\">\n                                        <div class=\"text-start font-family-bold fw-bold w-100\"\n                         property=\"headline\">WOBCOM GmbH launcht neue Internetpr\u00e4senz<\/div>\n\n                    \n                    <div class=\"d-flex justify-content-between align-self-end align-items-center w-100\">\n                                                <time class=\"text-text-color font-family-light fw-light\"\n                              datetime=\"2021-11-04T10:20:05+01:00\"\n                              content=\"2021-11-04T10:20:05+01:00\"\n                              property=\"datePublished\">4. November 2021<\/time>\n                                                <a href=\"https:\/\/www.wobcom.de\/wobcom-gmbh-launcht-neue-internetpraesenz\/\" class=\"cpt-slider-link fw-500 font-family-medium\"\n                           aria-label=\"Mehr lesen\">Mehr lesen<\/a>\n                    <\/div>\n                <\/div>\n            <\/div>\n            \n            \n            \n    \n        \n                        <div class=\"card cpt-card d-flex flex-column flex-wrap\">\n                                                        <div class=\"cpt-card-image bg-image-no-repeat bg-image-cover\"\n                         style=\"background-image: url('https:\/\/www.wobcom.de\/geschaeftskunden\/wp-content\/uploads\/csm_Devolo_imagepicture_Gigabridge_EU_Tel_3000px_screen_bad5330bea.jpeg');\"><\/div>\n                \n                <div class=\"d-flex flex-wrap flex-fill align-items-between\">\n                                        <div class=\"text-start font-family-bold fw-bold w-100\"\n                         property=\"headline\">Glasfaserausbau in der Region Wolfsburg: WOBCOM setzt auf devolo Giga Bridge<\/div>\n\n                    \n                    <div class=\"d-flex justify-content-between align-self-end align-items-center w-100\">\n                                                <time class=\"text-text-color font-family-light fw-light\"\n                              datetime=\"2021-10-14T09:47:46+02:00\"\n                              content=\"2021-10-14T09:47:46+02:00\"\n                              property=\"datePublished\">14. Oktober 2021<\/time>\n                                                <a href=\"https:\/\/www.wobcom.de\/glasfaserausbau-in-der-region-wolfsburg-wobcom-setzt-auf-devolo-giga-bridge\/\" class=\"cpt-slider-link fw-500 font-family-medium\"\n                           aria-label=\"Mehr lesen\">Mehr lesen<\/a>\n                    <\/div>\n                <\/div>\n            <\/div>\n            \n            \n            \n    \n        \n                        <div class=\"card cpt-card d-flex flex-column flex-wrap\">\n                                                        <div class=\"cpt-card-image bg-image-no-repeat bg-image-cover\"\n                         style=\"background-image: url('https:\/\/www.wobcom.de\/geschaeftskunden\/wp-content\/uploads\/csm_2021-10-06_ASTRID_Foto_1_a05a5e9f8a.jpeg');\"><\/div>\n                \n                <div class=\"d-flex flex-wrap flex-fill align-items-between\">\n                                        <div class=\"text-start font-family-bold fw-bold w-100\"\n                         property=\"headline\">ASTRID Innovation Hub: Startschuss f\u00fcr internationale Ideenschmiede<\/div>\n\n                    \n                    <div class=\"d-flex justify-content-between align-self-end align-items-center w-100\">\n                                                <time class=\"text-text-color font-family-light fw-light\"\n                              datetime=\"2021-10-06T10:40:00+02:00\"\n                              content=\"2021-10-06T10:40:00+02:00\"\n                              property=\"datePublished\">6. Oktober 2021<\/time>\n                                                <a href=\"https:\/\/www.wobcom.de\/astrid-innovation-hub-startschuss-fuer-internationale-ideenschmiede-stadtwerke-wolfsburg-und-wobcom-wollen-internationaler-impulsgeber-bei-der-entwicklung-praxistauglicher-digitaler-anwendung-auf-o\/\" class=\"cpt-slider-link fw-500 font-family-medium\"\n                           aria-label=\"Mehr lesen\">Mehr lesen<\/a>\n                    <\/div>\n                <\/div>\n            <\/div>\n            \n            \n            \n    \n        \n                        <div class=\"card cpt-card d-flex flex-column flex-wrap\">\n                \n                <div class=\"d-flex flex-wrap flex-fill align-items-between\">\n                                        <div class=\"text-start font-family-bold fw-bold w-100\"\n                         property=\"headline\">Intelligente datengetriebene Services aus der Cloud ENGINEERING und WOBCOM b...<\/div>\n\n                                                                    <div class=\"text-start font-family-regular fw-normal w-100\">\n                            <p>Neue Technologien wie 5G oder WiFi 6 erm\u00f6glichen mit ihren hohen Bandbreiten eine Vielzahl an Anwendungsf\u00e4llen, bei denen es um gro\u00dfe Datenmengen und Geschwindigkeit geht.<\/p>\n                        <\/div>\n                    \n                    <div class=\"d-flex justify-content-between align-self-end align-items-center w-100\">\n                                                <time class=\"text-text-color font-family-light fw-light\"\n                              datetime=\"2021-09-27T10:55:09+02:00\"\n                              content=\"2021-09-27T10:55:09+02:00\"\n                              property=\"datePublished\">27. September 2021<\/time>\n                                                <a href=\"https:\/\/www.wobcom.de\/intelligente-datengetriebene-services-aus-der-cloud-engineering-und-wobcom-bieten-eine-cloud-service-plattform\/\" class=\"cpt-slider-link fw-500 font-family-medium\"\n                           aria-label=\"Mehr lesen\">Mehr lesen<\/a>\n                    <\/div>\n                <\/div>\n            <\/div>\n            \n            \n            \n    \n        \n                        <div class=\"card cpt-card d-flex flex-column flex-wrap\">\n                                                        <div class=\"cpt-card-image bg-image-no-repeat bg-image-cover\"\n                         style=\"background-image: url('https:\/\/www.wobcom.de\/geschaeftskunden\/wp-content\/uploads\/csm_2021-09-16_Foto1_WOBCOM_feiert_25_Jahre_Erfolgsgeschichte_Leitzke-1_bb39167c7c.jpg');\"><\/div>\n                \n                <div class=\"d-flex flex-wrap flex-fill align-items-between\">\n                                        <div class=\"text-start font-family-bold fw-bold w-100\"\n                         property=\"headline\">WOBCOM feiert 25 Jahre Erfolgsgeschichte - geb\u00fcndelte Kompetenz f\u00fcr ein digi...<\/div>\n\n                    \n                    <div class=\"d-flex justify-content-between align-self-end align-items-center w-100\">\n                                                <time class=\"text-text-color font-family-light fw-light\"\n                              datetime=\"2021-09-17T11:04:55+02:00\"\n                              content=\"2021-09-17T11:04:55+02:00\"\n                              property=\"datePublished\">17. September 2021<\/time>\n                                                <a href=\"https:\/\/www.wobcom.de\/wobcom-feiert-25-jahre-erfolgsgeschichte-gebuendelte-kompetenz-fuer-ein-digitales-wolfsburg\/\" class=\"cpt-slider-link fw-500 font-family-medium\"\n                           aria-label=\"Mehr lesen\">Mehr lesen<\/a>\n                    <\/div>\n                <\/div>\n            <\/div>\n            \n            \n            \n    \n        \n                        <div class=\"card cpt-card d-flex flex-column flex-wrap\">\n                                                        <div class=\"cpt-card-image bg-image-no-repeat bg-image-cover\"\n                         style=\"background-image: url('https:\/\/www.wobcom.de\/geschaeftskunden\/wp-content\/uploads\/News_25_Jahre_WOBCOM_Unser_Mobilfunkgeschenk_an_Sie.jpg');\"><\/div>\n                \n                <div class=\"d-flex flex-wrap flex-fill align-items-between\">\n                                        <div class=\"text-start font-family-bold fw-bold w-100\"\n                         property=\"headline\">25 Jahre WOBCOM: Unser Mobilfunkgeschenk an Sie<\/div>\n\n                    \n                    <div class=\"d-flex justify-content-between align-self-end align-items-center w-100\">\n                                                <time class=\"text-text-color font-family-light fw-light\"\n                              datetime=\"2021-09-15T11:19:32+02:00\"\n                              content=\"2021-09-15T11:19:32+02:00\"\n                              property=\"datePublished\">15. September 2021<\/time>\n                                                <a href=\"https:\/\/www.wobcom.de\/wobcom25\/\" class=\"cpt-slider-link fw-500 font-family-medium\"\n                           aria-label=\"Mehr lesen\">Mehr lesen<\/a>\n                    <\/div>\n                <\/div>\n            <\/div>\n            \n            \n            \n    \n        \n                        <div class=\"card cpt-card d-flex flex-column flex-wrap\">\n                                                        <div class=\"cpt-card-image bg-image-no-repeat bg-image-cover\"\n                         style=\"background-image: url('https:\/\/www.wobcom.de\/geschaeftskunden\/wp-content\/uploads\/csm_2021-09-14_MoU_Stadtwerke_Wolfsburg_and_NVIDIA_9aa61f19c8.jpg');\"><\/div>\n                \n                <div class=\"d-flex flex-wrap flex-fill align-items-between\">\n                                        <div class=\"text-start font-family-bold fw-bold w-100\"\n                         property=\"headline\">Stadtwerke Wolfsburg intensivieren Zusammenarbeit mit NVIDIA im Bereich der ...<\/div>\n\n                    \n                    <div class=\"d-flex justify-content-between align-self-end align-items-center w-100\">\n                                                <time class=\"text-text-color font-family-light fw-light\"\n                              datetime=\"2021-09-14T11:10:57+02:00\"\n                              content=\"2021-09-14T11:10:57+02:00\"\n                              property=\"datePublished\">14. September 2021<\/time>\n                                                <a href=\"https:\/\/www.wobcom.de\/stadtwerke-wolfsburg-intensivieren-zusammenarbeit-mit-nvidia-im-bereich-der-kuenstlichen-intelligenz-stadtwerke-wolfsburg-intensifies-cooperation-with-nvidia-on-artificial-intelligence\/\" class=\"cpt-slider-link fw-500 font-family-medium\"\n                           aria-label=\"Mehr lesen\">Mehr lesen<\/a>\n                    <\/div>\n                <\/div>\n            <\/div>\n            \n            \n            \n    \n        \n                        <div class=\"card cpt-card d-flex flex-column flex-wrap\">\n                                                        <div class=\"cpt-card-image bg-image-no-repeat bg-image-cover\"\n                         style=\"background-image: url('https:\/\/www.wobcom.de\/geschaeftskunden\/wp-content\/uploads\/Glasfaser_fuer_vier_weitere_Ausbaucluster_kommt.png');\"><\/div>\n                \n                <div class=\"d-flex flex-wrap flex-fill align-items-between\">\n                                        <div class=\"text-start font-family-bold fw-bold w-100\"\n                         property=\"headline\">Neuhaus, Klieversberg, Sandkamp und Reislingen S\u00fcd-West \/ Windberg sagen \u201eJa...<\/div>\n\n                    \n                    <div class=\"d-flex justify-content-between align-self-end align-items-center w-100\">\n                                                <time class=\"text-text-color font-family-light fw-light\"\n                              datetime=\"2021-09-03T11:19:49+02:00\"\n                              content=\"2021-09-03T11:19:49+02:00\"\n                              property=\"datePublished\">3. September 2021<\/time>\n                                                <a href=\"https:\/\/www.wobcom.de\/neuhaus-klieversberg-sandkamp-und-reislingen-sued-west-windberg-sagen-ja-zu-glasfaser-vorvermarktung-abgeschlossen-baustart-voraussichtlich-im-4-quartal-2021\/\" class=\"cpt-slider-link fw-500 font-family-medium\"\n                           aria-label=\"Mehr lesen\">Mehr lesen<\/a>\n                    <\/div>\n                <\/div>\n            <\/div>\n            \n            \n            \n    \n        \n                        <div class=\"card cpt-card d-flex flex-column flex-wrap\">\n                \n                <div class=\"d-flex flex-wrap flex-fill align-items-between\">\n                                        <div class=\"text-start font-family-bold fw-bold w-100\"\n                         property=\"headline\">Glasfaserausbau: Endspurt f\u00fcr Sandkamp, Neuhaus, Reislingen  S\u00fcd-West\/Windbe...<\/div>\n\n                                                                    <div class=\"text-start font-family-regular fw-normal w-100\">\n                            <p>Die Stadtwerke Wolfsburg AG und die WOBCOM GmbH laden am Donnerstag, 26. August 2021, um 18 Uhr alle interessierten B\u00fcrger*innen zu einer weiteren digitalen Informationsveranstaltung zum Thema Glasfaserausbau in den Gebieten Sandkamp, Neuhaus, Reislingen S\u00fcd-West\/Windberg und Klieversberg ein.<\/p>\n                        <\/div>\n                    \n                    <div class=\"d-flex justify-content-between align-self-end align-items-center w-100\">\n                                                <time class=\"text-text-color font-family-light fw-light\"\n                              datetime=\"2021-08-23T16:36:41+02:00\"\n                              content=\"2021-08-23T16:36:41+02:00\"\n                              property=\"datePublished\">23. August 2021<\/time>\n                                                <a href=\"https:\/\/www.wobcom.de\/glasfaserausbau-endspurt-fuer-sandkamp-neuhaus-reislingen-sued-west-windberg-und-klieversberg\/\" class=\"cpt-slider-link fw-500 font-family-medium\"\n                           aria-label=\"Mehr lesen\">Mehr lesen<\/a>\n                    <\/div>\n                <\/div>\n            <\/div>\n            \n            \n            \n    \n        \n                        <div class=\"card cpt-card d-flex flex-column flex-wrap\">\n                                                        <div class=\"cpt-card-image bg-image-no-repeat bg-image-cover\"\n                         style=\"background-image: url('https:\/\/www.wobcom.de\/geschaeftskunden\/wp-content\/uploads\/WOBCOM_Hageberg-Glasfasernetz_kommt.png');\"><\/div>\n                \n                <div class=\"d-flex flex-wrap flex-fill align-items-between\">\n                                        <div class=\"text-start font-family-bold fw-bold w-100\"\n                         property=\"headline\">Glasfasernetz kommt: Hageberg auf der digitalen \u00dcberholspur<\/div>\n\n                    \n                    <div class=\"d-flex justify-content-between align-self-end align-items-center w-100\">\n                                                <time class=\"text-text-color font-family-light fw-light\"\n                              datetime=\"2021-08-19T11:22:11+02:00\"\n                              content=\"2021-08-19T11:22:11+02:00\"\n                              property=\"datePublished\">19. August 2021<\/time>\n                                                <a href=\"https:\/\/www.wobcom.de\/glasfasernetz-kommt-hageberg-auf-der-digitalen-ueberholspur-mehr-als-40-prozent-der-anwohnerinnen-haben-sich-fuer-zukunftsfaehige-infrastruktur-entschieden-starttermin-fuer-ausbau-voraussi\/\" class=\"cpt-slider-link fw-500 font-family-medium\"\n                           aria-label=\"Mehr lesen\">Mehr lesen<\/a>\n                    <\/div>\n                <\/div>\n            <\/div>\n            \n            \n            \n    \n        \n                        <div class=\"card cpt-card d-flex flex-column flex-wrap\">\n                \n                <div class=\"d-flex flex-wrap flex-fill align-items-between\">\n                                        <div class=\"text-start font-family-bold fw-bold w-100\"\n                         property=\"headline\">WOBCOM erm\u00f6glicht Beibehaltung der E-Mail Adresse<\/div>\n\n                                                                    <div class=\"text-start font-family-regular fw-normal w-100\">\n                            <p>In den vergangenen Wochen war immer wieder die \u201eMitnahme\u201c von E-Mail Adressen von der WOBCOM zu anderen Telekommunikationsanbietern ein Thema. <\/p>\n                        <\/div>\n                    \n                    <div class=\"d-flex justify-content-between align-self-end align-items-center w-100\">\n                                                <time class=\"text-text-color font-family-light fw-light\"\n                              datetime=\"2021-07-30T11:25:53+02:00\"\n                              content=\"2021-07-30T11:25:53+02:00\"\n                              property=\"datePublished\">30. Juli 2021<\/time>\n                                                <a href=\"https:\/\/www.wobcom.de\/wobcom-ermoeglicht-beibehaltung-der-e-mail-adresse\/\" class=\"cpt-slider-link fw-500 font-family-medium\"\n                           aria-label=\"Mehr lesen\">Mehr lesen<\/a>\n                    <\/div>\n                <\/div>\n            <\/div>\n            \n            \n            \n    \n        \n                        <div class=\"card cpt-card d-flex flex-column flex-wrap\">\n                                                        <div class=\"cpt-card-image bg-image-no-repeat bg-image-cover\"\n                         style=\"background-image: url('https:\/\/www.wobcom.de\/geschaeftskunden\/wp-content\/uploads\/Tiefbauarbeiten_Steimker_Berg.jpg');\"><\/div>\n                \n                <div class=\"d-flex flex-wrap flex-fill align-items-between\">\n                                        <div class=\"text-start font-family-bold fw-bold w-100\"\n                         property=\"headline\">Glasfasernetz kommt: Start der Tiefbauarbeiten am Steimker Berg - Ziel: Schn...<\/div>\n\n                    \n                    <div class=\"d-flex justify-content-between align-self-end align-items-center w-100\">\n                                                <time class=\"text-text-color font-family-light fw-light\"\n                              datetime=\"2021-07-14T11:30:29+02:00\"\n                              content=\"2021-07-14T11:30:29+02:00\"\n                              property=\"datePublished\">14. Juli 2021<\/time>\n                                                <a href=\"https:\/\/www.wobcom.de\/glasfasernetz-kommt-start-der-tiefbauarbeiten-am-steimker-berg-ziel-schnelles-internet-fuer-alle-bis-jahresende\/\" class=\"cpt-slider-link fw-500 font-family-medium\"\n                           aria-label=\"Mehr lesen\">Mehr lesen<\/a>\n                    <\/div>\n                <\/div>\n            <\/div>\n            \n            \n            \n    \n        \n                        <div class=\"card cpt-card d-flex flex-column flex-wrap\">\n                \n                <div class=\"d-flex flex-wrap flex-fill align-items-between\">\n                                        <div class=\"text-start font-family-bold fw-bold w-100\"\n                         property=\"headline\">WOBCOM ber\u00e4t vor Ort - Termine an mobilen Infopoints<\/div>\n\n                                                                    <div class=\"text-start font-family-regular fw-normal w-100\">\n                            <p>Die WOBCOM ist wieder vor Ort und bietet Beratungstermine in den Ausbaugebieten Reislingen S\u00fcd-West\/Windberg und Neuhaus an. <\/p>\n                        <\/div>\n                    \n                    <div class=\"d-flex justify-content-between align-self-end align-items-center w-100\">\n                                                <time class=\"text-text-color font-family-light fw-light\"\n                              datetime=\"2021-07-08T15:37:07+02:00\"\n                              content=\"2021-07-08T15:37:07+02:00\"\n                              property=\"datePublished\">8. Juli 2021<\/time>\n                                                <a href=\"https:\/\/www.wobcom.de\/termine-an-mobilen-infopoints\/\" class=\"cpt-slider-link fw-500 font-family-medium\"\n                           aria-label=\"Mehr lesen\">Mehr lesen<\/a>\n                    <\/div>\n                <\/div>\n            <\/div>\n            \n            \n            \n    \n        \n                        <div class=\"card cpt-card d-flex flex-column flex-wrap\">\n                \n                <div class=\"d-flex flex-wrap flex-fill align-items-between\">\n                                        <div class=\"text-start font-family-bold fw-bold w-100\"\n                         property=\"headline\">\u00dcberragendes Ergebnis f\u00fcr Neuhaus: 40 %-Quote f\u00fcr Glasfaserausbau deutlich v...<\/div>\n\n                                                                    <div class=\"text-start font-family-regular fw-normal w-100\">\n                            <p>In Neuhaus ist der Bedarf an Glasfaser-Anschl\u00fcssen offensichtlich sehr hoch: Fast zwei Monate vor Fristende haben im Stadtteil Neuhaus \u00fcber 40 Prozent der Haushalte einen glasfaserbasierten Anschluss beauftragt. <\/p>\n                        <\/div>\n                    \n                    <div class=\"d-flex justify-content-between align-self-end align-items-center w-100\">\n                                                <time class=\"text-text-color font-family-light fw-light\"\n                              datetime=\"2021-07-07T15:04:15+02:00\"\n                              content=\"2021-07-07T15:04:15+02:00\"\n                              property=\"datePublished\">7. Juli 2021<\/time>\n                                                <a href=\"https:\/\/www.wobcom.de\/neuhaus40quote\/\" class=\"cpt-slider-link fw-500 font-family-medium\"\n                           aria-label=\"Mehr lesen\">Mehr lesen<\/a>\n                    <\/div>\n                <\/div>\n            <\/div>\n            \n            \n            \n    \n        \n                        <div class=\"card cpt-card d-flex flex-column flex-wrap\">\n                \n                <div class=\"d-flex flex-wrap flex-fill align-items-between\">\n                                        <div class=\"text-start font-family-bold fw-bold w-100\"\n                         property=\"headline\">Hageberg: Glasfaserausbau verz\u00f6gert sich<\/div>\n\n                                                                    <div class=\"text-start font-family-regular fw-normal w-100\">\n                            <p>Stadtwerke Wolfsburg AG und WOBCOM GmbH verschieben den f\u00fcr 1. Juli 2021 geplanten Start zum Ausbau des schnellen Internets. <\/p>\n                        <\/div>\n                    \n                    <div class=\"d-flex justify-content-between align-self-end align-items-center w-100\">\n                                                <time class=\"text-text-color font-family-light fw-light\"\n                              datetime=\"2021-06-18T17:06:05+02:00\"\n                              content=\"2021-06-18T17:06:05+02:00\"\n                              property=\"datePublished\">18. Juni 2021<\/time>\n                                                <a href=\"https:\/\/www.wobcom.de\/hageberg-glasfaserausbau-verzoegert-sich\/\" class=\"cpt-slider-link fw-500 font-family-medium\"\n                           aria-label=\"Mehr lesen\">Mehr lesen<\/a>\n                    <\/div>\n                <\/div>\n            <\/div>\n            \n            \n            \n    \n        \n                        <div class=\"card cpt-card d-flex flex-column flex-wrap\">\n                                                        <div class=\"cpt-card-image bg-image-no-repeat bg-image-cover\"\n                         style=\"background-image: url('https:\/\/www.wobcom.de\/geschaeftskunden\/wp-content\/uploads\/Grafik_Next_Generation_Cup_2021.png');\"><\/div>\n                \n                <div class=\"d-flex flex-wrap flex-fill align-items-between\">\n                                        <div class=\"text-start font-family-bold fw-bold w-100\"\n                         property=\"headline\">Next Generation Cup 2021: VfL Wolfsburg und WOBCOM richten ersten gemeinsame...<\/div>\n\n                    \n                    <div class=\"d-flex justify-content-between align-self-end align-items-center w-100\">\n                                                <time class=\"text-text-color font-family-light fw-light\"\n                              datetime=\"2021-06-10T11:33:47+02:00\"\n                              content=\"2021-06-10T11:33:47+02:00\"\n                              property=\"datePublished\">10. Juni 2021<\/time>\n                                                <a href=\"https:\/\/www.wobcom.de\/next-generation-cup-2021-vfl-wolfsburg-und-wobcom-richten-ersten-gemeinsamen-fifa-esport-cup-aus\/\" class=\"cpt-slider-link fw-500 font-family-medium\"\n                           aria-label=\"Mehr lesen\">Mehr lesen<\/a>\n                    <\/div>\n                <\/div>\n            <\/div>\n            \n            \n            \n    \n        \n                        <div class=\"card cpt-card d-flex flex-column flex-wrap\">\n                \n                <div class=\"d-flex flex-wrap flex-fill align-items-between\">\n                                        <div class=\"text-start font-family-bold fw-bold w-100\"\n                         property=\"headline\">Gl\u00fcckwunsch Steimker Berg: Glasfaserausbau beginnt im Juli 2021<\/div>\n\n                                                                    <div class=\"text-start font-family-regular fw-normal w-100\">\n                                                    <\/div>\n                    \n                    <div class=\"d-flex justify-content-between align-self-end align-items-center w-100\">\n                                                <time class=\"text-text-color font-family-light fw-light\"\n                              datetime=\"2021-06-03T15:05:59+02:00\"\n                              content=\"2021-06-03T15:05:59+02:00\"\n                              property=\"datePublished\">3. Juni 2021<\/time>\n                                                <a href=\"https:\/\/www.wobcom.de\/glueckwunsch-steimker-berg-glasfaserausbau-beginnt-im-juli-2021\/\" class=\"cpt-slider-link fw-500 font-family-medium\"\n                           aria-label=\"Mehr lesen\">Mehr lesen<\/a>\n                    <\/div>\n                <\/div>\n            <\/div>\n            \n            \n            \n    \n        \n                        <div class=\"card cpt-card d-flex flex-column flex-wrap\">\n                \n                <div class=\"d-flex flex-wrap flex-fill align-items-between\">\n                                        <div class=\"text-start font-family-bold fw-bold w-100\"\n                         property=\"headline\">Endlich wieder pers\u00f6nlich!<\/div>\n\n                                                                    <div class=\"text-start font-family-regular fw-normal w-100\">\n                            <p>Ab Montag, den 31.05.2021, sind unsere Servicecenter im WNT am Nordkopf, in der Wabe in der Porschestra\u00dfe und im Steinweg in Gifhorn wieder zu den normalen \u00d6ffnungszeiten f\u00fcr Sie ge\u00f6ffnet.<\/p>\n                        <\/div>\n                    \n                    <div class=\"d-flex justify-content-between align-self-end align-items-center w-100\">\n                                                <time class=\"text-text-color font-family-light fw-light\"\n                              datetime=\"2021-05-31T12:00:58+02:00\"\n                              content=\"2021-05-31T12:00:58+02:00\"\n                              property=\"datePublished\">31. Mai 2021<\/time>\n                                                <a href=\"https:\/\/www.wobcom.de\/endlich-wieder-persoenlich\/\" class=\"cpt-slider-link fw-500 font-family-medium\"\n                           aria-label=\"Mehr lesen\">Mehr lesen<\/a>\n                    <\/div>\n                <\/div>\n            <\/div>\n            \n            \n            \n    \n        \n                        <div class=\"card cpt-card d-flex flex-column flex-wrap\">\n                                                        <div class=\"cpt-card-image bg-image-no-repeat bg-image-cover\"\n                         style=\"background-image: url('https:\/\/www.wobcom.de\/geschaeftskunden\/wp-content\/uploads\/Grafik_Erreichbarkeit_Feiertage.png');\"><\/div>\n                \n                <div class=\"d-flex flex-wrap flex-fill align-items-between\">\n                                        <div class=\"text-start font-family-bold fw-bold w-100\"\n                         property=\"headline\">Erreichbarkeit zu den Feiertagen<\/div>\n\n                    \n                    <div class=\"d-flex justify-content-between align-self-end align-items-center w-100\">\n                                                <time class=\"text-text-color font-family-light fw-light\"\n                              datetime=\"2021-03-31T12:47:27+02:00\"\n                              content=\"2021-03-31T12:47:27+02:00\"\n                              property=\"datePublished\">31. M\u00e4rz 2021<\/time>\n                                                <a href=\"https:\/\/www.wobcom.de\/erreichbarkeit-zu-den-feiertagen\/\" class=\"cpt-slider-link fw-500 font-family-medium\"\n                           aria-label=\"Mehr lesen\">Mehr lesen<\/a>\n                    <\/div>\n                <\/div>\n            <\/div>\n            \n            \n            \n    \n        \n                        <div class=\"card cpt-card d-flex flex-column flex-wrap\">\n                                                        <div class=\"cpt-card-image bg-image-no-repeat bg-image-cover\"\n                         style=\"background-image: url('https:\/\/www.wobcom.de\/geschaeftskunden\/wp-content\/uploads\/1201276963419221.kW7dVF45fWSwNWnzijIl_height640.png');\"><\/div>\n                \n                <div class=\"d-flex flex-wrap flex-fill align-items-between\">\n                                        <div class=\"text-start font-family-bold fw-bold w-100\"\n                         property=\"headline\">KUNDEN WERBEN KUNDEN<\/div>\n\n                    \n                    <div class=\"d-flex justify-content-between align-self-end align-items-center w-100\">\n                                                <time class=\"text-text-color font-family-light fw-light\"\n                              datetime=\"2021-03-27T10:33:32+01:00\"\n                              content=\"2021-03-27T10:33:32+01:00\"\n                              property=\"datePublished\">27. M\u00e4rz 2021<\/time>\n                                                <a href=\"https:\/\/www.wobcom.de\/kunden-werben-kunden\/\" class=\"cpt-slider-link fw-500 font-family-medium\"\n                           aria-label=\"Mehr lesen\">Mehr lesen<\/a>\n                    <\/div>\n                <\/div>\n            <\/div>\n            \n            \n            \n    \n        \n                        <div class=\"card cpt-card d-flex flex-column flex-wrap\">\n                \n                <div class=\"d-flex flex-wrap flex-fill align-items-between\">\n                                        <div class=\"text-start font-family-bold fw-bold w-100\"\n                         property=\"headline\">WOBCOM startet Glasfaservermarktung am Steimker Berg und Hageberg \u2013 mit neue...<\/div>\n\n                                                                    <div class=\"text-start font-family-regular fw-normal w-100\">\n                            <p>Jetzt im M\u00e4rz startet die WOBCOM die Glasfaservermarktung am Steimker Berg und Hageberg.<br \/>\nDer Ausbau soll noch in diesem Jahr starten. Die Anwohner*innen dieser Stadtteile haben jetzt<br \/>\nauch den gro\u00dfen Vorteil, einen kostenlosen Glasfaseranschluss bis ins Haus gelegt zu<br \/>\nbekommen.<\/p>\n                        <\/div>\n                    \n                    <div class=\"d-flex justify-content-between align-self-end align-items-center w-100\">\n                                                <time class=\"text-text-color font-family-light fw-light\"\n                              datetime=\"2021-03-05T11:41:40+01:00\"\n                              content=\"2021-03-05T11:41:40+01:00\"\n                              property=\"datePublished\">5. M\u00e4rz 2021<\/time>\n                                                <a href=\"https:\/\/www.wobcom.de\/wobcom-startet-glasfaservermarktung-am-steimker-berg-und-hageberg-mit-neuer-tarifwelt\/\" class=\"cpt-slider-link fw-500 font-family-medium\"\n                           aria-label=\"Mehr lesen\">Mehr lesen<\/a>\n                    <\/div>\n                <\/div>\n            <\/div>\n            \n            \n            \n    \n        \n                        <div class=\"card cpt-card d-flex flex-column flex-wrap\">\n                \n                <div class=\"d-flex flex-wrap flex-fill align-items-between\">\n                                        <div class=\"text-start font-family-bold fw-bold w-100\"\n                         property=\"headline\">Starkes Signal \u2013 Glasfaserausbau geht weiter: Die WOBCOM GmbH wird zwei weit...<\/div>\n\n                                                                    <div class=\"text-start font-family-regular fw-normal w-100\">\n                            <p>Der Aufsichtsrat der Stadtwerke Wolfsburg AG hat in seiner Sitzung am Freitag, 12. Februar 2021,<br \/>\nbeschlossen, den Glasfaserausbau in zwei weiteren Ausbaugebieten in Wolfsburg<br \/>\nvoranzutreiben. <\/p>\n                        <\/div>\n                    \n                    <div class=\"d-flex justify-content-between align-self-end align-items-center w-100\">\n                                                <time class=\"text-text-color font-family-light fw-light\"\n                              datetime=\"2021-02-15T11:44:18+01:00\"\n                              content=\"2021-02-15T11:44:18+01:00\"\n                              property=\"datePublished\">15. Februar 2021<\/time>\n                                                <a href=\"https:\/\/www.wobcom.de\/starkes-signal-glasfaserausbau-geht-weiter-die-wobcom-gmbh-wird-zwei-weitere-ausbaugebiete-in-wolfsburg-erschliessen\/\" class=\"cpt-slider-link fw-500 font-family-medium\"\n                           aria-label=\"Mehr lesen\">Mehr lesen<\/a>\n                    <\/div>\n                <\/div>\n            <\/div>\n            \n            \n            \n    \n        \n                        <div class=\"card cpt-card d-flex flex-column flex-wrap\">\n                                                        <div class=\"cpt-card-image bg-image-no-repeat bg-image-cover\"\n                         style=\"background-image: url('https:\/\/www.wobcom.de\/geschaeftskunden\/wp-content\/uploads\/v.r.n.l._Heiner_J._Willen_Frau_Schreiter_Frau_Zawadzki__Bernd_Schmidt.jpg');\"><\/div>\n                \n                <div class=\"d-flex flex-wrap flex-fill align-items-between\">\n                                        <div class=\"text-start font-family-bold fw-bold w-100\"\n                         property=\"headline\">Katholische Kitas sorgen vor \u2013 l\u00fcften wird ab sofort angezeigt<\/div>\n\n                    \n                    <div class=\"d-flex justify-content-between align-self-end align-items-center w-100\">\n                                                <time class=\"text-text-color font-family-light fw-light\"\n                              datetime=\"2021-02-03T11:47:02+01:00\"\n                              content=\"2021-02-03T11:47:02+01:00\"\n                              property=\"datePublished\">3. Februar 2021<\/time>\n                                                <a href=\"https:\/\/www.wobcom.de\/katholische-kitas-sorgen-vor-lueften-wird-ab-sofort-angezeigt-wobcom-gmbh-stattet-die-ersten-kitas-mit-co2-luftmessgeraeten-aus\/\" class=\"cpt-slider-link fw-500 font-family-medium\"\n                           aria-label=\"Mehr lesen\">Mehr lesen<\/a>\n                    <\/div>\n                <\/div>\n            <\/div>\n            \n            \n            \n    \n        \n                        <div class=\"card cpt-card d-flex flex-column flex-wrap\">\n                \n                <div class=\"d-flex flex-wrap flex-fill align-items-between\">\n                                        <div class=\"text-start font-family-bold fw-bold w-100\"\n                         property=\"headline\">Serviceinformation zu WOBCOM-IPTV<\/div>\n\n                                                                    <div class=\"text-start font-family-regular fw-normal w-100\">\n                            <p>Am Dienstag, den 09.02.2021, wird f\u00fcr WOBCOM-IPTV zwischen 4-6 Uhr morgens ein Wartungsupdate durchgef\u00fchrt. <\/p>\n                        <\/div>\n                    \n                    <div class=\"d-flex justify-content-between align-self-end align-items-center w-100\">\n                                                <time class=\"text-text-color font-family-light fw-light\"\n                              datetime=\"2021-02-02T12:54:41+01:00\"\n                              content=\"2021-02-02T12:54:41+01:00\"\n                              property=\"datePublished\">2. Februar 2021<\/time>\n                                                <a href=\"https:\/\/www.wobcom.de\/serviceinformation-zu-wobcom-iptv\/\" class=\"cpt-slider-link fw-500 font-family-medium\"\n                           aria-label=\"Mehr lesen\">Mehr lesen<\/a>\n                    <\/div>\n                <\/div>\n            <\/div>\n            \n            \n            \n    \n        \n                        <div class=\"card cpt-card d-flex flex-column flex-wrap\">\n                                                        <div class=\"cpt-card-image bg-image-no-repeat bg-image-cover\"\n                         style=\"background-image: url('https:\/\/www.wobcom.de\/geschaeftskunden\/wp-content\/uploads\/Luftmessgeraete_Schulzentrum.jpg');\"><\/div>\n                \n                <div class=\"d-flex flex-wrap flex-fill align-items-between\">\n                                        <div class=\"text-start font-family-bold fw-bold w-100\"\n                         property=\"headline\">50 Luftmessger\u00e4te f\u00fcr Wolfsburger Schulen<\/div>\n\n                    \n                    <div class=\"d-flex justify-content-between align-self-end align-items-center w-100\">\n                                                <time class=\"text-text-color font-family-light fw-light\"\n                              datetime=\"2021-01-21T11:48:45+01:00\"\n                              content=\"2021-01-21T11:48:45+01:00\"\n                              property=\"datePublished\">21. Januar 2021<\/time>\n                                                <a href=\"https:\/\/www.wobcom.de\/50-luftmessgeraete-fuer-wolfsburger-schulen-stadtwerke-unternehmensgruppe-verzichtet-auf-weihnachtsgeschenke-fuer-geschaeftspartner-und-spendet-an-wolfsburger-schulen\/\" class=\"cpt-slider-link fw-500 font-family-medium\"\n                           aria-label=\"Mehr lesen\">Mehr lesen<\/a>\n                    <\/div>\n                <\/div>\n            <\/div>\n            \n            \n            \n    \n        \n                        <div class=\"card cpt-card d-flex flex-column flex-wrap\">\n                                                        <div class=\"cpt-card-image bg-image-no-repeat bg-image-cover\"\n                         style=\"background-image: url('https:\/\/www.wobcom.de\/geschaeftskunden\/wp-content\/uploads\/Grafik_Click_Collect_.png');\"><\/div>\n                \n                <div class=\"d-flex flex-wrap flex-fill align-items-between\">\n                                        <div class=\"text-start font-family-bold fw-bold w-100\"\n                         property=\"headline\">Click & Collect f\u00fcr WOBCOM-Hardware<\/div>\n\n                    \n                    <div class=\"d-flex justify-content-between align-self-end align-items-center w-100\">\n                                                <time class=\"text-text-color font-family-light fw-light\"\n                              datetime=\"2021-01-06T12:55:43+01:00\"\n                              content=\"2021-01-06T12:55:43+01:00\"\n                              property=\"datePublished\">6. Januar 2021<\/time>\n                                                <a href=\"https:\/\/www.wobcom.de\/click-collect-fuer-wobcom-hardware\/\" class=\"cpt-slider-link fw-500 font-family-medium\"\n                           aria-label=\"Mehr lesen\">Mehr lesen<\/a>\n                    <\/div>\n                <\/div>\n            <\/div>\n            \n            \n            \n    \n        \n                        <div class=\"card cpt-card d-flex flex-column flex-wrap\">\n                                                        <div class=\"cpt-card-image bg-image-no-repeat bg-image-cover\"\n                         style=\"background-image: url('https:\/\/www.wobcom.de\/geschaeftskunden\/wp-content\/uploads\/Grafik_Erreichbarkeit_Feiertage-1.png');\"><\/div>\n                \n                <div class=\"d-flex flex-wrap flex-fill align-items-between\">\n                                        <div class=\"text-start font-family-bold fw-bold w-100\"\n                         property=\"headline\">An den Feiertagen f\u00fcr Sie da - so sind wir erreichbar<\/div>\n\n                    \n                    <div class=\"d-flex justify-content-between align-self-end align-items-center w-100\">\n                                                <time class=\"text-text-color font-family-light fw-light\"\n                              datetime=\"2020-12-21T15:50:49+01:00\"\n                              content=\"2020-12-21T15:50:49+01:00\"\n                              property=\"datePublished\">21. Dezember 2020<\/time>\n                                                <a href=\"https:\/\/www.wobcom.de\/an-den-feiertagen-fuer-sie-da-so-sind-wir-erreichbar-2\/\" class=\"cpt-slider-link fw-500 font-family-medium\"\n                           aria-label=\"Mehr lesen\">Mehr lesen<\/a>\n                    <\/div>\n                <\/div>\n            <\/div>\n            \n            \n            \n    \n        \n                        <div class=\"card cpt-card d-flex flex-column flex-wrap\">\n                                                        <div class=\"cpt-card-image bg-image-no-repeat bg-image-cover\"\n                         style=\"background-image: url('https:\/\/www.wobcom.de\/geschaeftskunden\/wp-content\/uploads\/Grafik_Erreichbarkeit_Feiertage.png');\"><\/div>\n                \n                <div class=\"d-flex flex-wrap flex-fill align-items-between\">\n                                        <div class=\"text-start font-family-bold fw-bold w-100\"\n                         property=\"headline\">An den Feiertagen f\u00fcr Sie da - so sind wir erreichbar<\/div>\n\n                    \n                    <div class=\"d-flex justify-content-between align-self-end align-items-center w-100\">\n                                                <time class=\"text-text-color font-family-light fw-light\"\n                              datetime=\"2020-12-21T13:05:05+01:00\"\n                              content=\"2020-12-21T13:05:05+01:00\"\n                              property=\"datePublished\">21. Dezember 2020<\/time>\n                                                <a href=\"https:\/\/www.wobcom.de\/an-den-feiertagen-fuer-sie-da-so-sind-wir-erreichbar\/\" class=\"cpt-slider-link fw-500 font-family-medium\"\n                           aria-label=\"Mehr lesen\">Mehr lesen<\/a>\n                    <\/div>\n                <\/div>\n            <\/div>\n            \n            \n            \n    \n        \n                        <div class=\"card cpt-card d-flex flex-column flex-wrap\">\n                                                        <div class=\"cpt-card-image bg-image-no-repeat bg-image-cover\"\n                         style=\"background-image: url('https:\/\/www.wobcom.de\/geschaeftskunden\/wp-content\/uploads\/2020-12-17_Fuenf-glueckliche-Gewinnerinnen-beim-WOBCOM-Gewinnspiel.png');\"><\/div>\n                \n                <div class=\"d-flex flex-wrap flex-fill align-items-between\">\n                                        <div class=\"text-start font-family-bold fw-bold w-100\"\n                         property=\"headline\">F\u00fcnf gl\u00fcckliche Gewinner*innen beim WOBCOM-Gewinnspiel<\/div>\n\n                    \n                    <div class=\"d-flex justify-content-between align-self-end align-items-center w-100\">\n                                                <time class=\"text-text-color font-family-light fw-light\"\n                              datetime=\"2020-12-17T13:09:02+01:00\"\n                              content=\"2020-12-17T13:09:02+01:00\"\n                              property=\"datePublished\">17. Dezember 2020<\/time>\n                                                <a href=\"https:\/\/www.wobcom.de\/wobcom-gewinnspiel\/\" class=\"cpt-slider-link fw-500 font-family-medium\"\n                           aria-label=\"Mehr lesen\">Mehr lesen<\/a>\n                    <\/div>\n                <\/div>\n            <\/div>\n            \n            \n            \n    \n        \n                        <div class=\"card cpt-card d-flex flex-column flex-wrap\">\n                \n                <div class=\"d-flex flex-wrap flex-fill align-items-between\">\n                                        <div class=\"text-start font-family-bold fw-bold w-100\"\n                         property=\"headline\">Wir sind f\u00fcr Sie da \u2013 auch im zweiten Lockdown<\/div>\n\n                                                                    <div class=\"text-start font-family-regular fw-normal w-100\">\n                            <p>Wir bieten Ihnen auch in dieser erneut schwierigen Zeit unsere Leistungen und Services bestm\u00f6glich f\u00fcr Sie an!<\/p>\n                        <\/div>\n                    \n                    <div class=\"d-flex justify-content-between align-self-end align-items-center w-100\">\n                                                <time class=\"text-text-color font-family-light fw-light\"\n                              datetime=\"2020-12-15T15:54:20+01:00\"\n                              content=\"2020-12-15T15:54:20+01:00\"\n                              property=\"datePublished\">15. Dezember 2020<\/time>\n                                                <a href=\"https:\/\/www.wobcom.de\/wir-sind-fuer-sie-da-auch-im-zweiten-lockdown-2\/\" class=\"cpt-slider-link fw-500 font-family-medium\"\n                           aria-label=\"Mehr lesen\">Mehr lesen<\/a>\n                    <\/div>\n                <\/div>\n            <\/div>\n            \n            \n            \n    \n        \n                        <div class=\"card cpt-card d-flex flex-column flex-wrap\">\n                \n                <div class=\"d-flex flex-wrap flex-fill align-items-between\">\n                                        <div class=\"text-start font-family-bold fw-bold w-100\"\n                         property=\"headline\">Wir sind f\u00fcr Sie da \u2013 auch im zweiten Lockdown<\/div>\n\n                                                                    <div class=\"text-start font-family-regular fw-normal w-100\">\n                            <p>Wir bieten Ihnen auch in dieser erneut schwierigen Zeit unsere Leistungen und Services bestm\u00f6glich f\u00fcr Sie an!<\/p>\n                        <\/div>\n                    \n                    <div class=\"d-flex justify-content-between align-self-end align-items-center w-100\">\n                                                <time class=\"text-text-color font-family-light fw-light\"\n                              datetime=\"2020-12-15T13:14:06+01:00\"\n                              content=\"2020-12-15T13:14:06+01:00\"\n                              property=\"datePublished\">15. Dezember 2020<\/time>\n                                                <a href=\"https:\/\/www.wobcom.de\/wir-sind-fuer-sie-da-auch-im-zweiten-lockdown\/\" class=\"cpt-slider-link fw-500 font-family-medium\"\n                           aria-label=\"Mehr lesen\">Mehr lesen<\/a>\n                    <\/div>\n                <\/div>\n            <\/div>\n            \n            \n            \n    \n        \n                        <div class=\"card cpt-card d-flex flex-column flex-wrap\">\n                \n                <div class=\"d-flex flex-wrap flex-fill align-items-between\">\n                                        <div class=\"text-start font-family-bold fw-bold w-100\"\n                         property=\"headline\">Adventsverlosung - jetzt mitmachen<\/div>\n\n                                                                    <div class=\"text-start font-family-regular fw-normal w-100\">\n                            <p>So langesam weihnachtet es sehr! Um Ihnen die Vorweihnachtszeit noch mehr zu vers\u00fc\u00dfen, haben wir einen Adventskalender auf unserem Facebook- und Instagram-Kanal vorbereitet.<\/p>\n                        <\/div>\n                    \n                    <div class=\"d-flex justify-content-between align-self-end align-items-center w-100\">\n                                                <time class=\"text-text-color font-family-light fw-light\"\n                              datetime=\"2020-11-27T13:33:57+01:00\"\n                              content=\"2020-11-27T13:33:57+01:00\"\n                              property=\"datePublished\">27. November 2020<\/time>\n                                                <a href=\"https:\/\/www.wobcom.de\/adventsverlosung-jetzt-mitmachen\/\" class=\"cpt-slider-link fw-500 font-family-medium\"\n                           aria-label=\"Mehr lesen\">Mehr lesen<\/a>\n                    <\/div>\n                <\/div>\n            <\/div>\n            \n            \n            \n    \n        \n                        <div class=\"card cpt-card d-flex flex-column flex-wrap\">\n                                                        <div class=\"cpt-card-image bg-image-no-repeat bg-image-cover\"\n                         style=\"background-image: url('https:\/\/www.wobcom.de\/geschaeftskunden\/wp-content\/uploads\/WOB.smart_1.png');\"><\/div>\n                \n                <div class=\"d-flex flex-wrap flex-fill align-items-between\">\n                                        <div class=\"text-start font-family-bold fw-bold w-100\"\n                         property=\"headline\">Mit WOB.smart automatisiert einen sicheren, gesunden Betrieb wahren?<\/div>\n\n                    \n                    <div class=\"d-flex justify-content-between align-self-end align-items-center w-100\">\n                                                <time class=\"text-text-color font-family-light fw-light\"\n                              datetime=\"2020-11-01T15:58:29+01:00\"\n                              content=\"2020-11-01T15:58:29+01:00\"\n                              property=\"datePublished\">1. November 2020<\/time>\n                                                <a href=\"https:\/\/www.wobcom.de\/mit-wob-smart-automatisiert-einen-sicheren-gesunden-betrieb-wahren\/\" class=\"cpt-slider-link fw-500 font-family-medium\"\n                           aria-label=\"Mehr lesen\">Mehr lesen<\/a>\n                    <\/div>\n                <\/div>\n            <\/div>\n            \n            \n            \n    \n        \n                        <div class=\"card cpt-card d-flex flex-column flex-wrap\">\n                                                        <div class=\"cpt-card-image bg-image-no-repeat bg-image-cover\"\n                         style=\"background-image: url('https:\/\/www.wobcom.de\/geschaeftskunden\/wp-content\/uploads\/csm_PW1_0863_2f7129b8c3.jpg');\"><\/div>\n                \n                <div class=\"d-flex flex-wrap flex-fill align-items-between\">\n                                        <div class=\"text-start font-family-bold fw-bold w-100\"\n                         property=\"headline\">Gaia-X in Wolfsburg - Impressionen der Veranstaltung am 06.10.2020<\/div>\n\n                    \n                    <div class=\"d-flex justify-content-between align-self-end align-items-center w-100\">\n                                                <time class=\"text-text-color font-family-light fw-light\"\n                              datetime=\"2020-10-13T16:00:48+02:00\"\n                              content=\"2020-10-13T16:00:48+02:00\"\n                              property=\"datePublished\">13. Oktober 2020<\/time>\n                                                <a href=\"https:\/\/www.wobcom.de\/gaia-x-in-wolfsburg-impressionen-der-veranstaltung-am-06-10-2020\/\" class=\"cpt-slider-link fw-500 font-family-medium\"\n                           aria-label=\"Mehr lesen\">Mehr lesen<\/a>\n                    <\/div>\n                <\/div>\n            <\/div>\n            \n            \n            \n    \n        \n                        <div class=\"card cpt-card d-flex flex-column flex-wrap\">\n                \n                <div class=\"d-flex flex-wrap flex-fill align-items-between\">\n                                        <div class=\"text-start font-family-bold fw-bold w-100\"\n                         property=\"headline\">Pressemitteilung: WOBCOM \u2013 jetzt mit Lichtgeschwindigkeit unterwegs<\/div>\n\n                                                                    <div class=\"text-start font-family-regular fw-normal w-100\">\n                            <p>Wolfsburg an den Internetknoten des DE-CIX in Frankfurt angeschlossen.<\/p>\n                        <\/div>\n                    \n                    <div class=\"d-flex justify-content-between align-self-end align-items-center w-100\">\n                                                <time class=\"text-text-color font-family-light fw-light\"\n                              datetime=\"2020-09-29T16:22:01+02:00\"\n                              content=\"2020-09-29T16:22:01+02:00\"\n                              property=\"datePublished\">29. September 2020<\/time>\n                                                <a href=\"https:\/\/www.wobcom.de\/pressemitteilung-wobcom-jetzt-mit-lichtgeschwindigkeit-unterwegs\/\" class=\"cpt-slider-link fw-500 font-family-medium\"\n                           aria-label=\"Mehr lesen\">Mehr lesen<\/a>\n                    <\/div>\n                <\/div>\n            <\/div>\n            \n            \n            \n    \n        \n                        <div class=\"card cpt-card d-flex flex-column flex-wrap\">\n                \n                <div class=\"d-flex flex-wrap flex-fill align-items-between\">\n                                        <div class=\"text-start font-family-bold fw-bold w-100\"\n                         property=\"headline\">Kundeninformation: Wartungsarbeiten<\/div>\n\n                                                                    <div class=\"text-start font-family-regular fw-normal w-100\">\n                            <p>Liebe Kund*Innen,<br \/>\nin der Nacht von Mittwoch, den 12.08.2020 auf Donnerstag, den 13.08.2020 werden wir ab ca. 3:30 Uhr Wartungsarbeiten an einem unserer Einwahl-Router sowie Systemupdates vornehmen.Im Bereich Telefonie und Internet kann es deshalb zu einer Ausfallzeit von bis zu 30 Minuten kommen. Anschlie\u00dfend stehen die Dienste wieder vollumf\u00e4nglich, automatisch zur Verf\u00fcgung.<\/p>\n                        <\/div>\n                    \n                    <div class=\"d-flex justify-content-between align-self-end align-items-center w-100\">\n                                                <time class=\"text-text-color font-family-light fw-light\"\n                              datetime=\"2020-08-11T13:42:56+02:00\"\n                              content=\"2020-08-11T13:42:56+02:00\"\n                              property=\"datePublished\">11. August 2020<\/time>\n                                                <a href=\"https:\/\/www.wobcom.de\/kundeninformation-wartungsarbeiten\/\" class=\"cpt-slider-link fw-500 font-family-medium\"\n                           aria-label=\"Mehr lesen\">Mehr lesen<\/a>\n                    <\/div>\n                <\/div>\n            <\/div>\n            \n            \n            \n    \n        \n                        <div class=\"card cpt-card d-flex flex-column flex-wrap\">\n                                                        <div class=\"cpt-card-image bg-image-no-repeat bg-image-cover\"\n                         style=\"background-image: url('https:\/\/www.wobcom.de\/geschaeftskunden\/wp-content\/uploads\/Grafik_Kundeinformation_SC_Gifhorn.png');\"><\/div>\n                \n                <div class=\"d-flex flex-wrap flex-fill align-items-between\">\n                                        <div class=\"text-start font-family-bold fw-bold w-100\"\n                         property=\"headline\">Kundeninformation Servicecenter Gifhorn<\/div>\n\n                    \n                    <div class=\"d-flex justify-content-between align-self-end align-items-center w-100\">\n                                                <time class=\"text-text-color font-family-light fw-light\"\n                              datetime=\"2020-08-10T13:44:17+02:00\"\n                              content=\"2020-08-10T13:44:17+02:00\"\n                              property=\"datePublished\">10. August 2020<\/time>\n                                                <a href=\"https:\/\/www.wobcom.de\/kundeninformation-servicecenter-gifhorn\/\" class=\"cpt-slider-link fw-500 font-family-medium\"\n                           aria-label=\"Mehr lesen\">Mehr lesen<\/a>\n                    <\/div>\n                <\/div>\n            <\/div>\n            \n            \n            \n    \n        \n                        <div class=\"card cpt-card d-flex flex-column flex-wrap\">\n                \n                <div class=\"d-flex flex-wrap flex-fill align-items-between\">\n                                        <div class=\"text-start font-family-bold fw-bold w-100\"\n                         property=\"headline\">F\u00fcr unsere Kund*innen: Webmail-Update<\/div>\n\n                                                                    <div class=\"text-start font-family-regular fw-normal w-100\">\n                            <p>Zur Zeit werden Spam E-Mails versendet, die vermeintlich von der WOBCOM GmbH Wolfsburg sind. <\/p>\n                        <\/div>\n                    \n                    <div class=\"d-flex justify-content-between align-self-end align-items-center w-100\">\n                                                <time class=\"text-text-color font-family-light fw-light\"\n                              datetime=\"2020-07-20T13:48:05+02:00\"\n                              content=\"2020-07-20T13:48:05+02:00\"\n                              property=\"datePublished\">20. Juli 2020<\/time>\n                                                <a href=\"https:\/\/www.wobcom.de\/fuer-unsere-kundinnen-webmail-update\/\" class=\"cpt-slider-link fw-500 font-family-medium\"\n                           aria-label=\"Mehr lesen\">Mehr lesen<\/a>\n                    <\/div>\n                <\/div>\n            <\/div>\n            \n            \n            \n    \n        \n                        <div class=\"card cpt-card d-flex flex-column flex-wrap\">\n                                                        <div class=\"cpt-card-image bg-image-no-repeat bg-image-cover\"\n                         style=\"background-image: url('https:\/\/www.wobcom.de\/geschaeftskunden\/wp-content\/uploads\/WOB.smart_2.png');\"><\/div>\n                \n                <div class=\"d-flex flex-wrap flex-fill align-items-between\">\n                                        <div class=\"text-start font-family-bold fw-bold w-100\"\n                         property=\"headline\">NEU: WOB.smart - einfach bessere Entscheidungen treffen<\/div>\n\n                    \n                    <div class=\"d-flex justify-content-between align-self-end align-items-center w-100\">\n                                                <time class=\"text-text-color font-family-light fw-light\"\n                              datetime=\"2020-07-15T16:24:56+02:00\"\n                              content=\"2020-07-15T16:24:56+02:00\"\n                              property=\"datePublished\">15. Juli 2020<\/time>\n                                                <a href=\"https:\/\/www.wobcom.de\/neu-wob-smart-einfach-bessere-entscheidungen-treffen\/\" class=\"cpt-slider-link fw-500 font-family-medium\"\n                           aria-label=\"Mehr lesen\">Mehr lesen<\/a>\n                    <\/div>\n                <\/div>\n            <\/div>\n            \n            \n            \n    \n        \n                        <div class=\"card cpt-card d-flex flex-column flex-wrap\">\n                \n                <div class=\"d-flex flex-wrap flex-fill align-items-between\">\n                                        <div class=\"text-start font-family-bold fw-bold w-100\"\n                         property=\"headline\">Phishing-\/ Spam E-Mails im Umlauf<\/div>\n\n                                                                    <div class=\"text-start font-family-regular fw-normal w-100\">\n                            <p>Zur Zeit werden Spam E-Mails versendet, die vermeintlich von der WOBCOM GmbH Wolfsburg sind.<\/p>\n                        <\/div>\n                    \n                    <div class=\"d-flex justify-content-between align-self-end align-items-center w-100\">\n                                                <time class=\"text-text-color font-family-light fw-light\"\n                              datetime=\"2020-07-15T13:46:33+02:00\"\n                              content=\"2020-07-15T13:46:33+02:00\"\n                              property=\"datePublished\">15. Juli 2020<\/time>\n                                                <a href=\"https:\/\/www.wobcom.de\/phishing-spam-e-mails-im-umlauf\/\" class=\"cpt-slider-link fw-500 font-family-medium\"\n                           aria-label=\"Mehr lesen\">Mehr lesen<\/a>\n                    <\/div>\n                <\/div>\n            <\/div>\n            \n            \n            \n    \n        \n                        <div class=\"card cpt-card d-flex flex-column flex-wrap\">\n                \n                <div class=\"d-flex flex-wrap flex-fill align-items-between\">\n                                        <div class=\"text-start font-family-bold fw-bold w-100\"\n                         property=\"headline\">Information zur Mehrwertsteuersenkung<\/div>\n\n                                                                    <div class=\"text-start font-family-regular fw-normal w-100\">\n                            <p>Die Bundesregierung hat beschlossen, bis Jahresende die Mehrwertsteuer um drei Prozent zu senken.<\/p>\n                        <\/div>\n                    \n                    <div class=\"d-flex justify-content-between align-self-end align-items-center w-100\">\n                                                <time class=\"text-text-color font-family-light fw-light\"\n                              datetime=\"2020-06-30T13:53:45+02:00\"\n                              content=\"2020-06-30T13:53:45+02:00\"\n                              property=\"datePublished\">30. Juni 2020<\/time>\n                                                <a href=\"https:\/\/www.wobcom.de\/information-zur-mehrwertsteuersenkung\/\" class=\"cpt-slider-link fw-500 font-family-medium\"\n                           aria-label=\"Mehr lesen\">Mehr lesen<\/a>\n                    <\/div>\n                <\/div>\n            <\/div>\n            \n            \n            \n    \n        \n                        <div class=\"card cpt-card d-flex flex-column flex-wrap\">\n                                                        <div class=\"cpt-card-image bg-image-no-repeat bg-image-cover\"\n                         style=\"background-image: url('https:\/\/www.wobcom.de\/geschaeftskunden\/wp-content\/uploads\/Scavengerhunt.png');\"><\/div>\n                \n                <div class=\"d-flex flex-wrap flex-fill align-items-between\">\n                                        <div class=\"text-start font-family-bold fw-bold w-100\"\n                         property=\"headline\">Die Jagd beginnt: Wolfsburgs zweite Scavenger Hunt startet<\/div>\n\n                    \n                    <div class=\"d-flex justify-content-between align-self-end align-items-center w-100\">\n                                                <time class=\"text-text-color font-family-light fw-light\"\n                              datetime=\"2020-06-20T13:56:31+02:00\"\n                              content=\"2020-06-20T13:56:31+02:00\"\n                              property=\"datePublished\">20. Juni 2020<\/time>\n                                                <a href=\"https:\/\/www.wobcom.de\/die-jagd-beginnt-wolfsburgs-zweite-scavenger-hunt-startet\/\" class=\"cpt-slider-link fw-500 font-family-medium\"\n                           aria-label=\"Mehr lesen\">Mehr lesen<\/a>\n                    <\/div>\n                <\/div>\n            <\/div>\n            \n            \n            \n    \n        \n                        <div class=\"card cpt-card d-flex flex-column flex-wrap\">\n                                                        <div class=\"cpt-card-image bg-image-no-repeat bg-image-cover\"\n                         style=\"background-image: url('https:\/\/www.wobcom.de\/geschaeftskunden\/wp-content\/uploads\/Graffik_Abloesung_RF_Grafhorst7.png');\"><\/div>\n                \n                <div class=\"d-flex flex-wrap flex-fill align-items-between\">\n                                        <div class=\"text-start font-family-bold fw-bold w-100\"\n                         property=\"headline\">Abl\u00f6sung der Richtfunkstrecke bei Grafhorst durch Glasfasertechnologie<\/div>\n\n                    \n                    <div class=\"d-flex justify-content-between align-self-end align-items-center w-100\">\n                                                <time class=\"text-text-color font-family-light fw-light\"\n                              datetime=\"2020-06-13T14:00:10+02:00\"\n                              content=\"2020-06-13T14:00:10+02:00\"\n                              property=\"datePublished\">13. Juni 2020<\/time>\n                                                <a href=\"https:\/\/www.wobcom.de\/abloesung-der-richtfunkstrecke-bei-grafhorst-durch-glasfasertechnologie\/\" class=\"cpt-slider-link fw-500 font-family-medium\"\n                           aria-label=\"Mehr lesen\">Mehr lesen<\/a>\n                    <\/div>\n                <\/div>\n            <\/div>\n            \n            \n            \n    \n        \n                        <div class=\"card cpt-card d-flex flex-column flex-wrap\">\n                                                        <div class=\"cpt-card-image bg-image-no-repeat bg-image-cover\"\n                         style=\"background-image: url('https:\/\/www.wobcom.de\/geschaeftskunden\/wp-content\/uploads\/Data_Center.jpg');\"><\/div>\n                \n                <div class=\"d-flex flex-wrap flex-fill align-items-between\">\n                                        <div class=\"text-start font-family-bold fw-bold w-100\"\n                         property=\"headline\">Hochsicher, hochleistungsf\u00e4hig - das WOBCOM Data Center<\/div>\n\n                    \n                    <div class=\"d-flex justify-content-between align-self-end align-items-center w-100\">\n                                                <time class=\"text-text-color font-family-light fw-light\"\n                              datetime=\"2020-06-03T16:27:09+02:00\"\n                              content=\"2020-06-03T16:27:09+02:00\"\n                              property=\"datePublished\">3. Juni 2020<\/time>\n                                                <a href=\"https:\/\/www.wobcom.de\/hochsicher-hochleistungsfaehig-das-wobcom-data-center\/\" class=\"cpt-slider-link fw-500 font-family-medium\"\n                           aria-label=\"Mehr lesen\">Mehr lesen<\/a>\n                    <\/div>\n                <\/div>\n            <\/div>\n            \n            \n            \n    \n        \n                        <div class=\"card cpt-card d-flex flex-column flex-wrap\">\n                \n                <div class=\"d-flex flex-wrap flex-fill align-items-between\">\n                                        <div class=\"text-start font-family-bold fw-bold w-100\"\n                         property=\"headline\">WOBCOM Glasfaserausbau startet im Juni in Vorsfelde\/Nord<\/div>\n\n                                                                    <div class=\"text-start font-family-regular fw-normal w-100\">\n                            <p>Jetzt geht es los \u2013 die Bagger rollen in Vorsfelde. Die Stadtwerke Wolfsburg und die WOBCOM GmbH starten im<br \/>\nJuni mit dem Glasfaserausbau in Vorsfelde\/Nord.<\/p>\n                        <\/div>\n                    \n                    <div class=\"d-flex justify-content-between align-self-end align-items-center w-100\">\n                                                <time class=\"text-text-color font-family-light fw-light\"\n                              datetime=\"2020-05-28T14:01:23+02:00\"\n                              content=\"2020-05-28T14:01:23+02:00\"\n                              property=\"datePublished\">28. Mai 2020<\/time>\n                                                <a href=\"https:\/\/www.wobcom.de\/wobcom-glasfaserausbau-startet-im-juni-in-vorsfelde-nord\/\" class=\"cpt-slider-link fw-500 font-family-medium\"\n                           aria-label=\"Mehr lesen\">Mehr lesen<\/a>\n                    <\/div>\n                <\/div>\n            <\/div>\n            \n            \n            \n    \n        \n                        <div class=\"card cpt-card d-flex flex-column flex-wrap\">\n                \n                <div class=\"d-flex flex-wrap flex-fill align-items-between\">\n                                        <div class=\"text-start font-family-bold fw-bold w-100\"\n                         property=\"headline\">Top Nachrichten f\u00fcr alle Fu\u00dfballfans!<\/div>\n\n                                                                    <div class=\"text-start font-family-regular fw-normal w-100\">\n                            <p>Nicht nur, dass die Bundesliga wieder losgeht \u2013 wir k\u00f6nnen sie jetzt auch \u00fcber unser WOBCOM IPTV f\u00fcr Sie \u00fcbertragen! <\/p>\n                        <\/div>\n                    \n                    <div class=\"d-flex justify-content-between align-self-end align-items-center w-100\">\n                                                <time class=\"text-text-color font-family-light fw-light\"\n                              datetime=\"2020-05-15T14:06:09+02:00\"\n                              content=\"2020-05-15T14:06:09+02:00\"\n                              property=\"datePublished\">15. Mai 2020<\/time>\n                                                <a href=\"https:\/\/www.wobcom.de\/top-nachrichten-fuer-alle-fussballfans\/\" class=\"cpt-slider-link fw-500 font-family-medium\"\n                           aria-label=\"Mehr lesen\">Mehr lesen<\/a>\n                    <\/div>\n                <\/div>\n            <\/div>\n            \n            \n            \n    \n        \n                        <div class=\"card cpt-card d-flex flex-column flex-wrap\">\n                                                        <div class=\"cpt-card-image bg-image-no-repeat bg-image-cover\"\n                         style=\"background-image: url('https:\/\/www.wobcom.de\/geschaeftskunden\/wp-content\/uploads\/Corona_Upgrade_Angebotsbutton.png');\"><\/div>\n                \n                <div class=\"d-flex flex-wrap flex-fill align-items-between\">\n                                        <div class=\"text-start font-family-bold fw-bold w-100\"\n                         property=\"headline\">Angebot: Glasfaser 1000 mit sechs Monaten Einf\u00fchrungspreis<\/div>\n\n                    \n                    <div class=\"d-flex justify-content-between align-self-end align-items-center w-100\">\n                                                <time class=\"text-text-color font-family-light fw-light\"\n                              datetime=\"2020-05-08T14:08:50+02:00\"\n                              content=\"2020-05-08T14:08:50+02:00\"\n                              property=\"datePublished\">8. Mai 2020<\/time>\n                                                <a href=\"https:\/\/www.wobcom.de\/angebot-glasfaser-1000-mit-sechs-monaten-einfuehrungspreis\/\" class=\"cpt-slider-link fw-500 font-family-medium\"\n                           aria-label=\"Mehr lesen\">Mehr lesen<\/a>\n                    <\/div>\n                <\/div>\n            <\/div>\n            \n            \n            \n    \n        \n                        <div class=\"card cpt-card d-flex flex-column flex-wrap\">\n                                                        <div class=\"cpt-card-image bg-image-no-repeat bg-image-cover\"\n                         style=\"background-image: url('https:\/\/www.wobcom.de\/geschaeftskunden\/wp-content\/uploads\/Grafiken_Aussendienst_285148ede4.png');\"><\/div>\n                \n                <div class=\"d-flex flex-wrap flex-fill align-items-between\">\n                                        <div class=\"text-start font-family-bold fw-bold w-100\"\n                         property=\"headline\">Wiederaufnahme unserer Vor-Ort-Besuche<\/div>\n\n                    \n                    <div class=\"d-flex justify-content-between align-self-end align-items-center w-100\">\n                                                <time class=\"text-text-color font-family-light fw-light\"\n                              datetime=\"2020-05-07T14:17:02+02:00\"\n                              content=\"2020-05-07T14:17:02+02:00\"\n                              property=\"datePublished\">7. Mai 2020<\/time>\n                                                <a href=\"https:\/\/www.wobcom.de\/wiederaufnahme-unserer-vor-ort-besuche\/\" class=\"cpt-slider-link fw-500 font-family-medium\"\n                           aria-label=\"Mehr lesen\">Mehr lesen<\/a>\n                    <\/div>\n                <\/div>\n            <\/div>\n            \n            \n            \n    \n        \n                        <div class=\"card cpt-card d-flex flex-column flex-wrap\">\n                                                        <div class=\"cpt-card-image bg-image-no-repeat bg-image-cover\"\n                         style=\"background-image: url('https:\/\/www.wobcom.de\/geschaeftskunden\/wp-content\/uploads\/Grafik_mehr_Datenvolumen.png');\"><\/div>\n                \n                <div class=\"d-flex flex-wrap flex-fill align-items-between\">\n                                        <div class=\"text-start font-family-bold fw-bold w-100\"\n                         property=\"headline\">Datenvolumen-Upgrade in Mobilfunktarifen<\/div>\n\n                    \n                    <div class=\"d-flex justify-content-between align-self-end align-items-center w-100\">\n                                                <time class=\"text-text-color font-family-light fw-light\"\n                              datetime=\"2020-04-24T14:56:26+02:00\"\n                              content=\"2020-04-24T14:56:26+02:00\"\n                              property=\"datePublished\">24. April 2020<\/time>\n                                                <a href=\"https:\/\/www.wobcom.de\/datenvolumen-upgrade-in-mobilfunktarifen\/\" class=\"cpt-slider-link fw-500 font-family-medium\"\n                           aria-label=\"Mehr lesen\">Mehr lesen<\/a>\n                    <\/div>\n                <\/div>\n            <\/div>\n            \n            \n            \n    \n        \n                        <div class=\"card cpt-card d-flex flex-column flex-wrap\">\n                \n                <div class=\"d-flex flex-wrap flex-fill align-items-between\">\n                                        <div class=\"text-start font-family-bold fw-bold w-100\"\n                         property=\"headline\">Wiederer\u00f6ffnung Servicecenter<\/div>\n\n                                                                    <div class=\"text-start font-family-regular fw-normal w-100\">\n                            <p>Wir freuen uns, dass wir unsere Servicecenter im Wolfsburger Nordkopf Tower (WNT), He\u00dflinger Str. 1-5 und in der Porschestr. 56b in Wolfsburg sowie im Steinweg 68 in Gifhorn wieder zu den gewohnten Zeiten \u00f6ffnen und Sie pers\u00f6nlich beraten k\u00f6nnen.<\/p>\n                        <\/div>\n                    \n                    <div class=\"d-flex justify-content-between align-self-end align-items-center w-100\">\n                                                <time class=\"text-text-color font-family-light fw-light\"\n                              datetime=\"2020-04-23T15:03:41+02:00\"\n                              content=\"2020-04-23T15:03:41+02:00\"\n                              property=\"datePublished\">23. April 2020<\/time>\n                                                <a href=\"https:\/\/www.wobcom.de\/wiedereroeffnung-servicecenter\/\" class=\"cpt-slider-link fw-500 font-family-medium\"\n                           aria-label=\"Mehr lesen\">Mehr lesen<\/a>\n                    <\/div>\n                <\/div>\n            <\/div>\n            \n            \n            \n    \n        \n                        <div class=\"card cpt-card d-flex flex-column flex-wrap\">\n                                                        <div class=\"cpt-card-image bg-image-no-repeat bg-image-cover\"\n                         style=\"background-image: url('https:\/\/www.wobcom.de\/geschaeftskunden\/wp-content\/uploads\/csm_eco_Logo_red__1__3b22da06fd.jpg');\"><\/div>\n                \n                <div class=\"d-flex flex-wrap flex-fill align-items-between\">\n                                        <div class=\"text-start font-family-bold fw-bold w-100\"\n                         property=\"headline\">WOBCOM ist neues Mitglied des eco \u2013 Verband der Internetwirtschaft e. V.<\/div>\n\n                    \n                    <div class=\"d-flex justify-content-between align-self-end align-items-center w-100\">\n                                                <time class=\"text-text-color font-family-light fw-light\"\n                              datetime=\"2020-04-15T15:22:51+02:00\"\n                              content=\"2020-04-15T15:22:51+02:00\"\n                              property=\"datePublished\">15. April 2020<\/time>\n                                                <a href=\"https:\/\/www.wobcom.de\/wobcom-ist-neues-mitglied-des-eco-verband-der-internetwirtschaft-e-v\/\" class=\"cpt-slider-link fw-500 font-family-medium\"\n                           aria-label=\"Mehr lesen\">Mehr lesen<\/a>\n                    <\/div>\n                <\/div>\n            <\/div>\n            \n            \n            \n    \n        \n                        <div class=\"card cpt-card d-flex flex-column flex-wrap\">\n                                                        <div class=\"cpt-card-image bg-image-no-repeat bg-image-cover\"\n                         style=\"background-image: url('https:\/\/www.wobcom.de\/geschaeftskunden\/wp-content\/uploads\/Errichbarkeit_Ostern.png');\"><\/div>\n                \n                <div class=\"d-flex flex-wrap flex-fill align-items-between\">\n                                        <div class=\"text-start font-family-bold fw-bold w-100\"\n                         property=\"headline\">Telefonische Erreichbarkeit zu Osterfeiertagen<\/div>\n\n                    \n                    <div class=\"d-flex justify-content-between align-self-end align-items-center w-100\">\n                                                <time class=\"text-text-color font-family-light fw-light\"\n                              datetime=\"2020-04-06T15:06:55+02:00\"\n                              content=\"2020-04-06T15:06:55+02:00\"\n                              property=\"datePublished\">6. April 2020<\/time>\n                                                <a href=\"https:\/\/www.wobcom.de\/telefonische-erreichbarkeit-zu-osterfeiertagen\/\" class=\"cpt-slider-link fw-500 font-family-medium\"\n                           aria-label=\"Mehr lesen\">Mehr lesen<\/a>\n                    <\/div>\n                <\/div>\n            <\/div>\n            \n            \n            \n    \n        \n                        <div class=\"card cpt-card d-flex flex-column flex-wrap\">\n                \n                <div class=\"d-flex flex-wrap flex-fill align-items-between\">\n                                        <div class=\"text-start font-family-bold fw-bold w-100\"\n                         property=\"headline\">Aktuelle Information f\u00fcr alle WOBCOM-Kund*innen<\/div>\n\n                                                                    <div class=\"text-start font-family-regular fw-normal w-100\">\n                            <p>Wir sind auch in diesen schwierigen Zeiten weiterhin f\u00fcr Sie da und k\u00f6nnen alle unsere Dienstleistungen bereitstellen. <\/p>\n                        <\/div>\n                    \n                    <div class=\"d-flex justify-content-between align-self-end align-items-center w-100\">\n                                                <time class=\"text-text-color font-family-light fw-light\"\n                              datetime=\"2020-04-03T15:09:22+02:00\"\n                              content=\"2020-04-03T15:09:22+02:00\"\n                              property=\"datePublished\">3. April 2020<\/time>\n                                                <a href=\"https:\/\/www.wobcom.de\/aktuelle-information-fuer-alle-wobcom-kundinnen\/\" class=\"cpt-slider-link fw-500 font-family-medium\"\n                           aria-label=\"Mehr lesen\">Mehr lesen<\/a>\n                    <\/div>\n                <\/div>\n            <\/div>\n            \n            \n            \n    \n        \n                        <div class=\"card cpt-card d-flex flex-column flex-wrap\">\n                \n                <div class=\"d-flex flex-wrap flex-fill align-items-between\">\n                                        <div class=\"text-start font-family-bold fw-bold w-100\"\n                         property=\"headline\">COVID-19 Pr\u00e4vention: Servicecenter bleiben geschlossen<\/div>\n\n                                                                    <div class=\"text-start font-family-regular fw-normal w-100\">\n                            <p>Im Rahmen der Pr\u00e4vention des COVID-19 schlie\u00dfen wir vorsorglich unsere Wolfsburger Servicecenter in der He\u00dflinger Str. 1-5 (WNT), in der Porschestr. 56b (Wabe) sowie das Gifhorner Servicecenter im Steinweg 68 ab Dienstag, den 17. M\u00e4rz 2020 bis auf Weiteres<\/p>\n                        <\/div>\n                    \n                    <div class=\"d-flex justify-content-between align-self-end align-items-center w-100\">\n                                                <time class=\"text-text-color font-family-light fw-light\"\n                              datetime=\"2020-03-17T15:18:08+01:00\"\n                              content=\"2020-03-17T15:18:08+01:00\"\n                              property=\"datePublished\">17. M\u00e4rz 2020<\/time>\n                                                <a href=\"https:\/\/www.wobcom.de\/covid-19-praevention-servicecenter-bleiben-geschlossen\/\" class=\"cpt-slider-link fw-500 font-family-medium\"\n                           aria-label=\"Mehr lesen\">Mehr lesen<\/a>\n                    <\/div>\n                <\/div>\n            <\/div>\n            \n            \n            \n    \n        \n                        <div class=\"card cpt-card d-flex flex-column flex-wrap\">\n                \n                <div class=\"d-flex flex-wrap flex-fill align-items-between\">\n                                        <div class=\"text-start font-family-bold fw-bold w-100\"\n                         property=\"headline\">Information zum verkaufsoffenen Sonntag am 01.03.2020<\/div>\n\n                                                                    <div class=\"text-start font-family-regular fw-normal w-100\">\n                                                    <\/div>\n                    \n                    <div class=\"d-flex justify-content-between align-self-end align-items-center w-100\">\n                                                <time class=\"text-text-color font-family-light fw-light\"\n                              datetime=\"2020-03-01T15:24:54+01:00\"\n                              content=\"2020-03-01T15:24:54+01:00\"\n                              property=\"datePublished\">1. M\u00e4rz 2020<\/time>\n                                                <a href=\"https:\/\/www.wobcom.de\/information-zum-verkaufsoffenen-sonntag-am-01-03-2020\/\" class=\"cpt-slider-link fw-500 font-family-medium\"\n                           aria-label=\"Mehr lesen\">Mehr lesen<\/a>\n                    <\/div>\n                <\/div>\n            <\/div>\n            \n            \n            \n    \n        \n                        <div class=\"card cpt-card d-flex flex-column flex-wrap\">\n                \n                <div class=\"d-flex flex-wrap flex-fill align-items-between\">\n                                        <div class=\"text-start font-family-bold fw-bold w-100\"\n                         property=\"headline\">Information zu Wartungsarbeiten im Bereich Telefon & Internet im Raum Neindo...<\/div>\n\n                                                                    <div class=\"text-start font-family-regular fw-normal w-100\">\n                            <p>Im Zuge von Wartungsarbeiten unseres Vordienstleisters Telekom wird es in der Nacht von Montag, 20.01.2020 auf Dienstag, 21.01.2020 im Zeitraum von 3-5:30 Uhr zu einem kurzzeitigen Ausfall der Internet- und Telefondienste im Raum Neindorf und Sassenburg kommen. <\/p>\n                        <\/div>\n                    \n                    <div class=\"d-flex justify-content-between align-self-end align-items-center w-100\">\n                                                <time class=\"text-text-color font-family-light fw-light\"\n                              datetime=\"2020-01-17T15:25:44+01:00\"\n                              content=\"2020-01-17T15:25:44+01:00\"\n                              property=\"datePublished\">17. Januar 2020<\/time>\n                                                <a href=\"https:\/\/www.wobcom.de\/information-zu-wartungsarbeiten-im-bereich-telefon-internet-im-raum-neindorf-und-sassenburg\/\" class=\"cpt-slider-link fw-500 font-family-medium\"\n                           aria-label=\"Mehr lesen\">Mehr lesen<\/a>\n                    <\/div>\n                <\/div>\n            <\/div>\n            \n            \n            \n    \n        \n                        <div class=\"card cpt-card d-flex flex-column flex-wrap\">\n                \n                <div class=\"d-flex flex-wrap flex-fill align-items-between\">\n                                        <div class=\"text-start font-family-bold fw-bold w-100\"\n                         property=\"headline\">WOBCOM GmbH Case Study<\/div>\n\n                                                                    <div class=\"text-start font-family-regular fw-normal w-100\">\n                            <p>Um Ihre Pers\u00f6nlichkeitssph\u00e4re zu sch\u00fctzen, ist die Verkn\u00fcpfung mit dem Video-Streaming-Dienst deaktiviert. <\/p>\n                        <\/div>\n                    \n                    <div class=\"d-flex justify-content-between align-self-end align-items-center w-100\">\n                                                <time class=\"text-text-color font-family-light fw-light\"\n                              datetime=\"2020-01-15T15:30:31+01:00\"\n                              content=\"2020-01-15T15:30:31+01:00\"\n                              property=\"datePublished\">15. Januar 2020<\/time>\n                                                <a href=\"https:\/\/www.wobcom.de\/wobcom-gmbh-case-study\/\" class=\"cpt-slider-link fw-500 font-family-medium\"\n                           aria-label=\"Mehr lesen\">Mehr lesen<\/a>\n                    <\/div>\n                <\/div>\n            <\/div>\n            \n            \n            \n    \n        \n                        <div class=\"card cpt-card d-flex flex-column flex-wrap\">\n                                                        <div class=\"cpt-card-image bg-image-no-repeat bg-image-cover\"\n                         style=\"background-image: url('https:\/\/www.wobcom.de\/geschaeftskunden\/wp-content\/uploads\/csm_Garry_2_c7c2e26e59.jpg');\"><\/div>\n                \n                <div class=\"d-flex flex-wrap flex-fill align-items-between\">\n                                        <div class=\"text-start font-family-bold fw-bold w-100\"\n                         property=\"headline\">WOBCOM-Adventsaktion: Geschenke an jedem Adventssamstag<\/div>\n\n                    \n                    <div class=\"d-flex justify-content-between align-self-end align-items-center w-100\">\n                                                <time class=\"text-text-color font-family-light fw-light\"\n                              datetime=\"2018-12-03T11:34:18+01:00\"\n                              content=\"2018-12-03T11:34:18+01:00\"\n                              property=\"datePublished\">3. Dezember 2018<\/time>\n                                                <a href=\"https:\/\/www.wobcom.de\/wobcomadventsaktion\/\" class=\"cpt-slider-link fw-500 font-family-medium\"\n                           aria-label=\"Mehr lesen\">Mehr lesen<\/a>\n                    <\/div>\n                <\/div>\n            <\/div>\n            \n            \n            \n    \n        \n                        <div class=\"card cpt-card d-flex flex-column flex-wrap\">\n                \n                <div class=\"d-flex flex-wrap flex-fill align-items-between\">\n                                        <div class=\"text-start font-family-bold fw-bold w-100\"\n                         property=\"headline\">Zum Cyber Monday: 48 Euro f\u00fcr Hardware sparen!<\/div>\n\n                                                                    <div class=\"text-start font-family-regular fw-normal w-100\">\n                                                    <\/div>\n                    \n                    <div class=\"d-flex justify-content-between align-self-end align-items-center w-100\">\n                                                <time class=\"text-text-color font-family-light fw-light\"\n                              datetime=\"2018-11-26T12:13:52+01:00\"\n                              content=\"2018-11-26T12:13:52+01:00\"\n                              property=\"datePublished\">26. November 2018<\/time>\n                                                <a href=\"https:\/\/www.wobcom.de\/zum-cyber-monday-48-euro-fuer-hardware-sparen\/\" class=\"cpt-slider-link fw-500 font-family-medium\"\n                           aria-label=\"Mehr lesen\">Mehr lesen<\/a>\n                    <\/div>\n                <\/div>\n            <\/div>\n            \n            \n            \n    \n        \n                        <div class=\"card cpt-card d-flex flex-column flex-wrap\">\n                                                        <div class=\"cpt-card-image bg-image-no-repeat bg-image-cover\"\n                         style=\"background-image: url('https:\/\/www.wobcom.de\/geschaeftskunden\/wp-content\/uploads\/Grafik_Datenvolumen_geschenkt_15.11.18.jpg');\"><\/div>\n                \n                <div class=\"d-flex flex-wrap flex-fill align-items-between\">\n                                        <div class=\"text-start font-family-bold fw-bold w-100\"\n                         property=\"headline\">Datenvolumen geschenkt!<\/div>\n\n                    \n                    <div class=\"d-flex justify-content-between align-self-end align-items-center w-100\">\n                                                <time class=\"text-text-color font-family-light fw-light\"\n                              datetime=\"2018-11-15T13:02:26+01:00\"\n                              content=\"2018-11-15T13:02:26+01:00\"\n                              property=\"datePublished\">15. November 2018<\/time>\n                                                <a href=\"https:\/\/www.wobcom.de\/datenvolumen-geschenkt\/\" class=\"cpt-slider-link fw-500 font-family-medium\"\n                           aria-label=\"Mehr lesen\">Mehr lesen<\/a>\n                    <\/div>\n                <\/div>\n            <\/div>\n            \n            \n            \n    \n        \n                        <div class=\"card cpt-card d-flex flex-column flex-wrap\">\n                                                        <div class=\"cpt-card-image bg-image-no-repeat bg-image-cover\"\n                         style=\"background-image: url('https:\/\/www.wobcom.de\/geschaeftskunden\/wp-content\/uploads\/csm_Jetzt_neue_Mobilfunktarife_Grafik_Fb_3cad4a9489.png');\"><\/div>\n                \n                <div class=\"d-flex flex-wrap flex-fill align-items-between\">\n                                        <div class=\"text-start font-family-bold fw-bold w-100\"\n                         property=\"headline\">Neu: Unsere LTE- Mobilfunktarife<\/div>\n\n                    \n                    <div class=\"d-flex justify-content-between align-self-end align-items-center w-100\">\n                                                <time class=\"text-text-color font-family-light fw-light\"\n                              datetime=\"2018-11-15T12:47:59+01:00\"\n                              content=\"2018-11-15T12:47:59+01:00\"\n                              property=\"datePublished\">15. November 2018<\/time>\n                                                <a href=\"https:\/\/www.wobcom.de\/neu-unsere-lte-mobilfunktarife\/\" class=\"cpt-slider-link fw-500 font-family-medium\"\n                           aria-label=\"Mehr lesen\">Mehr lesen<\/a>\n                    <\/div>\n                <\/div>\n            <\/div>\n            \n            \n            \n    \n        \n                        <div class=\"card cpt-card d-flex flex-column flex-wrap\">\n                                                        <div class=\"cpt-card-image bg-image-no-repeat bg-image-cover\"\n                         style=\"background-image: url('https:\/\/www.wobcom.de\/geschaeftskunden\/wp-content\/uploads\/csm_Grafik_Facebook_Wartungen_b9a846fb99.png');\"><\/div>\n                \n                <div class=\"d-flex flex-wrap flex-fill align-items-between\">\n                                        <div class=\"text-start font-family-bold fw-bold w-100\"\n                         property=\"headline\">Modernisierungsma\u00dfnahmen am 19.11.2018<\/div>\n\n                    \n                    <div class=\"d-flex justify-content-between align-self-end align-items-center w-100\">\n                                                <time class=\"text-text-color font-family-light fw-light\"\n                              datetime=\"2018-11-15T12:32:36+01:00\"\n                              content=\"2018-11-15T12:32:36+01:00\"\n                              property=\"datePublished\">15. November 2018<\/time>\n                                                <a href=\"https:\/\/www.wobcom.de\/modernisierungsmassnahmen2018\/\" class=\"cpt-slider-link fw-500 font-family-medium\"\n                           aria-label=\"Mehr lesen\">Mehr lesen<\/a>\n                    <\/div>\n                <\/div>\n            <\/div>\n            \n            \n            \n    \n        \n                        <div class=\"card cpt-card d-flex flex-column flex-wrap\">\n                                                        <div class=\"cpt-card-image bg-image-no-repeat bg-image-cover\"\n                         style=\"background-image: url('https:\/\/www.wobcom.de\/geschaeftskunden\/wp-content\/uploads\/csm_VOS_30.09._eeb221efde.png');\"><\/div>\n                \n                <div class=\"d-flex flex-wrap flex-fill align-items-between\">\n                                        <div class=\"text-start font-family-bold fw-bold w-100\"\n                         property=\"headline\">O\u2019zapft is! in der Wolfsburger Innenstadt<\/div>\n\n                    \n                    <div class=\"d-flex justify-content-between align-self-end align-items-center w-100\">\n                                                <time class=\"text-text-color font-family-light fw-light\"\n                              datetime=\"2018-09-28T14:06:47+02:00\"\n                              content=\"2018-09-28T14:06:47+02:00\"\n                              property=\"datePublished\">28. September 2018<\/time>\n                                                <a href=\"https:\/\/www.wobcom.de\/ozapft-is\/\" class=\"cpt-slider-link fw-500 font-family-medium\"\n                           aria-label=\"Mehr lesen\">Mehr lesen<\/a>\n                    <\/div>\n                <\/div>\n            <\/div>\n            \n            \n            \n    \n        \n                        <div class=\"card cpt-card d-flex flex-column flex-wrap\">\n                                                        <div class=\"cpt-card-image bg-image-no-repeat bg-image-cover\"\n                         style=\"background-image: url('https:\/\/www.wobcom.de\/geschaeftskunden\/wp-content\/uploads\/csm_2018_08_24_Wobcom_Glasfasermotiv_Bildschirm__Ausbaugebiete_mit_HG_WEB_bbd34620bb.png');\"><\/div>\n                \n                <div class=\"d-flex flex-wrap flex-fill align-items-between\">\n                                        <div class=\"text-start font-family-bold fw-bold w-100\"\n                         property=\"headline\">Glasfaserausbaugebiete 2019 \u2013 der digitale Weg geht weiter<\/div>\n\n                    \n                    <div class=\"d-flex justify-content-between align-self-end align-items-center w-100\">\n                                                <time class=\"text-text-color font-family-light fw-light\"\n                              datetime=\"2018-08-31T14:46:02+02:00\"\n                              content=\"2018-08-31T14:46:02+02:00\"\n                              property=\"datePublished\">31. August 2018<\/time>\n                                                <a href=\"https:\/\/www.wobcom.de\/glasfaserausbaugebiete2019\/\" class=\"cpt-slider-link fw-500 font-family-medium\"\n                           aria-label=\"Mehr lesen\">Mehr lesen<\/a>\n                    <\/div>\n                <\/div>\n            <\/div>\n            \n            \n            \n    \n        \n                        <div class=\"card cpt-card d-flex flex-column flex-wrap\">\n                                                        <div class=\"cpt-card-image bg-image-no-repeat bg-image-cover\"\n                         style=\"background-image: url('https:\/\/www.wobcom.de\/geschaeftskunden\/wp-content\/uploads\/csm_Pressetermin_TGB_Tiefbauabschluss_02.02.2018_b9e15d6775.jpg');\"><\/div>\n                \n                <div class=\"d-flex flex-wrap flex-fill align-items-between\">\n                                        <div class=\"text-start font-family-bold fw-bold w-100\"\n                         property=\"headline\">Tiefbau in den ersten drei Glasfaser-Ausbaugebieten beendet<\/div>\n\n                    \n                    <div class=\"d-flex justify-content-between align-self-end align-items-center w-100\">\n                                                <time class=\"text-text-color font-family-light fw-light\"\n                              datetime=\"2018-01-31T15:04:54+01:00\"\n                              content=\"2018-01-31T15:04:54+01:00\"\n                              property=\"datePublished\">31. Januar 2018<\/time>\n                                                <a href=\"https:\/\/www.wobcom.de\/smart-living-days\/\" class=\"cpt-slider-link fw-500 font-family-medium\"\n                           aria-label=\"Mehr lesen\">Mehr lesen<\/a>\n                    <\/div>\n                <\/div>\n            <\/div>\n            \n            \n            \n    \n        \n                        <div class=\"card cpt-card d-flex flex-column flex-wrap\">\n                                                        <div class=\"cpt-card-image bg-image-no-repeat bg-image-cover\"\n                         style=\"background-image: url('https:\/\/www.wobcom.de\/geschaeftskunden\/wp-content\/uploads\/csm_WNT_Tag_offene_Tuer_Nov_2017_01_c9f1c2577e.jpg');\"><\/div>\n                \n                <div class=\"d-flex flex-wrap flex-fill align-items-between\">\n                                        <div class=\"text-start font-family-bold fw-bold w-100\"\n                         property=\"headline\">Programm und Aktionen zum Tag der offenen T\u00fcr im WNT<\/div>\n\n                    \n                    <div class=\"d-flex justify-content-between align-self-end align-items-center w-100\">\n                                                <time class=\"text-text-color font-family-light fw-light\"\n                              datetime=\"2017-11-13T09:43:25+01:00\"\n                              content=\"2017-11-13T09:43:25+01:00\"\n                              property=\"datePublished\">13. November 2017<\/time>\n                                                <a href=\"https:\/\/www.wobcom.de\/tag-der-offenen-tuer-2017\/\" class=\"cpt-slider-link fw-500 font-family-medium\"\n                           aria-label=\"Mehr lesen\">Mehr lesen<\/a>\n                    <\/div>\n                <\/div>\n            <\/div>\n            \n            \n            \n    \n        \n                        <div class=\"card cpt-card d-flex flex-column flex-wrap\">\n                                                        <div class=\"cpt-card-image bg-image-no-repeat bg-image-cover\"\n                         style=\"background-image: url('https:\/\/www.wobcom.de\/geschaeftskunden\/wp-content\/uploads\/csm_Container_TGB_f8a0fce65f-1.jpg');\"><\/div>\n                \n                <div class=\"d-flex flex-wrap flex-fill align-items-between\">\n                                        <div class=\"text-start font-family-bold fw-bold w-100\"\n                         property=\"headline\">WOBCOM-Stadtteilb\u00fcros noch ge\u00f6ffnet bis: 30.11.2017<\/div>\n\n                    \n                    <div class=\"d-flex justify-content-between align-self-end align-items-center w-100\">\n                                                <time class=\"text-text-color font-family-light fw-light\"\n                              datetime=\"2017-11-05T15:41:46+01:00\"\n                              content=\"2017-11-05T15:41:46+01:00\"\n                              property=\"datePublished\">5. November 2017<\/time>\n                                                <a href=\"https:\/\/www.wobcom.de\/wobcom-stadtteilbueros\/\" class=\"cpt-slider-link fw-500 font-family-medium\"\n                           aria-label=\"Mehr lesen\">Mehr lesen<\/a>\n                    <\/div>\n                <\/div>\n            <\/div>\n            \n            \n            \n    \n        \n                        <div class=\"card cpt-card d-flex flex-column flex-wrap\">\n                                                        <div class=\"cpt-card-image bg-image-no-repeat bg-image-cover\"\n                         style=\"background-image: url('https:\/\/www.wobcom.de\/geschaeftskunden\/wp-content\/uploads\/csm_Grafik_VOS_Angebot_05.11_ada84be1dd.png');\"><\/div>\n                \n                <div class=\"d-flex flex-wrap flex-fill align-items-between\">\n                                        <div class=\"text-start font-family-bold fw-bold w-100\"\n                         property=\"headline\">Unser Angebot am verkaufsoffenen Sonntag am 05.11.2017<\/div>\n\n                    \n                    <div class=\"d-flex justify-content-between align-self-end align-items-center w-100\">\n                                                <time class=\"text-text-color font-family-light fw-light\"\n                              datetime=\"2017-11-01T12:09:16+01:00\"\n                              content=\"2017-11-01T12:09:16+01:00\"\n                              property=\"datePublished\">1. November 2017<\/time>\n                                                <a href=\"https:\/\/www.wobcom.de\/verkaufsoffener-sonntag-2\/\" class=\"cpt-slider-link fw-500 font-family-medium\"\n                           aria-label=\"Mehr lesen\">Mehr lesen<\/a>\n                    <\/div>\n                <\/div>\n            <\/div>\n            \n            \n            \n    \n        \n                        <div class=\"card cpt-card d-flex flex-column flex-wrap\">\n                                                        <div class=\"cpt-card-image bg-image-no-repeat bg-image-cover\"\n                         style=\"background-image: url('https:\/\/www.wobcom.de\/geschaeftskunden\/wp-content\/uploads\/Logo_TdN_thumb.png');\"><\/div>\n                \n                <div class=\"d-flex flex-wrap flex-fill align-items-between\">\n                                        <div class=\"text-start font-family-bold fw-bold w-100\"\n                         property=\"headline\">WOBCOM ist Sponsor des Tags der Niedersachsen<\/div>\n\n                    \n                    <div class=\"d-flex justify-content-between align-self-end align-items-center w-100\">\n                                                <time class=\"text-text-color font-family-light fw-light\"\n                              datetime=\"2017-08-25T14:33:27+02:00\"\n                              content=\"2017-08-25T14:33:27+02:00\"\n                              property=\"datePublished\">25. August 2017<\/time>\n                                                <a href=\"https:\/\/www.wobcom.de\/wobcom-ist-sponsor-des-tags-der-niedersachsen\/\" class=\"cpt-slider-link fw-500 font-family-medium\"\n                           aria-label=\"Mehr lesen\">Mehr lesen<\/a>\n                    <\/div>\n                <\/div>\n            <\/div>\n            \n            \n            \n    \n        \n                        <div class=\"card cpt-card d-flex flex-column flex-wrap\">\n                                                        <div class=\"cpt-card-image bg-image-no-repeat bg-image-cover\"\n                         style=\"background-image: url('https:\/\/www.wobcom.de\/geschaeftskunden\/wp-content\/uploads\/csm_Infocontainer_Westhagen_33d29cc01a.jpg');\"><\/div>\n                \n                <div class=\"d-flex flex-wrap flex-fill align-items-between\">\n                                        <div class=\"text-start font-family-bold fw-bold w-100\"\n                         property=\"headline\">Aktionstag am WOBCOM-Stadtteilb\u00fcro in Westhagen<\/div>\n\n                    \n                    <div class=\"d-flex justify-content-between align-self-end align-items-center w-100\">\n                                                <time class=\"text-text-color font-family-light fw-light\"\n                              datetime=\"2017-07-15T14:55:09+02:00\"\n                              content=\"2017-07-15T14:55:09+02:00\"\n                              property=\"datePublished\">15. Juli 2017<\/time>\n                                                <a href=\"https:\/\/www.wobcom.de\/aktionstag-wobcom-stadtteilbuero\/\" class=\"cpt-slider-link fw-500 font-family-medium\"\n                           aria-label=\"Mehr lesen\">Mehr lesen<\/a>\n                    <\/div>\n                <\/div>\n            <\/div>\n            \n            \n            \n    \n        \n                        <div class=\"card cpt-card d-flex flex-column flex-wrap\">\n                                                        <div class=\"cpt-card-image bg-image-no-repeat bg-image-cover\"\n                         style=\"background-image: url('https:\/\/www.wobcom.de\/geschaeftskunden\/wp-content\/uploads\/csm_Wobcom-Netz_KB-Karte_77245bfde3.png');\"><\/div>\n                \n                <div class=\"d-flex flex-wrap flex-fill align-items-between\">\n                                        <div class=\"text-start font-family-bold fw-bold w-100\"\n                         property=\"headline\">WOBCOM als Glasfasernetz-Betreiber f\u00fcr Almke, Ilkerbruch und Neindorf<\/div>\n\n                    \n                    <div class=\"d-flex justify-content-between align-self-end align-items-center w-100\">\n                                                <time class=\"text-text-color font-family-light fw-light\"\n                              datetime=\"2017-07-13T15:14:00+02:00\"\n                              content=\"2017-07-13T15:14:00+02:00\"\n                              property=\"datePublished\">13. Juli 2017<\/time>\n                                                <a href=\"https:\/\/www.wobcom.de\/almke-ilkerbruch-neindorf\/\" class=\"cpt-slider-link fw-500 font-family-medium\"\n                           aria-label=\"Mehr lesen\">Mehr lesen<\/a>\n                    <\/div>\n                <\/div>\n            <\/div>\n            \n            \n            \n    \n        \n                        <div class=\"card cpt-card d-flex flex-column flex-wrap\">\n                                                        <div class=\"cpt-card-image bg-image-no-repeat bg-image-cover\"\n                         style=\"background-image: url('https:\/\/www.wobcom.de\/geschaeftskunden\/wp-content\/uploads\/csm_Mobilfunkcove_b5888227ab.png');\"><\/div>\n                \n                <div class=\"d-flex flex-wrap flex-fill align-items-between\">\n                                        <div class=\"text-start font-family-bold fw-bold w-100\"\n                         property=\"headline\">Neue Mobilfunktarife mit unserem besten LTE-Netz<\/div>\n\n                    \n                    <div class=\"d-flex justify-content-between align-self-end align-items-center w-100\">\n                                                <time class=\"text-text-color font-family-light fw-light\"\n                              datetime=\"2017-04-15T08:53:48+02:00\"\n                              content=\"2017-04-15T08:53:48+02:00\"\n                              property=\"datePublished\">15. April 2017<\/time>\n                                                <a href=\"https:\/\/www.wobcom.de\/neue-mobilfunkangebote\/\" class=\"cpt-slider-link fw-500 font-family-medium\"\n                           aria-label=\"Mehr lesen\">Mehr lesen<\/a>\n                    <\/div>\n                <\/div>\n            <\/div>\n            \n            \n            \n    \n        \n                        <div class=\"card cpt-card d-flex flex-column flex-wrap\">\n                                                        <div class=\"cpt-card-image bg-image-no-repeat bg-image-cover\"\n                         style=\"background-image: url('https:\/\/www.wobcom.de\/geschaeftskunden\/wp-content\/uploads\/csm_Foto_Lampe_Schumacher2_7720003fa2.jpg');\"><\/div>\n                \n                <div class=\"d-flex flex-wrap flex-fill align-items-between\">\n                                        <div class=\"text-start font-family-bold fw-bold w-100\"\n                         property=\"headline\">Kunde werden und Verein unterst\u00fctzen<\/div>\n\n                    \n                    <div class=\"d-flex justify-content-between align-self-end align-items-center w-100\">\n                                                <time class=\"text-text-color font-family-light fw-light\"\n                              datetime=\"2017-03-05T09:15:49+01:00\"\n                              content=\"2017-03-05T09:15:49+01:00\"\n                              property=\"datePublished\">5. M\u00e4rz 2017<\/time>\n                                                <a href=\"https:\/\/www.wobcom.de\/verein-unterstuetzen\/\" class=\"cpt-slider-link fw-500 font-family-medium\"\n                           aria-label=\"Mehr lesen\">Mehr lesen<\/a>\n                    <\/div>\n                <\/div>\n            <\/div>\n            \n            \n            \n    \n\n\n\n        <\/div>\n\n                    <a href=\"https:\/\/www.wobcom.de\/geschaeftskunden\/service-news\/newsportal\/\" class=\"btn btn-primary text-center mt-11\"\n               aria-label=\"Alle anzeigen\">Alle anzeigen<\/a>\n        \n    \t\t\t\t<\/div>\n\t\t\t\t<\/div>\n\t\t\t\t\t<\/div>\n\t\t<\/div>\n\t\t\t\t\t<\/div>\n\t\t<\/section>\n\t\t\t\t<section class=\"elementor-section elementor-top-section elementor-element elementor-element-ba4dd2a elementor-section-stretched linear-gradient-cursive elementor-section-boxed elementor-section-height-default elementor-section-height-default\" data-id=\"ba4dd2a\" data-element_type=\"section\" data-e-type=\"section\" data-settings=\"{&quot;stretch_section&quot;:&quot;section-stretched&quot;}\">\n\t\t\t\t\t\t<div class=\"elementor-container elementor-column-gap-default\">\n\t\t\t\t\t<div class=\"elementor-column elementor-col-100 elementor-top-column elementor-element elementor-element-3f10bd7\" data-id=\"3f10bd7\" data-element_type=\"column\" data-e-type=\"column\">\n\t\t\t<div class=\"elementor-widget-wrap elementor-element-populated\">\n\t\t\t\t\t\t<div class=\"elementor-element elementor-element-2e118dd headline headline-small elementor-widget elementor-widget-heading\" data-id=\"2e118dd\" data-element_type=\"widget\" data-e-type=\"widget\" data-widget_type=\"heading.default\">\n\t\t\t\t<div class=\"elementor-widget-container\">\n\t\t\t\t\t<h2 class=\"elementor-heading-title elementor-size-default\">Unsere Servicecenter<\/h2>\t\t\t\t<\/div>\n\t\t\t\t<\/div>\n\t\t\t\t<div class=\"elementor-element elementor-element-4b4d744 elementor-widget elementor-widget-partner-card\" data-id=\"4b4d744\" data-element_type=\"widget\" data-e-type=\"widget\" data-settings=\"{&quot;partner_card_cards_per_view&quot;:&quot;2&quot;,&quot;partner_card_max_amount&quot;:&quot;1&quot;}\" data-widget_type=\"partner-card.default\">\n\t\t\t\t<div class=\"elementor-widget-container\">\n\t\t\t\t\t        <div class=\"row d-flex flex-wrap\">\n            \n                <div class=\"elementor-partner d-flex flex-column col-12 col-lg-6 mb-8 mb-lg-0\">\n\n                    <div class=\"partner-card partner-card-show-image card h-100\">\n\n                        \n                        <div class=\"partner-card-contact-information\">\n                                                                <h3 class=\"text-text-color fw-800 font-family-extra-bold\">Servicecenter Wolfsburg \u2013 WNT<\/h3>\n\n                                                                            <div\n                                            class=\"partner-card-image w-100 bg-image-cover bg-image-no-repeat bg-position-center\"\n                                            style=\"background-image: url('https:\/\/www.wobcom.de\/geschaeftskunden\/wp-content\/uploads\/sites\/2\/2021_09_22_WOBCOM_Webseite_ServiceNews_Geba\u0308ude_WNT.jpg')\"><\/div>\n                                    \n                                    <ul class=\"list-unstyled mb-0\">\n                                                                                    <li>\n                                                <div class=\"d-flex justify-content-start align-items-top\">\n\n                                                    \n                                                        <i class=\"fal fa-map-marker-alt text-text-color mt-1 me-2\"\n                                                           aria-hidden=\"true\"><\/i>\n                                                    \n                                                    <div>\n                                                                                                                    <p class=\"mb-0 text-text-color\">WOBCOM GmbH im WNT<\/p>\n                                                                                                                                                                            <p class=\"mb-0 text-text-color\">He\u00dflinger Strasse 1-5<\/p>\n                                                                                                                                                                            <p class=\"mb-0 text-text-color\">38440 Wolfsburg<\/p>\n                                                                                                            <\/div>\n                                                <\/div>\n                                            <\/li>\n                                                                                                                                                                            <li>\n                                                    <a class=\"d-flex justify-content-start align-items-center\"\n                                                       href=\"tel:+4953618911194\" title=\"Ruf folgende Nummer an: 05361 8911 194\"\n                                                       aria-label=\"Ruf folgende Nummer an: 05361 8911 194\" role=\"button\">\n                                                        <i class=\"fas fa-phone-alt text-text-color me-2\"\n                                                           aria-hidden=\"true\"><\/i>\n                                                        <span class=\"text-text-color\">05361 8911 194<\/span>\n                                                    <\/a>\n                                                <\/li>\n                                                                                                                                        <li>\n                                                    <div class=\"d-flex justify-content-start align-items-center\"\n                                                         title=\"Faxnummer: 05361 89 11 109\" aria-label=\"Faxnummer: 05361 89 11 109\">\n                                                        <i class=\"fas fa-fax text-text-color me-2\"\n                                                           aria-hidden=\"true\"><\/i>\n                                                        <span class=\"text-text-color\">05361 89 11 109<\/span>\n                                                    <\/div>\n                                                <\/li>\n                                                                                                                                        <li>\n                                                    <a class=\"d-flex justify-content-start align-items-center\"\n                                                       href=\"mailto:info@wobcom.de\" role=\"button\"\n                                                       title=\"E-Mail an: info@wobcom.de\" aria-label=\"E-Mail an: info@wobcom.de\">\n                                                        <i class=\"fal fa-envelope text-text-color me-2\"\n                                                           aria-hidden=\"true\"><\/i>\n                                                        <span class=\"text-text-color\">info@wobcom.de<\/span>\n                                                    <\/a>\n                                                <\/li>\n                                                                                                                                                                    <\/ul>\n\n                                                                            <hr class=\"dotted\">\n                                                                                    <ul class=\"list-unstyled row mb-3\">\n                                                <li class=\"col-auto pe-0 text-text-color opening-hours-days\">\n                                                    <span>Montag & Donnerstag<\/span>\n                                                <\/li>\n                                                <li class=\"col text-text-color text-start text-sm-end opening-hours-time\">\n                                                    <span >07:00 \u2013 18:00 Uhr<\/span>\n                                                <\/li>\n                                            <\/ul>\n                                                                                    <ul class=\"list-unstyled row mb-3\">\n                                                <li class=\"col-auto pe-0 text-text-color opening-hours-days\">\n                                                    <span>Dienstag & Mittwoch<\/span>\n                                                <\/li>\n                                                <li class=\"col text-text-color text-start text-sm-end opening-hours-time\">\n                                                    <span >07:00 \u2013 17:00 Uhr<\/span>\n                                                <\/li>\n                                            <\/ul>\n                                                                                    <ul class=\"list-unstyled row mb-3\">\n                                                <li class=\"col-auto pe-0 text-text-color opening-hours-days\">\n                                                    <span>Freitag<\/span>\n                                                <\/li>\n                                                <li class=\"col text-text-color text-start text-sm-end opening-hours-time\">\n                                                    <span >07:00 \u2013 13:00 Uhr<\/span>\n                                                <\/li>\n                                            <\/ul>\n                                                                            \n                                    \n                        <\/div>\n                    <\/div>\n\n                <\/div>\n                                    <\/div>\n        \t\t\t\t<\/div>\n\t\t\t\t<\/div>\n\t\t\t\t\t<\/div>\n\t\t<\/div>\n\t\t\t\t\t<\/div>\n\t\t<\/section>\n\t\t\t\t<section class=\"elementor-section elementor-top-section elementor-element elementor-element-7ed3ac6 elementor-section-boxed elementor-section-height-default elementor-section-height-default\" data-id=\"7ed3ac6\" data-element_type=\"section\" data-e-type=\"section\">\n\t\t\t\t\t\t<div class=\"elementor-container elementor-column-gap-default\">\n\t\t\t\t\t<div class=\"elementor-column elementor-col-100 elementor-top-column elementor-element elementor-element-8431c2c\" data-id=\"8431c2c\" data-element_type=\"column\" data-e-type=\"column\">\n\t\t\t<div class=\"elementor-widget-wrap elementor-element-populated\">\n\t\t\t\t\t\t<div class=\"elementor-element elementor-element-6cce478 elementor-widget elementor-widget-heading\" data-id=\"6cce478\" data-element_type=\"widget\" data-e-type=\"widget\" data-widget_type=\"heading.default\">\n\t\t\t\t<div class=\"elementor-widget-container\">\n\t\t\t\t\t<h2 class=\"elementor-heading-title elementor-size-default\">Kennst du schon folgende Angebote von uns?<\/h2>\t\t\t\t<\/div>\n\t\t\t\t<\/div>\n\t\t\t\t\t<\/div>\n\t\t<\/div>\n\t\t\t\t\t<\/div>\n\t\t<\/section>\n\t\t\t\t<\/div>\n\t\t","protected":false},"excerpt":{"rendered":"<p>Wir sind f\u00fcr euch da.<br \/>\nDas Serviceteam.<\/p>\n<p>Ob online, telefonisch oder pers\u00f6nlich vor Ort.<br \/>\nHier steht eine Subline zum Thema Service<\/p>\n","protected":false},"author":1,"featured_media":701,"parent":0,"menu_order":0,"comment_status":"closed","ping_status":"closed","template":"","meta":{"_relevanssi_hide_post":"","_relevanssi_hide_content":"","_relevanssi_pin_for_all":"","_relevanssi_pin_keywords":"","_relevanssi_unpin_keywords":"","_relevanssi_related_keywords":"","_relevanssi_related_include_ids":"","_relevanssi_related_exclude_ids":"","_relevanssi_related_no_append":"","_relevanssi_related_not_related":"","_relevanssi_related_posts":"","_relevanssi_noindex_reason":"","footnotes":""},"class_list":["post-36","page","type-page","status-publish","has-post-thumbnail","hentry"],"yoast_head":"<!-- This site is optimized with the Yoast SEO plugin v27.4 - https:\/\/yoast.com\/product\/yoast-seo-wordpress\/ -->\n<title>Service &amp; News - WOBCOM Gesch\u00e4ftskunden<\/title>\n<meta name=\"robots\" content=\"index, follow, max-snippet:-1, max-image-preview:large, max-video-preview:-1\" \/>\n<link rel=\"canonical\" href=\"https:\/\/www.wobcom.de\/geschaeftskunden\/service-news\/\" \/>\n<meta property=\"og:locale\" content=\"de_DE\" \/>\n<meta property=\"og:type\" content=\"article\" \/>\n<meta property=\"og:title\" content=\"Service &amp; News - WOBCOM Gesch\u00e4ftskunden\" \/>\n<meta property=\"og:description\" content=\"Wir sind f\u00fcr euch da. Das Serviceteam.  Ob online, telefonisch oder pers\u00f6nlich vor Ort.  Hier steht eine Subline zum Thema Service\" \/>\n<meta property=\"og:url\" content=\"https:\/\/www.wobcom.de\/geschaeftskunden\/service-news\/\" \/>\n<meta property=\"og:site_name\" content=\"WOBCOM Gesch\u00e4ftskunden\" \/>\n<meta property=\"article:modified_time\" content=\"2025-03-14T14:02:22+00:00\" \/>\n<meta name=\"twitter:card\" content=\"summary_large_image\" \/>\n<meta name=\"twitter:label1\" content=\"Gesch\u00e4tzte Lesezeit\" \/>\n\t<meta name=\"twitter:data1\" content=\"37\u00a0Minuten\" \/>\n<script type=\"application\/ld+json\" class=\"yoast-schema-graph\">{\"@context\":\"https:\\\/\\\/schema.org\",\"@graph\":[{\"@type\":\"WebPage\",\"@id\":\"https:\\\/\\\/www.wobcom.de\\\/geschaeftskunden\\\/service-news\\\/\",\"url\":\"https:\\\/\\\/www.wobcom.de\\\/geschaeftskunden\\\/service-news\\\/\",\"name\":\"Service &amp; News - WOBCOM Gesch\u00e4ftskunden\",\"isPartOf\":{\"@id\":\"https:\\\/\\\/www.wobcom.de\\\/geschaeftskunden\\\/#website\"},\"primaryImageOfPage\":{\"@id\":\"https:\\\/\\\/www.wobcom.de\\\/geschaeftskunden\\\/service-news\\\/#primaryimage\"},\"image\":{\"@id\":\"https:\\\/\\\/www.wobcom.de\\\/geschaeftskunden\\\/service-news\\\/#primaryimage\"},\"thumbnailUrl\":\"https:\\\/\\\/www.wobcom.de\\\/geschaeftskunden\\\/wp-content\\\/uploads\\\/sites\\\/2\\\/WOBCOM_Webseite_ServiceNews_Header-4.svg\",\"datePublished\":\"2021-08-11T08:50:46+00:00\",\"dateModified\":\"2025-03-14T14:02:22+00:00\",\"breadcrumb\":{\"@id\":\"https:\\\/\\\/www.wobcom.de\\\/geschaeftskunden\\\/service-news\\\/#breadcrumb\"},\"inLanguage\":\"de\",\"potentialAction\":[{\"@type\":\"ReadAction\",\"target\":[\"https:\\\/\\\/www.wobcom.de\\\/geschaeftskunden\\\/service-news\\\/\"]}]},{\"@type\":\"ImageObject\",\"inLanguage\":\"de\",\"@id\":\"https:\\\/\\\/www.wobcom.de\\\/geschaeftskunden\\\/service-news\\\/#primaryimage\",\"url\":\"https:\\\/\\\/www.wobcom.de\\\/geschaeftskunden\\\/wp-content\\\/uploads\\\/sites\\\/2\\\/WOBCOM_Webseite_ServiceNews_Header-4.svg\",\"contentUrl\":\"https:\\\/\\\/www.wobcom.de\\\/geschaeftskunden\\\/wp-content\\\/uploads\\\/sites\\\/2\\\/WOBCOM_Webseite_ServiceNews_Header-4.svg\",\"width\":934,\"height\":450},{\"@type\":\"BreadcrumbList\",\"@id\":\"https:\\\/\\\/www.wobcom.de\\\/geschaeftskunden\\\/service-news\\\/#breadcrumb\",\"itemListElement\":[{\"@type\":\"ListItem\",\"position\":1,\"name\":\"Startseite\",\"item\":\"https:\\\/\\\/www.wobcom.de\\\/geschaeftskunden\\\/\"},{\"@type\":\"ListItem\",\"position\":2,\"name\":\"Service &amp; News\"}]},{\"@type\":\"WebSite\",\"@id\":\"https:\\\/\\\/www.wobcom.de\\\/geschaeftskunden\\\/#website\",\"url\":\"https:\\\/\\\/www.wobcom.de\\\/geschaeftskunden\\\/\",\"name\":\"WOBCOM Gesch\u00e4ftskunden\",\"description\":\"Telefon und Internet, Mobilfunk, TV f\u00fcr Wolfsburg und die Region\",\"publisher\":{\"@id\":\"https:\\\/\\\/www.wobcom.de\\\/geschaeftskunden\\\/#organization\"},\"potentialAction\":[{\"@type\":\"SearchAction\",\"target\":{\"@type\":\"EntryPoint\",\"urlTemplate\":\"https:\\\/\\\/www.wobcom.de\\\/geschaeftskunden\\\/?s={search_term_string}\"},\"query-input\":{\"@type\":\"PropertyValueSpecification\",\"valueRequired\":true,\"valueName\":\"search_term_string\"}}],\"inLanguage\":\"de\"},{\"@type\":\"Organization\",\"@id\":\"https:\\\/\\\/www.wobcom.de\\\/geschaeftskunden\\\/#organization\",\"name\":\"WOBCOM GmbH\",\"url\":\"https:\\\/\\\/www.wobcom.de\\\/geschaeftskunden\\\/\",\"logo\":{\"@type\":\"ImageObject\",\"inLanguage\":\"de\",\"@id\":\"https:\\\/\\\/www.wobcom.de\\\/geschaeftskunden\\\/#\\\/schema\\\/logo\\\/image\\\/\",\"url\":\"https:\\\/\\\/www.wobcom.de\\\/geschaeftskunden\\\/wp-content\\\/uploads\\\/sites\\\/2\\\/WOBCOM_Logo.svg\",\"contentUrl\":\"https:\\\/\\\/www.wobcom.de\\\/geschaeftskunden\\\/wp-content\\\/uploads\\\/sites\\\/2\\\/WOBCOM_Logo.svg\",\"width\":795,\"height\":831,\"caption\":\"WOBCOM GmbH\"},\"image\":{\"@id\":\"https:\\\/\\\/www.wobcom.de\\\/geschaeftskunden\\\/#\\\/schema\\\/logo\\\/image\\\/\"}}]}<\/script>\n<!-- \/ Yoast SEO plugin. -->","yoast_head_json":{"title":"Service &amp; News - WOBCOM Gesch\u00e4ftskunden","robots":{"index":"index","follow":"follow","max-snippet":"max-snippet:-1","max-image-preview":"max-image-preview:large","max-video-preview":"max-video-preview:-1"},"canonical":"https:\/\/www.wobcom.de\/geschaeftskunden\/service-news\/","og_locale":"de_DE","og_type":"article","og_title":"Service &amp; News - WOBCOM Gesch\u00e4ftskunden","og_description":"Wir sind f\u00fcr euch da. Das Serviceteam.  Ob online, telefonisch oder pers\u00f6nlich vor Ort.  Hier steht eine Subline zum Thema Service","og_url":"https:\/\/www.wobcom.de\/geschaeftskunden\/service-news\/","og_site_name":"WOBCOM Gesch\u00e4ftskunden","article_modified_time":"2025-03-14T14:02:22+00:00","twitter_card":"summary_large_image","twitter_misc":{"Gesch\u00e4tzte Lesezeit":"37\u00a0Minuten"},"schema":{"@context":"https:\/\/schema.org","@graph":[{"@type":"WebPage","@id":"https:\/\/www.wobcom.de\/geschaeftskunden\/service-news\/","url":"https:\/\/www.wobcom.de\/geschaeftskunden\/service-news\/","name":"Service &amp; News - WOBCOM Gesch\u00e4ftskunden","isPartOf":{"@id":"https:\/\/www.wobcom.de\/geschaeftskunden\/#website"},"primaryImageOfPage":{"@id":"https:\/\/www.wobcom.de\/geschaeftskunden\/service-news\/#primaryimage"},"image":{"@id":"https:\/\/www.wobcom.de\/geschaeftskunden\/service-news\/#primaryimage"},"thumbnailUrl":"https:\/\/www.wobcom.de\/geschaeftskunden\/wp-content\/uploads\/sites\/2\/WOBCOM_Webseite_ServiceNews_Header-4.svg","datePublished":"2021-08-11T08:50:46+00:00","dateModified":"2025-03-14T14:02:22+00:00","breadcrumb":{"@id":"https:\/\/www.wobcom.de\/geschaeftskunden\/service-news\/#breadcrumb"},"inLanguage":"de","potentialAction":[{"@type":"ReadAction","target":["https:\/\/www.wobcom.de\/geschaeftskunden\/service-news\/"]}]},{"@type":"ImageObject","inLanguage":"de","@id":"https:\/\/www.wobcom.de\/geschaeftskunden\/service-news\/#primaryimage","url":"https:\/\/www.wobcom.de\/geschaeftskunden\/wp-content\/uploads\/sites\/2\/WOBCOM_Webseite_ServiceNews_Header-4.svg","contentUrl":"https:\/\/www.wobcom.de\/geschaeftskunden\/wp-content\/uploads\/sites\/2\/WOBCOM_Webseite_ServiceNews_Header-4.svg","width":934,"height":450},{"@type":"BreadcrumbList","@id":"https:\/\/www.wobcom.de\/geschaeftskunden\/service-news\/#breadcrumb","itemListElement":[{"@type":"ListItem","position":1,"name":"Startseite","item":"https:\/\/www.wobcom.de\/geschaeftskunden\/"},{"@type":"ListItem","position":2,"name":"Service &amp; News"}]},{"@type":"WebSite","@id":"https:\/\/www.wobcom.de\/geschaeftskunden\/#website","url":"https:\/\/www.wobcom.de\/geschaeftskunden\/","name":"WOBCOM Gesch\u00e4ftskunden","description":"Telefon und Internet, Mobilfunk, TV f\u00fcr Wolfsburg und die Region","publisher":{"@id":"https:\/\/www.wobcom.de\/geschaeftskunden\/#organization"},"potentialAction":[{"@type":"SearchAction","target":{"@type":"EntryPoint","urlTemplate":"https:\/\/www.wobcom.de\/geschaeftskunden\/?s={search_term_string}"},"query-input":{"@type":"PropertyValueSpecification","valueRequired":true,"valueName":"search_term_string"}}],"inLanguage":"de"},{"@type":"Organization","@id":"https:\/\/www.wobcom.de\/geschaeftskunden\/#organization","name":"WOBCOM GmbH","url":"https:\/\/www.wobcom.de\/geschaeftskunden\/","logo":{"@type":"ImageObject","inLanguage":"de","@id":"https:\/\/www.wobcom.de\/geschaeftskunden\/#\/schema\/logo\/image\/","url":"https:\/\/www.wobcom.de\/geschaeftskunden\/wp-content\/uploads\/sites\/2\/WOBCOM_Logo.svg","contentUrl":"https:\/\/www.wobcom.de\/geschaeftskunden\/wp-content\/uploads\/sites\/2\/WOBCOM_Logo.svg","width":795,"height":831,"caption":"WOBCOM GmbH"},"image":{"@id":"https:\/\/www.wobcom.de\/geschaeftskunden\/#\/schema\/logo\/image\/"}}]}},"_links":{"self":[{"href":"https:\/\/www.wobcom.de\/geschaeftskunden\/wp-json\/wp\/v2\/pages\/36","targetHints":{"allow":["GET"]}}],"collection":[{"href":"https:\/\/www.wobcom.de\/geschaeftskunden\/wp-json\/wp\/v2\/pages"}],"about":[{"href":"https:\/\/www.wobcom.de\/geschaeftskunden\/wp-json\/wp\/v2\/types\/page"}],"author":[{"embeddable":true,"href":"https:\/\/www.wobcom.de\/geschaeftskunden\/wp-json\/wp\/v2\/users\/1"}],"replies":[{"embeddable":true,"href":"https:\/\/www.wobcom.de\/geschaeftskunden\/wp-json\/wp\/v2\/comments?post=36"}],"version-history":[{"count":9,"href":"https:\/\/www.wobcom.de\/geschaeftskunden\/wp-json\/wp\/v2\/pages\/36\/revisions"}],"predecessor-version":[{"id":5158,"href":"https:\/\/www.wobcom.de\/geschaeftskunden\/wp-json\/wp\/v2\/pages\/36\/revisions\/5158"}],"wp:featuredmedia":[{"embeddable":true,"href":"https:\/\/www.wobcom.de\/geschaeftskunden\/wp-json\/wp\/v2\/media\/701"}],"wp:attachment":[{"href":"https:\/\/www.wobcom.de\/geschaeftskunden\/wp-json\/wp\/v2\/media?parent=36"}],"curies":[{"name":"wp","href":"https:\/\/api.w.org\/{rel}","templated":true}]}}